{"id":25094,"date":"2023-08-02T13:58:43","date_gmt":"2023-08-02T18:58:43","guid":{"rendered":"https:\/\/timestco.com\/?page_id=25094"},"modified":"2026-04-23T18:14:19","modified_gmt":"2026-04-23T23:14:19","slug":"inicio","status":"publish","type":"page","link":"https:\/\/timestco.com\/","title":{"rendered":"Inicio"},"content":{"rendered":"\n<p><\/p>\n\n\n\n<p><\/p>\n\n\n<style>.kb-row-layout-id25094_7603b3-82 > .kt-row-column-wrap{align-content:start;}:where(.kb-row-layout-id25094_7603b3-82 > .kt-row-column-wrap) > .wp-block-kadence-column{justify-content:start;}.kb-row-layout-id25094_7603b3-82 > .kt-row-column-wrap{column-gap:var(--global-kb-gap-md, 2rem);row-gap:var(--global-kb-gap-md, 2rem);max-width:var( --global-content-width, 1290px );padding-left:var(--global-content-edge-padding);padding-right:var(--global-content-edge-padding);padding-top:var(--global-kb-spacing-xl, 4rem);padding-bottom:var(--global-kb-spacing-lg, 3rem);grid-template-columns:minmax(0, 1fr);}.kb-row-layout-id25094_7603b3-82 > .kt-row-layout-overlay{opacity:0.30;mix-blend-mode:luminosity;}@media all and (max-width: 1024px){.kb-row-layout-id25094_7603b3-82 > .kt-row-column-wrap{grid-template-columns:minmax(0, 1fr);}}@media all and (max-width: 767px){.kb-row-layout-id25094_7603b3-82 > .kt-row-column-wrap{grid-template-columns:minmax(0, 1fr);}}<\/style><div class=\"kb-row-layout-wrap kb-row-layout-id25094_7603b3-82 alignfull has-theme-palette9-background-color kt-row-has-bg wp-block-kadence-rowlayout\"><div class=\"kt-blocks-carousel kb-blocks-bg-slider kt-carousel-container-dotstyle-dark\"><div class=\"kt-blocks-carousel-init kb-blocks-bg-slider-init kt-carousel-arrowstyle-none kt-carousel-dotstyle-dark\" data-slider-anim-speed=\"400\" data-slider-type=\"slider\" data-slider-scroll=\"1\" data-slider-arrows=\"false\" data-slider-fade=\"true\" data-slider-dots=\"true\" data-slider-hover-pause=\"false\" data-slider-auto=\"true\" data-slider-speed=\"5000\"><div class=\"kb-bg-slide-contain\"><div class=\"kb-bg-slide kb-bg-slide-0\" style=\"background-color:#eeeeee; background-image:url(https:\/\/timestco.com\/wp-content\/uploads\/2024\/10\/portada2024.jpeg); background-size:cover; background-position:center center; background-repeat:no-repeat;\"><\/div><\/div><div class=\"kb-bg-slide-contain\"><div class=\"kb-bg-slide kb-bg-slide-1\" style=\"background-image:url(https:\/\/timestco.com\/wp-content\/uploads\/2023\/07\/DB1A0737-7508-44ED-93A8-18480D5751EE.jpg); background-size:cover; background-position:center center; background-repeat:no-repeat;\"><\/div><\/div><div class=\"kb-bg-slide-contain\"><div class=\"kb-bg-slide kb-bg-slide-2\" style=\"background-image:url(https:\/\/timestco.com\/wp-content\/uploads\/2024\/10\/portada2024.jpeg); background-size:cover; background-position:center center; background-repeat:no-repeat;\"><\/div><\/div><div class=\"kb-bg-slide-contain\"><div class=\"kb-bg-slide kb-bg-slide-3\" style=\"background-image:url(https:\/\/timestco.com\/wp-content\/uploads\/2023\/08\/MTB_sachica.jpg); background-size:cover; background-position:center center; background-repeat:no-repeat;\"><\/div><\/div><div class=\"kb-bg-slide-contain\"><div class=\"kb-bg-slide kb-bg-slide-4\" style=\"background-image:url(https:\/\/timestco.com\/wp-content\/uploads\/2023\/07\/foto3.jpg); background-size:cover; background-position:center center; background-repeat:no-repeat;\"><\/div><\/div><\/div><\/div><div class=\"kt-row-column-wrap kt-has-1-columns kt-row-layout-equal kt-tab-layout-inherit kt-mobile-layout-row kt-row-valign-top kb-theme-content-width\">\n<style>.kadence-column25094_624db2-75 > .kt-inside-inner-col{padding-bottom:0px;}.kadence-column25094_624db2-75 > .kt-inside-inner-col,.kadence-column25094_624db2-75 > .kt-inside-inner-col:before{border-top-left-radius:0px;border-top-right-radius:0px;border-bottom-right-radius:0px;border-bottom-left-radius:0px;}.kadence-column25094_624db2-75 > .kt-inside-inner-col{column-gap:var(--global-kb-gap-sm, 1rem);}.kadence-column25094_624db2-75 > .kt-inside-inner-col{flex-direction:column;}.kadence-column25094_624db2-75 > .kt-inside-inner-col > .aligncenter{width:100%;}.kadence-column25094_624db2-75 > .kt-inside-inner-col{background-image:linear-gradient(184deg,rgba(255,255,255,0.9) 0%,rgba(255,255,255,0.9) 100%);}.kadence-column25094_624db2-75 > .kt-inside-inner-col:before{opacity:0.59;mix-blend-mode:darken;}.kadence-column25094_624db2-75{text-align:center;}.kadence-column25094_624db2-75{position:relative;}.kadence-column25094_624db2-75, .kt-inside-inner-col > .kadence-column25094_624db2-75:not(.specificity){margin-right:var(--global-kb-spacing-3xl, 6.5rem);margin-left:var(--global-kb-spacing-3xl, 6.5rem);}@media all and (max-width: 1024px){.kadence-column25094_624db2-75 > .kt-inside-inner-col{flex-direction:column;justify-content:center;}}@media all and (max-width: 1024px){.kadence-column25094_624db2-75, .kt-inside-inner-col > .kadence-column25094_624db2-75:not(.specificity){margin-right:var(--global-kb-spacing-md, 2rem);margin-left:var(--global-kb-spacing-md, 2rem);}}@media all and (max-width: 767px){.kadence-column25094_624db2-75 > .kt-inside-inner-col{flex-direction:column;justify-content:center;}.kadence-column25094_624db2-75, .kt-inside-inner-col > .kadence-column25094_624db2-75:not(.specificity){margin-right:0px;margin-left:0px;}}<\/style>\n<div class=\"wp-block-kadence-column kadence-column25094_624db2-75\"><div class=\"kt-inside-inner-col\"><style>.wp-block-kadence-advancedheading.kt-adv-heading25094_64863a-dc, .wp-block-kadence-advancedheading.kt-adv-heading25094_64863a-dc[data-kb-block=\"kb-adv-heading25094_64863a-dc\"]{text-align:center;font-size:var(--global-kb-font-size-md, 1.25rem);font-style:normal;text-transform:uppercase;background-color:rgba(253,253,253,0.83);text-shadow:1px 1px 1px rgba(0,0,0,0.35);}.wp-block-kadence-advancedheading.kt-adv-heading25094_64863a-dc mark.kt-highlight, .wp-block-kadence-advancedheading.kt-adv-heading25094_64863a-dc[data-kb-block=\"kb-adv-heading25094_64863a-dc\"] mark.kt-highlight{font-style:normal;color:#f76a0c;-webkit-box-decoration-break:clone;box-decoration-break:clone;padding-top:0px;padding-right:0px;padding-bottom:0px;padding-left:0px;}@media all and (max-width: 1024px){.wp-block-kadence-advancedheading.kt-adv-heading25094_64863a-dc, .wp-block-kadence-advancedheading.kt-adv-heading25094_64863a-dc[data-kb-block=\"kb-adv-heading25094_64863a-dc\"]{text-shadow:1px 1px 1px rgba(0,0,0,0.35);}}@media all and (max-width: 767px){.wp-block-kadence-advancedheading.kt-adv-heading25094_64863a-dc, .wp-block-kadence-advancedheading.kt-adv-heading25094_64863a-dc[data-kb-block=\"kb-adv-heading25094_64863a-dc\"]{text-shadow:1px 1px 1px rgba(0,0,0,0.35);}}<\/style>\n<div class=\"kt-adv-heading25094_64863a-dc wp-block-kadence-advancedheading has-theme-palette-3-color has-text-color\" data-kb-block=\"kb-adv-heading25094_64863a-dc\">\u00a1Bienvenido A TIMEST COLOMBIA!<\/div>\n\n\n\n<p><\/p>\n\n\n<style>.wp-block-kadence-advancedheading.kt-adv-heading25094_a9bff6-05, .wp-block-kadence-advancedheading.kt-adv-heading25094_a9bff6-05[data-kb-block=\"kb-adv-heading25094_a9bff6-05\"]{font-style:normal;background-color:rgba(255,255,255,0);}.wp-block-kadence-advancedheading.kt-adv-heading25094_a9bff6-05 mark.kt-highlight, .wp-block-kadence-advancedheading.kt-adv-heading25094_a9bff6-05[data-kb-block=\"kb-adv-heading25094_a9bff6-05\"] mark.kt-highlight{font-style:normal;color:#f76a0c;-webkit-box-decoration-break:clone;box-decoration-break:clone;padding-top:0px;padding-right:0px;padding-bottom:0px;padding-left:0px;}<\/style>\n<p class=\"kt-adv-heading25094_a9bff6-05 wp-block-kadence-advancedheading has-theme-palette-3-color has-text-color\" data-kb-block=\"kb-adv-heading25094_a9bff6-05\">La empresa l\u00edder en servicios de cronometraje electr\u00f3nico para todo tipo de eventos deportivos en cualquier lugar del pa\u00eds. <\/p>\n\n\n<style>.wp-block-kadence-advancedheading.kt-adv-heading25094_c5b5a7-c7, .wp-block-kadence-advancedheading.kt-adv-heading25094_c5b5a7-c7[data-kb-block=\"kb-adv-heading25094_c5b5a7-c7\"]{font-style:normal;background-color:rgba(255,255,255,0);}.wp-block-kadence-advancedheading.kt-adv-heading25094_c5b5a7-c7 mark.kt-highlight, .wp-block-kadence-advancedheading.kt-adv-heading25094_c5b5a7-c7[data-kb-block=\"kb-adv-heading25094_c5b5a7-c7\"] mark.kt-highlight{font-style:normal;color:#f76a0c;-webkit-box-decoration-break:clone;box-decoration-break:clone;padding-top:0px;padding-right:0px;padding-bottom:0px;padding-left:0px;}<\/style>\n<p class=\"kt-adv-heading25094_c5b5a7-c7 wp-block-kadence-advancedheading has-theme-palette-3-color has-text-color\" data-kb-block=\"kb-adv-heading25094_c5b5a7-c7\">Nos enorgullece ser parte de innumerables competencias, desde eventos nacientes en su primera edici\u00f3n, hasta grandes carreras con asistencia internacional.<\/p>\n\n\n<style>.wp-block-kadence-advancedheading.kt-adv-heading25094_284f38-7a, .wp-block-kadence-advancedheading.kt-adv-heading25094_284f38-7a[data-kb-block=\"kb-adv-heading25094_284f38-7a\"]{font-style:normal;background-color:rgba(255,255,255,0);}.wp-block-kadence-advancedheading.kt-adv-heading25094_284f38-7a mark.kt-highlight, .wp-block-kadence-advancedheading.kt-adv-heading25094_284f38-7a[data-kb-block=\"kb-adv-heading25094_284f38-7a\"] mark.kt-highlight{font-style:normal;color:#f76a0c;-webkit-box-decoration-break:clone;box-decoration-break:clone;padding-top:0px;padding-right:0px;padding-bottom:0px;padding-left:0px;}<\/style>\n<p class=\"kt-adv-heading25094_284f38-7a wp-block-kadence-advancedheading has-theme-palette-3-color has-text-color\" data-kb-block=\"kb-adv-heading25094_284f38-7a\">\ud83c\udfc5Nuestra avanzada tecnolog\u00eda de cronometraje garantiza resultados precisos y confiables, brindando una experiencia de competencia justa y emocionante para todos los participantes.<\/p>\n\n\n\n<p class=\"has-theme-palette-5-color has-text-color\"><em><strong>!Ellos decidieron hacer equipo con nosotros y sus eventos lograron el \u00e9xito! \u00bfTu qu\u00e9 esperas?<\/strong><\/em> <\/p>\n\n\n<style>.kb-gallery-id-25094_d653cc-93.kb-gallery-ul.kb-gallery-type-fluidcarousel .kt-blocks-carousel figure .kb-gal-image-radius, .kb-gallery-id-25094_d653cc-93.kb-gallery-ul.kb-gallery-type-fluidcarousel .kt-blocks-carousel figure .kb-gal-image-radius img{height:160px;}.kb-gallery-id-25094_d653cc-93 .kadence-blocks-gallery-item .kb-gal-image-radius, .kb-gallery-id-25094_d653cc-93 .kb-slide-item .kb-gal-image-radius img{border-radius:0px 0px 0px 0px;;}.kb-gallery-wrap-id-25094_d653cc-93.wp-block-kadence-advancedgallery{overflow:visible;}.kb-gallery-wrap-id-25094_d653cc-93.wp-block-kadence-advancedgallery .kt-blocks-carousel{overflow:visible;max-width:100%;}<\/style><div class=\"kb-gallery-wrap-id-25094_d653cc-93 alignnone wp-block-kadence-advancedgallery\"><div class=\"kb-gallery-ul kb-gallery-non-static kb-gallery-type-fluidcarousel kb-gallery-id-25094_d653cc-93 kb-gallery-caption-style-bottom-hover kb-gallery-filter-none\" data-image-filter=\"none\" data-lightbox-caption=\"true\"><div class=\"kt-blocks-carousel kt-carousel-container-dotstyle-outlinelight\"><div class=\"kt-blocks-carousel-init kb-blocks-fluid-carousel kt-carousel-arrowstyle-blackonlight kt-carousel-dotstyle-outlinelight kb-slider-group-arrow kb-slider-arrow-position-center\" data-slider-anim-speed=\"300\" data-slider-scroll=\"1\" data-slider-arrows=\"true\" data-slider-dots=\"true\" data-slider-hover-pause=\"false\" data-slider-auto=\"1\" data-slider-speed=\"5000\" data-slider-type=\"fluidcarousel\" data-slider-center-mode=\"true\" data-slider-gap=\"10px\" data-slider-gap-tablet=\"10px\" data-slider-gap-mobile=\"10px\"><div class=\"kb-slide-item kb-gallery-carousel-item\"><div class=\"kadence-blocks-gallery-item\"><div class=\"kadence-blocks-gallery-item-inner\"><figure class=\"kb-gallery-figure kadence-blocks-gallery-item-hide-caption\" \"><div class=\"kb-gal-image-radius\"><div class=\"kb-gallery-image-contain\" ><img loading=\"lazy\" decoding=\"async\" src=\"https:\/\/timestco.com\/wp-content\/uploads\/2023\/07\/logo_timest-3.jpg\" width=\"109\" height=\"112\" alt=\"Timest Colombia cronometraje y organizaci\u00f3n de eventos deportivos en Colombia\" data-full-image=\"https:\/\/timestco.com\/wp-content\/uploads\/2023\/07\/logo_timest-3.jpg\" data-light-image=\"https:\/\/timestco.com\/wp-content\/uploads\/2023\/07\/logo_timest-3.jpg\" data-id=\"24960\" class=\"wp-image-24960 skip-lazy\"\/><\/div><\/div><\/figure><\/div><\/div><\/div><div class=\"kb-slide-item kb-gallery-carousel-item\"><div class=\"kadence-blocks-gallery-item\"><div class=\"kadence-blocks-gallery-item-inner\"><figure class=\"kb-gallery-figure kadence-blocks-gallery-item-hide-caption\" \"><div class=\"kb-gal-image-radius\"><div class=\"kb-gallery-image-contain\" ><img loading=\"lazy\" decoding=\"async\" src=\"https:\/\/timestco.com\/wp-content\/uploads\/2026\/04\/logoCS2.png\" width=\"416\" height=\"166\" alt=\"Corramos por un sue\u00f1o 3K - 5K -10K 2026 La Uni\u00f3n - Timest Colombia\" data-full-image=\"https:\/\/timestco.com\/wp-content\/uploads\/2026\/04\/logoCS2.png\" data-light-image=\"https:\/\/timestco.com\/wp-content\/uploads\/2026\/04\/logoCS2.png\" data-id=\"27148\" class=\"wp-image-27148 skip-lazy\" srcset=\"https:\/\/timestco.com\/wp-content\/uploads\/2026\/04\/logoCS2.png 416w, https:\/\/timestco.com\/wp-content\/uploads\/2026\/04\/logoCS2-300x120.png 300w, https:\/\/timestco.com\/wp-content\/uploads\/2026\/04\/logoCS2-200x80.png 200w\" sizes=\"(max-width: 416px) 100vw, 416px\" \/><\/div><\/div><\/figure><\/div><\/div><\/div><div class=\"kb-slide-item kb-gallery-carousel-item\"><div class=\"kadence-blocks-gallery-item\"><div class=\"kadence-blocks-gallery-item-inner\"><figure class=\"kb-gallery-figure kadence-blocks-gallery-item-hide-caption\" \"><div class=\"kb-gal-image-radius\"><div class=\"kb-gallery-image-contain\" ><img loading=\"lazy\" decoding=\"async\" src=\"https:\/\/timestco.com\/wp-content\/uploads\/2026\/04\/Logo_CERVELO2.png\" width=\"288\" height=\"247\" alt=\"La m\u00e1s r\u00e1pida Cervelo Edici\u00f3n Pereira 2026 - Timest Colombia\" data-full-image=\"https:\/\/timestco.com\/wp-content\/uploads\/2026\/04\/Logo_CERVELO2.png\" data-light-image=\"https:\/\/timestco.com\/wp-content\/uploads\/2026\/04\/Logo_CERVELO2.png\" data-id=\"27143\" class=\"wp-image-27143 skip-lazy\" srcset=\"https:\/\/timestco.com\/wp-content\/uploads\/2026\/04\/Logo_CERVELO2.png 288w, https:\/\/timestco.com\/wp-content\/uploads\/2026\/04\/Logo_CERVELO2-200x172.png 200w\" sizes=\"(max-width: 288px) 100vw, 288px\" \/><\/div><\/div><\/figure><\/div><\/div><\/div><div class=\"kb-slide-item kb-gallery-carousel-item\"><div class=\"kadence-blocks-gallery-item\"><div class=\"kadence-blocks-gallery-item-inner\"><figure class=\"kb-gallery-figure kadence-blocks-gallery-item-hide-caption\" \"><div class=\"kb-gal-image-radius\"><div class=\"kb-gallery-image-contain\" ><img loading=\"lazy\" decoding=\"async\" src=\"https:\/\/timestco.com\/wp-content\/uploads\/2026\/04\/Logo_princesaluchima.jpg\" width=\"408\" height=\"199\" alt=\"Carrera atl\u00e9tica Princesa Luchima 2026, Mariquita, Tolima - Timest Colombia 2026\" data-full-image=\"https:\/\/timestco.com\/wp-content\/uploads\/2026\/04\/Logo_princesaluchima.jpg\" data-light-image=\"https:\/\/timestco.com\/wp-content\/uploads\/2026\/04\/Logo_princesaluchima.jpg\" data-id=\"27134\" class=\"wp-image-27134 skip-lazy\" srcset=\"https:\/\/timestco.com\/wp-content\/uploads\/2026\/04\/Logo_princesaluchima.jpg 408w, https:\/\/timestco.com\/wp-content\/uploads\/2026\/04\/Logo_princesaluchima-300x146.jpg 300w, https:\/\/timestco.com\/wp-content\/uploads\/2026\/04\/Logo_princesaluchima-200x98.jpg 200w\" sizes=\"(max-width: 408px) 100vw, 408px\" \/><\/div><\/div><\/figure><\/div><\/div><\/div><div class=\"kb-slide-item kb-gallery-carousel-item\"><div class=\"kadence-blocks-gallery-item\"><div class=\"kadence-blocks-gallery-item-inner\"><figure class=\"kb-gallery-figure kadence-blocks-gallery-item-hide-caption\" \"><div class=\"kb-gal-image-radius\"><div class=\"kb-gallery-image-contain\" ><img loading=\"lazy\" decoding=\"async\" src=\"https:\/\/timestco.com\/wp-content\/uploads\/2026\/03\/LogoEMCF.png\" width=\"498\" height=\"501\" alt=\"Entre Monta\u00f1as cafeteras Run 2026 Marquetalia, Caldas - Timest Colombia\" data-full-image=\"https:\/\/timestco.com\/wp-content\/uploads\/2026\/03\/LogoEMCF.png\" data-light-image=\"https:\/\/timestco.com\/wp-content\/uploads\/2026\/03\/LogoEMCF.png\" data-id=\"27114\" class=\"wp-image-27114 skip-lazy\" srcset=\"https:\/\/timestco.com\/wp-content\/uploads\/2026\/03\/LogoEMCF.png 498w, https:\/\/timestco.com\/wp-content\/uploads\/2026\/03\/LogoEMCF-298x300.png 298w, https:\/\/timestco.com\/wp-content\/uploads\/2026\/03\/LogoEMCF-150x150.png 150w, https:\/\/timestco.com\/wp-content\/uploads\/2026\/03\/LogoEMCF-200x201.png 200w\" sizes=\"(max-width: 498px) 100vw, 498px\" \/><\/div><\/div><\/figure><\/div><\/div><\/div><div class=\"kb-slide-item kb-gallery-carousel-item\"><div class=\"kadence-blocks-gallery-item\"><div class=\"kadence-blocks-gallery-item-inner\"><figure class=\"kb-gallery-figure kadence-blocks-gallery-item-hide-caption\" \"><div class=\"kb-gal-image-radius\"><div class=\"kb-gallery-image-contain\" ><img loading=\"lazy\" decoding=\"async\" src=\"https:\/\/timestco.com\/wp-content\/uploads\/2026\/03\/MITICA_2026-logomediano.png\" width=\"245\" height=\"290\" alt=\"M\u00edtica M\u00e1rat\u00f3n Race 2026 - Guatap\u00e9, Antioquia - Timest Colombia\" data-full-image=\"https:\/\/timestco.com\/wp-content\/uploads\/2026\/03\/MITICA_2026-logomediano.png\" data-light-image=\"https:\/\/timestco.com\/wp-content\/uploads\/2026\/03\/MITICA_2026-logomediano.png\" data-id=\"27097\" class=\"wp-image-27097 skip-lazy\" srcset=\"https:\/\/timestco.com\/wp-content\/uploads\/2026\/03\/MITICA_2026-logomediano.png 245w, https:\/\/timestco.com\/wp-content\/uploads\/2026\/03\/MITICA_2026-logomediano-200x237.png 200w\" sizes=\"(max-width: 245px) 100vw, 245px\" \/><\/div><\/div><\/figure><\/div><\/div><\/div><div class=\"kb-slide-item kb-gallery-carousel-item\"><div class=\"kadence-blocks-gallery-item\"><div class=\"kadence-blocks-gallery-item-inner\"><figure class=\"kb-gallery-figure kadence-blocks-gallery-item-hide-caption\" \"><div class=\"kb-gal-image-radius\"><div class=\"kb-gallery-image-contain\" ><img loading=\"lazy\" decoding=\"async\" src=\"https:\/\/timestco.com\/wp-content\/uploads\/2026\/03\/7C.png\" width=\"500\" height=\"500\" alt=\"Reto Andes 7C MTB 2026 , Andes Antioquia - Timest Colombia\" data-full-image=\"https:\/\/timestco.com\/wp-content\/uploads\/2026\/03\/7C.png\" data-light-image=\"https:\/\/timestco.com\/wp-content\/uploads\/2026\/03\/7C.png\" data-id=\"27078\" class=\"wp-image-27078 skip-lazy\" srcset=\"https:\/\/timestco.com\/wp-content\/uploads\/2026\/03\/7C.png 500w, https:\/\/timestco.com\/wp-content\/uploads\/2026\/03\/7C-300x300.png 300w, https:\/\/timestco.com\/wp-content\/uploads\/2026\/03\/7C-150x150.png 150w, https:\/\/timestco.com\/wp-content\/uploads\/2026\/03\/7C-200x200.png 200w\" sizes=\"(max-width: 500px) 100vw, 500px\" \/><\/div><\/div><\/figure><\/div><\/div><\/div><div class=\"kb-slide-item kb-gallery-carousel-item\"><div class=\"kadence-blocks-gallery-item\"><div class=\"kadence-blocks-gallery-item-inner\"><figure class=\"kb-gallery-figure kadence-blocks-gallery-item-hide-caption\" \"><div class=\"kb-gal-image-radius\"><div class=\"kb-gallery-image-contain\" ><img loading=\"lazy\" decoding=\"async\" src=\"https:\/\/timestco.com\/wp-content\/uploads\/2026\/03\/mb-removebg-preview.png\" width=\"290\" height=\"153\" alt=\"Mujer Berraca 3.0 2026 Piedecuesta Santander - Timest Colombia\" data-full-image=\"https:\/\/timestco.com\/wp-content\/uploads\/2026\/03\/mb-removebg-preview.png\" data-light-image=\"https:\/\/timestco.com\/wp-content\/uploads\/2026\/03\/mb-removebg-preview.png\" data-id=\"27075\" class=\"wp-image-27075 skip-lazy\" srcset=\"https:\/\/timestco.com\/wp-content\/uploads\/2026\/03\/mb-removebg-preview.png 290w, https:\/\/timestco.com\/wp-content\/uploads\/2026\/03\/mb-removebg-preview-200x106.png 200w\" sizes=\"(max-width: 290px) 100vw, 290px\" \/><\/div><\/div><\/figure><\/div><\/div><\/div><div class=\"kb-slide-item kb-gallery-carousel-item\"><div class=\"kadence-blocks-gallery-item\"><div class=\"kadence-blocks-gallery-item-inner\"><figure class=\"kb-gallery-figure kadence-blocks-gallery-item-hide-caption\" \"><div class=\"kb-gal-image-radius\"><div class=\"kb-gallery-image-contain\" ><img loading=\"lazy\" decoding=\"async\" src=\"https:\/\/timestco.com\/wp-content\/uploads\/2026\/02\/Logo_SanRafael2026.png\" width=\"560\" height=\"310\" alt=\"Trail Running San Rafael, Antioquia 2026 - Timest Colombia\" data-full-image=\"https:\/\/timestco.com\/wp-content\/uploads\/2026\/02\/Logo_SanRafael2026.png\" data-light-image=\"https:\/\/timestco.com\/wp-content\/uploads\/2026\/02\/Logo_SanRafael2026.png\" data-id=\"27054\" class=\"wp-image-27054 skip-lazy\" srcset=\"https:\/\/timestco.com\/wp-content\/uploads\/2026\/02\/Logo_SanRafael2026.png 560w, https:\/\/timestco.com\/wp-content\/uploads\/2026\/02\/Logo_SanRafael2026-300x166.png 300w, https:\/\/timestco.com\/wp-content\/uploads\/2026\/02\/Logo_SanRafael2026-200x111.png 200w\" sizes=\"(max-width: 560px) 100vw, 560px\" \/><\/div><\/div><\/figure><\/div><\/div><\/div><div class=\"kb-slide-item kb-gallery-carousel-item\"><div class=\"kadence-blocks-gallery-item\"><div class=\"kadence-blocks-gallery-item-inner\"><figure class=\"kb-gallery-figure kadence-blocks-gallery-item-hide-caption\" \"><div class=\"kb-gal-image-radius\"><div class=\"kb-gallery-image-contain\" ><img loading=\"lazy\" decoding=\"async\" src=\"https:\/\/timestco.com\/wp-content\/uploads\/2026\/02\/Logo_Magisterio2026.png\" width=\"332\" height=\"212\" alt=\"Carrera atl\u00e9tica recreativa del Magisterio Rionegro 5K 2026 - Timest Colombia\" data-full-image=\"https:\/\/timestco.com\/wp-content\/uploads\/2026\/02\/Logo_Magisterio2026.png\" data-light-image=\"https:\/\/timestco.com\/wp-content\/uploads\/2026\/02\/Logo_Magisterio2026.png\" data-id=\"27052\" class=\"wp-image-27052 skip-lazy\" srcset=\"https:\/\/timestco.com\/wp-content\/uploads\/2026\/02\/Logo_Magisterio2026.png 332w, https:\/\/timestco.com\/wp-content\/uploads\/2026\/02\/Logo_Magisterio2026-300x192.png 300w, https:\/\/timestco.com\/wp-content\/uploads\/2026\/02\/Logo_Magisterio2026-200x128.png 200w\" sizes=\"(max-width: 332px) 100vw, 332px\" \/><\/div><\/div><\/figure><\/div><\/div><\/div><div class=\"kb-slide-item kb-gallery-carousel-item\"><div class=\"kadence-blocks-gallery-item\"><div class=\"kadence-blocks-gallery-item-inner\"><figure class=\"kb-gallery-figure kadence-blocks-gallery-item-hide-caption\" \"><div class=\"kb-gal-image-radius\"><div class=\"kb-gallery-image-contain\" ><img loading=\"lazy\" decoding=\"async\" src=\"https:\/\/timestco.com\/wp-content\/uploads\/2026\/02\/logo_lagartos202690.png\" width=\"293\" height=\"295\" alt=\"Carrera atl\u00e9tica Club Los Lagartos Bogot\u00e1 D.C. 2026 - Timest Colombia\" data-full-image=\"https:\/\/timestco.com\/wp-content\/uploads\/2026\/02\/logo_lagartos202690.png\" data-light-image=\"https:\/\/timestco.com\/wp-content\/uploads\/2026\/02\/logo_lagartos202690.png\" data-id=\"27056\" class=\"wp-image-27056 skip-lazy\" srcset=\"https:\/\/timestco.com\/wp-content\/uploads\/2026\/02\/logo_lagartos202690.png 293w, https:\/\/timestco.com\/wp-content\/uploads\/2026\/02\/logo_lagartos202690-150x150.png 150w, https:\/\/timestco.com\/wp-content\/uploads\/2026\/02\/logo_lagartos202690-200x201.png 200w\" sizes=\"(max-width: 293px) 100vw, 293px\" \/><\/div><\/div><\/figure><\/div><\/div><\/div><div class=\"kb-slide-item kb-gallery-carousel-item\"><div class=\"kadence-blocks-gallery-item\"><div class=\"kadence-blocks-gallery-item-inner\"><figure class=\"kb-gallery-figure kadence-blocks-gallery-item-hide-caption\" \"><div class=\"kb-gal-image-radius\"><div class=\"kb-gallery-image-contain\" ><img loading=\"lazy\" decoding=\"async\" src=\"https:\/\/timestco.com\/wp-content\/uploads\/2026\/02\/MMP-removebg-preview2026.png\" width=\"505\" height=\"494\" alt=\"Media Marat\u00f3n Patiense 2026 C\u00facuta - Timest Colombia\" data-full-image=\"https:\/\/timestco.com\/wp-content\/uploads\/2026\/02\/MMP-removebg-preview2026.png\" data-light-image=\"https:\/\/timestco.com\/wp-content\/uploads\/2026\/02\/MMP-removebg-preview2026.png\" data-id=\"27025\" class=\"wp-image-27025 skip-lazy\" srcset=\"https:\/\/timestco.com\/wp-content\/uploads\/2026\/02\/MMP-removebg-preview2026.png 505w, https:\/\/timestco.com\/wp-content\/uploads\/2026\/02\/MMP-removebg-preview2026-300x293.png 300w, https:\/\/timestco.com\/wp-content\/uploads\/2026\/02\/MMP-removebg-preview2026-200x196.png 200w\" sizes=\"(max-width: 505px) 100vw, 505px\" \/><\/div><\/div><\/figure><\/div><\/div><\/div><div class=\"kb-slide-item kb-gallery-carousel-item\"><div class=\"kadence-blocks-gallery-item\"><div class=\"kadence-blocks-gallery-item-inner\"><figure class=\"kb-gallery-figure kadence-blocks-gallery-item-hide-caption\" \"><div class=\"kb-gal-image-radius\"><div class=\"kb-gallery-image-contain\" ><img loading=\"lazy\" decoding=\"async\" src=\"https:\/\/timestco.com\/wp-content\/uploads\/2026\/02\/MMP-KIDS2026.png\" width=\"598\" height=\"325\" alt=\"Media Marat\u00f3n Patiense Kids 2026 C\u00facuta - Timest Colombia\" data-full-image=\"https:\/\/timestco.com\/wp-content\/uploads\/2026\/02\/MMP-KIDS2026.png\" data-light-image=\"https:\/\/timestco.com\/wp-content\/uploads\/2026\/02\/MMP-KIDS2026.png\" data-id=\"27019\" class=\"wp-image-27019 skip-lazy\" srcset=\"https:\/\/timestco.com\/wp-content\/uploads\/2026\/02\/MMP-KIDS2026.png 598w, https:\/\/timestco.com\/wp-content\/uploads\/2026\/02\/MMP-KIDS2026-300x163.png 300w, https:\/\/timestco.com\/wp-content\/uploads\/2026\/02\/MMP-KIDS2026-200x109.png 200w\" sizes=\"(max-width: 598px) 100vw, 598px\" \/><\/div><\/div><\/figure><\/div><\/div><\/div><div class=\"kb-slide-item kb-gallery-carousel-item\"><div class=\"kadence-blocks-gallery-item\"><div class=\"kadence-blocks-gallery-item-inner\"><figure class=\"kb-gallery-figure kadence-blocks-gallery-item-hide-caption\" \"><div class=\"kb-gal-image-radius\"><div class=\"kb-gallery-image-contain\" ><img loading=\"lazy\" decoding=\"async\" src=\"https:\/\/timestco.com\/wp-content\/uploads\/2026\/02\/Logo_trackseriesBordado.png\" width=\"374\" height=\"244\" alt=\"Track Series - Carrera del Bordado 5K - 10K 2026 Cartago, Valle del Cauca - Timest Colombia\" data-full-image=\"https:\/\/timestco.com\/wp-content\/uploads\/2026\/02\/Logo_trackseriesBordado.png\" data-light-image=\"https:\/\/timestco.com\/wp-content\/uploads\/2026\/02\/Logo_trackseriesBordado.png\" data-id=\"27003\" class=\"wp-image-27003 skip-lazy\" srcset=\"https:\/\/timestco.com\/wp-content\/uploads\/2026\/02\/Logo_trackseriesBordado.png 374w, https:\/\/timestco.com\/wp-content\/uploads\/2026\/02\/Logo_trackseriesBordado-300x196.png 300w, https:\/\/timestco.com\/wp-content\/uploads\/2026\/02\/Logo_trackseriesBordado-200x130.png 200w\" sizes=\"(max-width: 374px) 100vw, 374px\" \/><\/div><\/div><\/figure><\/div><\/div><\/div><div class=\"kb-slide-item kb-gallery-carousel-item\"><div class=\"kadence-blocks-gallery-item\"><div class=\"kadence-blocks-gallery-item-inner\"><figure class=\"kb-gallery-figure kadence-blocks-gallery-item-hide-caption\" \"><div class=\"kb-gal-image-radius\"><div class=\"kb-gallery-image-contain\" ><img loading=\"lazy\" decoding=\"async\" src=\"https:\/\/timestco.com\/wp-content\/uploads\/2026\/01\/logotrotones.png\" width=\"406\" height=\"181\" alt=\"Trotones Trail Running 2026 - Timest Colombia\" data-full-image=\"https:\/\/timestco.com\/wp-content\/uploads\/2026\/01\/logotrotones.png\" data-light-image=\"https:\/\/timestco.com\/wp-content\/uploads\/2026\/01\/logotrotones.png\" data-id=\"26990\" class=\"wp-image-26990 skip-lazy\" srcset=\"https:\/\/timestco.com\/wp-content\/uploads\/2026\/01\/logotrotones.png 406w, https:\/\/timestco.com\/wp-content\/uploads\/2026\/01\/logotrotones-300x134.png 300w, https:\/\/timestco.com\/wp-content\/uploads\/2026\/01\/logotrotones-200x89.png 200w\" sizes=\"(max-width: 406px) 100vw, 406px\" \/><\/div><\/div><\/figure><\/div><\/div><\/div><div class=\"kb-slide-item kb-gallery-carousel-item\"><div class=\"kadence-blocks-gallery-item\"><div class=\"kadence-blocks-gallery-item-inner\"><figure class=\"kb-gallery-figure kadence-blocks-gallery-item-hide-caption\" \"><div class=\"kb-gal-image-radius\"><div class=\"kb-gallery-image-contain\" ><img loading=\"lazy\" decoding=\"async\" src=\"https:\/\/timestco.com\/wp-content\/uploads\/2026\/01\/MMM-Photoroom.png\" width=\"414\" height=\"186\" alt=\"Mariquita Media Marat\u00f3n 2026 - Timest Colombia\" data-full-image=\"https:\/\/timestco.com\/wp-content\/uploads\/2026\/01\/MMM-Photoroom.png\" data-light-image=\"https:\/\/timestco.com\/wp-content\/uploads\/2026\/01\/MMM-Photoroom.png\" data-id=\"26984\" class=\"wp-image-26984 skip-lazy\" srcset=\"https:\/\/timestco.com\/wp-content\/uploads\/2026\/01\/MMM-Photoroom.png 414w, https:\/\/timestco.com\/wp-content\/uploads\/2026\/01\/MMM-Photoroom-300x135.png 300w, https:\/\/timestco.com\/wp-content\/uploads\/2026\/01\/MMM-Photoroom-200x90.png 200w\" sizes=\"(max-width: 414px) 100vw, 414px\" \/><\/div><\/div><\/figure><\/div><\/div><\/div><div class=\"kb-slide-item kb-gallery-carousel-item\"><div class=\"kadence-blocks-gallery-item\"><div class=\"kadence-blocks-gallery-item-inner\"><figure class=\"kb-gallery-figure kadence-blocks-gallery-item-hide-caption\" \"><div class=\"kb-gal-image-radius\"><div class=\"kb-gallery-image-contain\" ><img loading=\"lazy\" decoding=\"async\" src=\"https:\/\/timestco.com\/wp-content\/uploads\/2025\/12\/logodorado.png\" width=\"636\" height=\"393\" alt=\"Dorado Lovers 2025 Duitama, Boyac\u00e1 - Timest Colombia\" data-full-image=\"https:\/\/timestco.com\/wp-content\/uploads\/2025\/12\/logodorado.png\" data-light-image=\"https:\/\/timestco.com\/wp-content\/uploads\/2025\/12\/logodorado.png\" data-id=\"26942\" class=\"wp-image-26942 skip-lazy\" srcset=\"https:\/\/timestco.com\/wp-content\/uploads\/2025\/12\/logodorado.png 636w, https:\/\/timestco.com\/wp-content\/uploads\/2025\/12\/logodorado-300x185.png 300w, https:\/\/timestco.com\/wp-content\/uploads\/2025\/12\/logodorado-200x124.png 200w\" sizes=\"(max-width: 636px) 100vw, 636px\" \/><\/div><\/div><\/figure><\/div><\/div><\/div><div class=\"kb-slide-item kb-gallery-carousel-item\"><div class=\"kadence-blocks-gallery-item\"><div class=\"kadence-blocks-gallery-item-inner\"><figure class=\"kb-gallery-figure kadence-blocks-gallery-item-hide-caption\" \"><div class=\"kb-gal-image-radius\"><div class=\"kb-gallery-image-contain\" ><img loading=\"lazy\" decoding=\"async\" src=\"https:\/\/timestco.com\/wp-content\/uploads\/2025\/12\/Logo-carrera-del-cafe.png\" width=\"405\" height=\"253\" alt=\"Carrera del Caf\u00e9 Trail Running 2025 Hispania, Antioquia - Timest Colombia\" data-full-image=\"https:\/\/timestco.com\/wp-content\/uploads\/2025\/12\/Logo-carrera-del-cafe.png\" data-light-image=\"https:\/\/timestco.com\/wp-content\/uploads\/2025\/12\/Logo-carrera-del-cafe.png\" data-id=\"26932\" class=\"wp-image-26932 skip-lazy\" srcset=\"https:\/\/timestco.com\/wp-content\/uploads\/2025\/12\/Logo-carrera-del-cafe.png 405w, https:\/\/timestco.com\/wp-content\/uploads\/2025\/12\/Logo-carrera-del-cafe-300x187.png 300w, https:\/\/timestco.com\/wp-content\/uploads\/2025\/12\/Logo-carrera-del-cafe-200x125.png 200w\" sizes=\"(max-width: 405px) 100vw, 405px\" \/><\/div><\/div><\/figure><\/div><\/div><\/div><div class=\"kb-slide-item kb-gallery-carousel-item\"><div class=\"kadence-blocks-gallery-item\"><div class=\"kadence-blocks-gallery-item-inner\"><figure class=\"kb-gallery-figure kadence-blocks-gallery-item-hide-caption\" \"><div class=\"kb-gal-image-radius\"><div class=\"kb-gallery-image-contain\" ><img loading=\"lazy\" decoding=\"async\" src=\"https:\/\/timestco.com\/wp-content\/uploads\/2025\/12\/LOGO-SUMERACE-2025.png\" width=\"608\" height=\"410\" alt=\"Carrera Atl\u00e9tica Sumerace 2025 - Duitama, Boyac\u00e1 - Timest Colombia\" data-full-image=\"https:\/\/timestco.com\/wp-content\/uploads\/2025\/12\/LOGO-SUMERACE-2025.png\" data-light-image=\"https:\/\/timestco.com\/wp-content\/uploads\/2025\/12\/LOGO-SUMERACE-2025.png\" data-id=\"26915\" class=\"wp-image-26915 skip-lazy\" srcset=\"https:\/\/timestco.com\/wp-content\/uploads\/2025\/12\/LOGO-SUMERACE-2025.png 608w, https:\/\/timestco.com\/wp-content\/uploads\/2025\/12\/LOGO-SUMERACE-2025-300x202.png 300w, https:\/\/timestco.com\/wp-content\/uploads\/2025\/12\/LOGO-SUMERACE-2025-200x135.png 200w\" sizes=\"(max-width: 608px) 100vw, 608px\" \/><\/div><\/div><\/figure><\/div><\/div><\/div><div class=\"kb-slide-item kb-gallery-carousel-item\"><div class=\"kadence-blocks-gallery-item\"><div class=\"kadence-blocks-gallery-item-inner\"><figure class=\"kb-gallery-figure kadence-blocks-gallery-item-hide-caption\" \"><div class=\"kb-gal-image-radius\"><div class=\"kb-gallery-image-contain\" ><img loading=\"lazy\" decoding=\"async\" src=\"https:\/\/timestco.com\/wp-content\/uploads\/2025\/12\/Logoentre_luces.png\" width=\"318\" height=\"309\" alt=\"Carrera Atl\u00e9tica Entre Luces - Cartago, Valle del Cauca 2025 - Timest Colombia\" data-full-image=\"https:\/\/timestco.com\/wp-content\/uploads\/2025\/12\/Logoentre_luces.png\" data-light-image=\"https:\/\/timestco.com\/wp-content\/uploads\/2025\/12\/Logoentre_luces.png\" data-id=\"26914\" class=\"wp-image-26914 skip-lazy\" srcset=\"https:\/\/timestco.com\/wp-content\/uploads\/2025\/12\/Logoentre_luces.png 318w, https:\/\/timestco.com\/wp-content\/uploads\/2025\/12\/Logoentre_luces-300x292.png 300w, https:\/\/timestco.com\/wp-content\/uploads\/2025\/12\/Logoentre_luces-200x194.png 200w\" sizes=\"(max-width: 318px) 100vw, 318px\" \/><\/div><\/div><\/figure><\/div><\/div><\/div><div class=\"kb-slide-item kb-gallery-carousel-item\"><div class=\"kadence-blocks-gallery-item\"><div class=\"kadence-blocks-gallery-item-inner\"><figure class=\"kb-gallery-figure kadence-blocks-gallery-item-hide-caption\" \"><div class=\"kb-gal-image-radius\"><div class=\"kb-gallery-image-contain\" ><img loading=\"lazy\" decoding=\"async\" src=\"https:\/\/timestco.com\/wp-content\/uploads\/2025\/12\/MSF.png\" width=\"369\" height=\"190\" alt=\"Metro Sport Fest Barranquilla 2025- Timest Colombia\" data-full-image=\"https:\/\/timestco.com\/wp-content\/uploads\/2025\/12\/MSF.png\" data-light-image=\"https:\/\/timestco.com\/wp-content\/uploads\/2025\/12\/MSF.png\" data-id=\"26913\" class=\"wp-image-26913 skip-lazy\" srcset=\"https:\/\/timestco.com\/wp-content\/uploads\/2025\/12\/MSF.png 369w, https:\/\/timestco.com\/wp-content\/uploads\/2025\/12\/MSF-300x154.png 300w, https:\/\/timestco.com\/wp-content\/uploads\/2025\/12\/MSF-200x103.png 200w\" sizes=\"(max-width: 369px) 100vw, 369px\" \/><\/div><\/div><\/figure><\/div><\/div><\/div><div class=\"kb-slide-item kb-gallery-carousel-item\"><div class=\"kadence-blocks-gallery-item\"><div class=\"kadence-blocks-gallery-item-inner\"><figure class=\"kb-gallery-figure kadence-blocks-gallery-item-hide-caption\" \"><div class=\"kb-gal-image-radius\"><div class=\"kb-gallery-image-contain\" ><img loading=\"lazy\" decoding=\"async\" src=\"https:\/\/timestco.com\/wp-content\/uploads\/2025\/11\/logo_suroriental2025.png\" width=\"500\" height=\"384\" alt=\"Carrera Atl\u00e9tica Sur Oriental 2025 - Bogot\u00e1 D.C. - Timest Colombia\" data-full-image=\"https:\/\/timestco.com\/wp-content\/uploads\/2025\/11\/logo_suroriental2025.png\" data-light-image=\"https:\/\/timestco.com\/wp-content\/uploads\/2025\/11\/logo_suroriental2025.png\" data-id=\"26903\" class=\"wp-image-26903 skip-lazy\" srcset=\"https:\/\/timestco.com\/wp-content\/uploads\/2025\/11\/logo_suroriental2025.png 500w, https:\/\/timestco.com\/wp-content\/uploads\/2025\/11\/logo_suroriental2025-300x230.png 300w, https:\/\/timestco.com\/wp-content\/uploads\/2025\/11\/logo_suroriental2025-200x154.png 200w\" sizes=\"(max-width: 500px) 100vw, 500px\" \/><\/div><\/div><\/figure><\/div><\/div><\/div><div class=\"kb-slide-item kb-gallery-carousel-item\"><div class=\"kadence-blocks-gallery-item\"><div class=\"kadence-blocks-gallery-item-inner\"><figure class=\"kb-gallery-figure kadence-blocks-gallery-item-hide-caption\" \"><div class=\"kb-gal-image-radius\"><div class=\"kb-gallery-image-contain\" ><img loading=\"lazy\" decoding=\"async\" src=\"https:\/\/timestco.com\/wp-content\/uploads\/2025\/11\/JuntasMasFuertes.png\" width=\"372\" height=\"267\" alt=\"Juntas m\u00e1s Fuertes Barrancabermeja, Santander 2025 - Timest Colombia\" data-full-image=\"https:\/\/timestco.com\/wp-content\/uploads\/2025\/11\/JuntasMasFuertes.png\" data-light-image=\"https:\/\/timestco.com\/wp-content\/uploads\/2025\/11\/JuntasMasFuertes.png\" data-id=\"26896\" class=\"wp-image-26896 skip-lazy\" srcset=\"https:\/\/timestco.com\/wp-content\/uploads\/2025\/11\/JuntasMasFuertes.png 372w, https:\/\/timestco.com\/wp-content\/uploads\/2025\/11\/JuntasMasFuertes-300x215.png 300w, https:\/\/timestco.com\/wp-content\/uploads\/2025\/11\/JuntasMasFuertes-200x144.png 200w\" sizes=\"(max-width: 372px) 100vw, 372px\" \/><\/div><\/div><\/figure><\/div><\/div><\/div><div class=\"kb-slide-item kb-gallery-carousel-item\"><div class=\"kadence-blocks-gallery-item\"><div class=\"kadence-blocks-gallery-item-inner\"><figure class=\"kb-gallery-figure kadence-blocks-gallery-item-hide-caption\" \"><div class=\"kb-gal-image-radius\"><div class=\"kb-gallery-image-contain\" ><img loading=\"lazy\" decoding=\"async\" src=\"https:\/\/timestco.com\/wp-content\/uploads\/2025\/11\/Andeslogo_grande.png\" width=\"341\" height=\"339\" alt=\"Los Andes Trail Running 2025 La aventura florece - Andes, Amtioquia - Timest Colombia\" data-full-image=\"https:\/\/timestco.com\/wp-content\/uploads\/2025\/11\/Andeslogo_grande.png\" data-light-image=\"https:\/\/timestco.com\/wp-content\/uploads\/2025\/11\/Andeslogo_grande.png\" data-id=\"26876\" class=\"wp-image-26876 skip-lazy\" srcset=\"https:\/\/timestco.com\/wp-content\/uploads\/2025\/11\/Andeslogo_grande.png 341w, https:\/\/timestco.com\/wp-content\/uploads\/2025\/11\/Andeslogo_grande-300x298.png 300w, https:\/\/timestco.com\/wp-content\/uploads\/2025\/11\/Andeslogo_grande-150x150.png 150w, https:\/\/timestco.com\/wp-content\/uploads\/2025\/11\/Andeslogo_grande-200x199.png 200w\" sizes=\"(max-width: 341px) 100vw, 341px\" \/><\/div><\/div><\/figure><\/div><\/div><\/div><div class=\"kb-slide-item kb-gallery-carousel-item\"><div class=\"kadence-blocks-gallery-item\"><div class=\"kadence-blocks-gallery-item-inner\"><figure class=\"kb-gallery-figure kadence-blocks-gallery-item-hide-caption\" \"><div class=\"kb-gal-image-radius\"><div class=\"kb-gallery-image-contain\" ><img loading=\"lazy\" decoding=\"async\" src=\"https:\/\/timestco.com\/wp-content\/uploads\/2025\/11\/Comunerosgrande.png\" width=\"400\" height=\"249\" alt=\"Comuneros Run Fest 2025 Puente Nacional, Santander - Timest Colombia\" data-full-image=\"https:\/\/timestco.com\/wp-content\/uploads\/2025\/11\/Comunerosgrande.png\" data-light-image=\"https:\/\/timestco.com\/wp-content\/uploads\/2025\/11\/Comunerosgrande.png\" data-id=\"26873\" class=\"wp-image-26873 skip-lazy\" srcset=\"https:\/\/timestco.com\/wp-content\/uploads\/2025\/11\/Comunerosgrande.png 400w, https:\/\/timestco.com\/wp-content\/uploads\/2025\/11\/Comunerosgrande-300x187.png 300w, https:\/\/timestco.com\/wp-content\/uploads\/2025\/11\/Comunerosgrande-200x125.png 200w\" sizes=\"(max-width: 400px) 100vw, 400px\" \/><\/div><\/div><\/figure><\/div><\/div><\/div><div class=\"kb-slide-item kb-gallery-carousel-item\"><div class=\"kadence-blocks-gallery-item\"><div class=\"kadence-blocks-gallery-item-inner\"><figure class=\"kb-gallery-figure kadence-blocks-gallery-item-hide-caption\" \"><div class=\"kb-gal-image-radius\"><div class=\"kb-gallery-image-contain\" ><img loading=\"lazy\" decoding=\"async\" src=\"https:\/\/timestco.com\/wp-content\/uploads\/2025\/11\/logo_travesiaroma2025.jpg\" width=\"500\" height=\"547\" alt=\"Traves\u00eda del Aroma a la Monta\u00f1a 2025 Noviembre 9 Chinchin\u00e1 - Villamar\u00eda, Caldas - Timest Colombia\" data-full-image=\"https:\/\/timestco.com\/wp-content\/uploads\/2025\/11\/logo_travesiaroma2025.jpg\" data-light-image=\"https:\/\/timestco.com\/wp-content\/uploads\/2025\/11\/logo_travesiaroma2025.jpg\" data-id=\"26863\" class=\"wp-image-26863 skip-lazy\" srcset=\"https:\/\/timestco.com\/wp-content\/uploads\/2025\/11\/logo_travesiaroma2025.jpg 500w, https:\/\/timestco.com\/wp-content\/uploads\/2025\/11\/logo_travesiaroma2025-274x300.jpg 274w, https:\/\/timestco.com\/wp-content\/uploads\/2025\/11\/logo_travesiaroma2025-200x219.jpg 200w\" sizes=\"(max-width: 500px) 100vw, 500px\" \/><\/div><\/div><\/figure><\/div><\/div><\/div><div class=\"kb-slide-item kb-gallery-carousel-item\"><div class=\"kadence-blocks-gallery-item\"><div class=\"kadence-blocks-gallery-item-inner\"><figure class=\"kb-gallery-figure kadence-blocks-gallery-item-hide-caption\" \"><div class=\"kb-gal-image-radius\"><div class=\"kb-gallery-image-contain\" ><img loading=\"lazy\" decoding=\"async\" src=\"https:\/\/timestco.com\/wp-content\/uploads\/2025\/10\/Reto-del-duende.png\" width=\"357\" height=\"341\" alt=\"El Reto del Duende Trail Running 2025 Calima -Dari\u00e9n - Timest Colombia\" data-full-image=\"https:\/\/timestco.com\/wp-content\/uploads\/2025\/10\/Reto-del-duende.png\" data-light-image=\"https:\/\/timestco.com\/wp-content\/uploads\/2025\/10\/Reto-del-duende.png\" data-id=\"26849\" class=\"wp-image-26849 skip-lazy\" srcset=\"https:\/\/timestco.com\/wp-content\/uploads\/2025\/10\/Reto-del-duende.png 357w, https:\/\/timestco.com\/wp-content\/uploads\/2025\/10\/Reto-del-duende-300x287.png 300w, https:\/\/timestco.com\/wp-content\/uploads\/2025\/10\/Reto-del-duende-200x191.png 200w\" sizes=\"(max-width: 357px) 100vw, 357px\" \/><\/div><\/div><\/figure><\/div><\/div><\/div><div class=\"kb-slide-item kb-gallery-carousel-item\"><div class=\"kadence-blocks-gallery-item\"><div class=\"kadence-blocks-gallery-item-inner\"><figure class=\"kb-gallery-figure kadence-blocks-gallery-item-hide-caption\" \"><div class=\"kb-gal-image-radius\"><div class=\"kb-gallery-image-contain\" ><img loading=\"lazy\" decoding=\"async\" src=\"https:\/\/timestco.com\/wp-content\/uploads\/2025\/10\/logo_carcorazon2025.png\" width=\"500\" height=\"236\" alt=\"La Carrera del Coraz\u00f3n 2025 Manizales - Timest Colombia\" data-full-image=\"https:\/\/timestco.com\/wp-content\/uploads\/2025\/10\/logo_carcorazon2025.png\" data-light-image=\"https:\/\/timestco.com\/wp-content\/uploads\/2025\/10\/logo_carcorazon2025.png\" data-id=\"26834\" class=\"wp-image-26834 skip-lazy\" srcset=\"https:\/\/timestco.com\/wp-content\/uploads\/2025\/10\/logo_carcorazon2025.png 500w, https:\/\/timestco.com\/wp-content\/uploads\/2025\/10\/logo_carcorazon2025-300x142.png 300w, https:\/\/timestco.com\/wp-content\/uploads\/2025\/10\/logo_carcorazon2025-200x94.png 200w\" sizes=\"(max-width: 500px) 100vw, 500px\" \/><\/div><\/div><\/figure><\/div><\/div><\/div><div class=\"kb-slide-item kb-gallery-carousel-item\"><div class=\"kadence-blocks-gallery-item\"><div class=\"kadence-blocks-gallery-item-inner\"><figure class=\"kb-gallery-figure kadence-blocks-gallery-item-hide-caption\" \"><div class=\"kb-gal-image-radius\"><div class=\"kb-gallery-image-contain\" ><img loading=\"lazy\" decoding=\"async\" src=\"https:\/\/timestco.com\/wp-content\/uploads\/2025\/10\/logo_5cimasg.png\" width=\"500\" height=\"181\" alt=\"Cinco Cimas Edici\u00f3n Cocorn\u00e1 2025 - Timest Colombia\" data-full-image=\"https:\/\/timestco.com\/wp-content\/uploads\/2025\/10\/logo_5cimasg.png\" data-light-image=\"https:\/\/timestco.com\/wp-content\/uploads\/2025\/10\/logo_5cimasg.png\" data-id=\"26835\" class=\"wp-image-26835 skip-lazy\" srcset=\"https:\/\/timestco.com\/wp-content\/uploads\/2025\/10\/logo_5cimasg.png 500w, https:\/\/timestco.com\/wp-content\/uploads\/2025\/10\/logo_5cimasg-300x109.png 300w, https:\/\/timestco.com\/wp-content\/uploads\/2025\/10\/logo_5cimasg-200x72.png 200w\" sizes=\"(max-width: 500px) 100vw, 500px\" \/><\/div><\/div><\/figure><\/div><\/div><\/div><div class=\"kb-slide-item kb-gallery-carousel-item\"><div class=\"kadence-blocks-gallery-item\"><div class=\"kadence-blocks-gallery-item-inner\"><figure class=\"kb-gallery-figure kadence-blocks-gallery-item-hide-caption\" \"><div class=\"kb-gal-image-radius\"><div class=\"kb-gallery-image-contain\" ><img loading=\"lazy\" decoding=\"async\" src=\"https:\/\/timestco.com\/wp-content\/uploads\/2025\/10\/logogrande_carrerafundaflor2025.jpeg\" width=\"500\" height=\"625\" alt=\"Carrera por la vida 2025 Rionegro -Timest Colombia\" data-full-image=\"https:\/\/timestco.com\/wp-content\/uploads\/2025\/10\/logogrande_carrerafundaflor2025.jpeg\" data-light-image=\"https:\/\/timestco.com\/wp-content\/uploads\/2025\/10\/logogrande_carrerafundaflor2025.jpeg\" data-id=\"26816\" class=\"wp-image-26816 skip-lazy\" srcset=\"https:\/\/timestco.com\/wp-content\/uploads\/2025\/10\/logogrande_carrerafundaflor2025.jpeg 500w, https:\/\/timestco.com\/wp-content\/uploads\/2025\/10\/logogrande_carrerafundaflor2025-240x300.jpeg 240w, https:\/\/timestco.com\/wp-content\/uploads\/2025\/10\/logogrande_carrerafundaflor2025-200x250.jpeg 200w\" sizes=\"(max-width: 500px) 100vw, 500px\" \/><\/div><\/div><\/figure><\/div><\/div><\/div><div class=\"kb-slide-item kb-gallery-carousel-item\"><div class=\"kadence-blocks-gallery-item\"><div class=\"kadence-blocks-gallery-item-inner\"><figure class=\"kb-gallery-figure kadence-blocks-gallery-item-hide-caption\" \"><div class=\"kb-gal-image-radius\"><div class=\"kb-gallery-image-contain\" ><img loading=\"lazy\" decoding=\"async\" src=\"https:\/\/timestco.com\/wp-content\/uploads\/2025\/10\/SoyValiente1.png\" width=\"254\" height=\"189\" alt=\"Soy Valiente Running 2025 Sabanagrande 2025 - Timest Colombia\" data-full-image=\"https:\/\/timestco.com\/wp-content\/uploads\/2025\/10\/SoyValiente1.png\" data-light-image=\"https:\/\/timestco.com\/wp-content\/uploads\/2025\/10\/SoyValiente1.png\" data-id=\"26808\" class=\"wp-image-26808 skip-lazy\" srcset=\"https:\/\/timestco.com\/wp-content\/uploads\/2025\/10\/SoyValiente1.png 254w, https:\/\/timestco.com\/wp-content\/uploads\/2025\/10\/SoyValiente1-200x149.png 200w\" sizes=\"(max-width: 254px) 100vw, 254px\" \/><\/div><\/div><\/figure><\/div><\/div><\/div><div class=\"kb-slide-item kb-gallery-carousel-item\"><div class=\"kadence-blocks-gallery-item\"><div class=\"kadence-blocks-gallery-item-inner\"><figure class=\"kb-gallery-figure kadence-blocks-gallery-item-hide-caption\" \"><div class=\"kb-gal-image-radius\"><div class=\"kb-gallery-image-contain\" ><img loading=\"lazy\" decoding=\"async\" src=\"https:\/\/timestco.com\/wp-content\/uploads\/2025\/10\/Caminata.png\" width=\"343\" height=\"270\" alt=\"Caminata por la vida Coomeva Barranquilla 2025 -Timest Colombia\" data-full-image=\"https:\/\/timestco.com\/wp-content\/uploads\/2025\/10\/Caminata.png\" data-light-image=\"https:\/\/timestco.com\/wp-content\/uploads\/2025\/10\/Caminata.png\" data-id=\"26807\" class=\"wp-image-26807 skip-lazy\" srcset=\"https:\/\/timestco.com\/wp-content\/uploads\/2025\/10\/Caminata.png 343w, https:\/\/timestco.com\/wp-content\/uploads\/2025\/10\/Caminata-300x236.png 300w, https:\/\/timestco.com\/wp-content\/uploads\/2025\/10\/Caminata-200x157.png 200w\" sizes=\"(max-width: 343px) 100vw, 343px\" \/><\/div><\/div><\/figure><\/div><\/div><\/div><div class=\"kb-slide-item kb-gallery-carousel-item\"><div class=\"kadence-blocks-gallery-item\"><div class=\"kadence-blocks-gallery-item-inner\"><figure class=\"kb-gallery-figure kadence-blocks-gallery-item-hide-caption\" \"><div class=\"kb-gal-image-radius\"><div class=\"kb-gallery-image-contain\" ><img loading=\"lazy\" decoding=\"async\" src=\"https:\/\/timestco.com\/wp-content\/uploads\/2025\/10\/imagen-travesia-suroeste.png\" width=\"476\" height=\"379\" alt=\"Traves\u00eda SurOeste 2025 Andes Antioquia - Timest Colombia\" data-full-image=\"https:\/\/timestco.com\/wp-content\/uploads\/2025\/10\/imagen-travesia-suroeste.png\" data-light-image=\"https:\/\/timestco.com\/wp-content\/uploads\/2025\/10\/imagen-travesia-suroeste.png\" data-id=\"26787\" class=\"wp-image-26787 skip-lazy\" srcset=\"https:\/\/timestco.com\/wp-content\/uploads\/2025\/10\/imagen-travesia-suroeste.png 476w, https:\/\/timestco.com\/wp-content\/uploads\/2025\/10\/imagen-travesia-suroeste-300x239.png 300w, https:\/\/timestco.com\/wp-content\/uploads\/2025\/10\/imagen-travesia-suroeste-200x159.png 200w\" sizes=\"(max-width: 476px) 100vw, 476px\" \/><\/div><\/div><\/figure><\/div><\/div><\/div><div class=\"kb-slide-item kb-gallery-carousel-item\"><div class=\"kadence-blocks-gallery-item\"><div class=\"kadence-blocks-gallery-item-inner\"><figure class=\"kb-gallery-figure kadence-blocks-gallery-item-hide-caption\" \"><div class=\"kb-gal-image-radius\"><div class=\"kb-gallery-image-contain\" ><img loading=\"lazy\" decoding=\"async\" src=\"https:\/\/timestco.com\/wp-content\/uploads\/2025\/10\/Urrao_15kgrande.jpeg\" width=\"400\" height=\"288\" alt=\"15K Urrao 2025 Octubre 12 Urrao, Antioquia Timest 2025\" data-full-image=\"https:\/\/timestco.com\/wp-content\/uploads\/2025\/10\/Urrao_15kgrande.jpeg\" data-light-image=\"https:\/\/timestco.com\/wp-content\/uploads\/2025\/10\/Urrao_15kgrande.jpeg\" data-id=\"26786\" class=\"wp-image-26786 skip-lazy\" srcset=\"https:\/\/timestco.com\/wp-content\/uploads\/2025\/10\/Urrao_15kgrande.jpeg 400w, https:\/\/timestco.com\/wp-content\/uploads\/2025\/10\/Urrao_15kgrande-300x216.jpeg 300w, https:\/\/timestco.com\/wp-content\/uploads\/2025\/10\/Urrao_15kgrande-200x144.jpeg 200w\" sizes=\"(max-width: 400px) 100vw, 400px\" \/><\/div><\/div><\/figure><\/div><\/div><\/div><div class=\"kb-slide-item kb-gallery-carousel-item\"><div class=\"kadence-blocks-gallery-item\"><div class=\"kadence-blocks-gallery-item-inner\"><figure class=\"kb-gallery-figure kadence-blocks-gallery-item-hide-caption\" \"><div class=\"kb-gal-image-radius\"><div class=\"kb-gallery-image-contain\" ><img loading=\"lazy\" decoding=\"async\" src=\"https:\/\/timestco.com\/wp-content\/uploads\/2025\/10\/logo_unisanyopal2025.png\" width=\"450\" height=\"124\" alt=\"Running Unisangil - Unab Octubre 5 Yopal, Casanare - timest Colombia 2025\" data-full-image=\"https:\/\/timestco.com\/wp-content\/uploads\/2025\/10\/logo_unisanyopal2025.png\" data-light-image=\"https:\/\/timestco.com\/wp-content\/uploads\/2025\/10\/logo_unisanyopal2025.png\" data-id=\"26764\" class=\"wp-image-26764 skip-lazy\" srcset=\"https:\/\/timestco.com\/wp-content\/uploads\/2025\/10\/logo_unisanyopal2025.png 450w, https:\/\/timestco.com\/wp-content\/uploads\/2025\/10\/logo_unisanyopal2025-300x83.png 300w, https:\/\/timestco.com\/wp-content\/uploads\/2025\/10\/logo_unisanyopal2025-200x55.png 200w\" sizes=\"(max-width: 450px) 100vw, 450px\" \/><\/div><\/div><\/figure><\/div><\/div><\/div><div class=\"kb-slide-item kb-gallery-carousel-item\"><div class=\"kadence-blocks-gallery-item\"><div class=\"kadence-blocks-gallery-item-inner\"><figure class=\"kb-gallery-figure kadence-blocks-gallery-item-hide-caption\" \"><div class=\"kb-gal-image-radius\"><div class=\"kb-gallery-image-contain\" ><img loading=\"lazy\" decoding=\"async\" src=\"https:\/\/timestco.com\/wp-content\/uploads\/2025\/10\/Logo_Balcones2025.png\" width=\"681\" height=\"268\" alt=\"2a Carrera de los Balcones 2025 Octubre 5 Carolina del Pr\u00edncipe, Antioquia - Timest Colombia 2025\" data-full-image=\"https:\/\/timestco.com\/wp-content\/uploads\/2025\/10\/Logo_Balcones2025.png\" data-light-image=\"https:\/\/timestco.com\/wp-content\/uploads\/2025\/10\/Logo_Balcones2025.png\" data-id=\"26765\" class=\"wp-image-26765 skip-lazy\" srcset=\"https:\/\/timestco.com\/wp-content\/uploads\/2025\/10\/Logo_Balcones2025.png 681w, https:\/\/timestco.com\/wp-content\/uploads\/2025\/10\/Logo_Balcones2025-300x118.png 300w, https:\/\/timestco.com\/wp-content\/uploads\/2025\/10\/Logo_Balcones2025-200x79.png 200w\" sizes=\"(max-width: 681px) 100vw, 681px\" \/><\/div><\/div><\/figure><\/div><\/div><\/div><div class=\"kb-slide-item kb-gallery-carousel-item\"><div class=\"kadence-blocks-gallery-item\"><div class=\"kadence-blocks-gallery-item-inner\"><figure class=\"kb-gallery-figure kadence-blocks-gallery-item-hide-caption\" \"><div class=\"kb-gal-image-radius\"><div class=\"kb-gallery-image-contain\" ><img loading=\"lazy\" decoding=\"async\" src=\"https:\/\/timestco.com\/wp-content\/uploads\/2025\/09\/Logo_MancorreAlma2025.png\" width=\"450\" height=\"293\" alt=\"Manizales Corre con el Alma 5K 2025 - Manizales, Caldas - Timest Colombia\" data-full-image=\"https:\/\/timestco.com\/wp-content\/uploads\/2025\/09\/Logo_MancorreAlma2025.png\" data-light-image=\"https:\/\/timestco.com\/wp-content\/uploads\/2025\/09\/Logo_MancorreAlma2025.png\" data-id=\"26750\" class=\"wp-image-26750 skip-lazy\" srcset=\"https:\/\/timestco.com\/wp-content\/uploads\/2025\/09\/Logo_MancorreAlma2025.png 450w, https:\/\/timestco.com\/wp-content\/uploads\/2025\/09\/Logo_MancorreAlma2025-300x195.png 300w, https:\/\/timestco.com\/wp-content\/uploads\/2025\/09\/Logo_MancorreAlma2025-200x130.png 200w\" sizes=\"(max-width: 450px) 100vw, 450px\" \/><\/div><\/div><\/figure><\/div><\/div><\/div><div class=\"kb-slide-item kb-gallery-carousel-item\"><div class=\"kadence-blocks-gallery-item\"><div class=\"kadence-blocks-gallery-item-inner\"><figure class=\"kb-gallery-figure kadence-blocks-gallery-item-hide-caption\" \"><div class=\"kb-gal-image-radius\"><div class=\"kb-gallery-image-contain\" ><img loading=\"lazy\" decoding=\"async\" src=\"https:\/\/timestco.com\/wp-content\/uploads\/2025\/09\/Match18.png\" width=\"533\" height=\"123\" alt=\"Match 18 MPS 2025 Bogot\u00e1 D.C. Timest Colombia\" data-full-image=\"https:\/\/timestco.com\/wp-content\/uploads\/2025\/09\/Match18.png\" data-light-image=\"https:\/\/timestco.com\/wp-content\/uploads\/2025\/09\/Match18.png\" data-id=\"26740\" class=\"wp-image-26740 skip-lazy\" srcset=\"https:\/\/timestco.com\/wp-content\/uploads\/2025\/09\/Match18.png 533w, https:\/\/timestco.com\/wp-content\/uploads\/2025\/09\/Match18-300x69.png 300w, https:\/\/timestco.com\/wp-content\/uploads\/2025\/09\/Match18-200x46.png 200w\" sizes=\"(max-width: 533px) 100vw, 533px\" \/><\/div><\/div><\/figure><\/div><\/div><\/div><div class=\"kb-slide-item kb-gallery-carousel-item\"><div class=\"kadence-blocks-gallery-item\"><div class=\"kadence-blocks-gallery-item-inner\"><figure class=\"kb-gallery-figure kadence-blocks-gallery-item-hide-caption\" \"><div class=\"kb-gal-image-radius\"><div class=\"kb-gallery-image-contain\" ><img loading=\"lazy\" decoding=\"async\" src=\"https:\/\/timestco.com\/wp-content\/uploads\/2025\/09\/MMO.png\" width=\"221\" height=\"215\" alt=\"Media Marat\u00f3n del Oriente 2025 -Timest Colombia 5K - 10K -21K\" data-full-image=\"https:\/\/timestco.com\/wp-content\/uploads\/2025\/09\/MMO.png\" data-light-image=\"https:\/\/timestco.com\/wp-content\/uploads\/2025\/09\/MMO.png\" data-id=\"26720\" class=\"wp-image-26720 skip-lazy\" srcset=\"https:\/\/timestco.com\/wp-content\/uploads\/2025\/09\/MMO.png 221w, https:\/\/timestco.com\/wp-content\/uploads\/2025\/09\/MMO-200x195.png 200w\" sizes=\"(max-width: 221px) 100vw, 221px\" \/><\/div><\/div><\/figure><\/div><\/div><\/div><div class=\"kb-slide-item kb-gallery-carousel-item\"><div class=\"kadence-blocks-gallery-item\"><div class=\"kadence-blocks-gallery-item-inner\"><figure class=\"kb-gallery-figure kadence-blocks-gallery-item-hide-caption\" \"><div class=\"kb-gal-image-radius\"><div class=\"kb-gallery-image-contain\" ><img loading=\"lazy\" decoding=\"async\" src=\"https:\/\/timestco.com\/wp-content\/uploads\/2025\/09\/MMC1.png\" width=\"350\" height=\"179\" alt=\"Media Marat\u00f3n del Cumare 2025 -Timest Colombia 5K - 10K -21K\" data-full-image=\"https:\/\/timestco.com\/wp-content\/uploads\/2025\/09\/MMC1.png\" data-light-image=\"https:\/\/timestco.com\/wp-content\/uploads\/2025\/09\/MMC1.png\" data-id=\"26719\" class=\"wp-image-26719 skip-lazy\" srcset=\"https:\/\/timestco.com\/wp-content\/uploads\/2025\/09\/MMC1.png 350w, https:\/\/timestco.com\/wp-content\/uploads\/2025\/09\/MMC1-300x153.png 300w, https:\/\/timestco.com\/wp-content\/uploads\/2025\/09\/MMC1-200x102.png 200w\" sizes=\"(max-width: 350px) 100vw, 350px\" \/><\/div><\/div><\/figure><\/div><\/div><\/div><div class=\"kb-slide-item kb-gallery-carousel-item\"><div class=\"kadence-blocks-gallery-item\"><div class=\"kadence-blocks-gallery-item-inner\"><figure class=\"kb-gallery-figure kadence-blocks-gallery-item-hide-caption\" \"><div class=\"kb-gal-image-radius\"><div class=\"kb-gallery-image-contain\" ><img loading=\"lazy\" decoding=\"async\" src=\"https:\/\/timestco.com\/wp-content\/uploads\/2024\/10\/logo_desafiorojo-1.png\" width=\"450\" height=\"151\" alt=\"Carrera La conquista Llano grande 2024 Timest Colombia\" data-full-image=\"https:\/\/timestco.com\/wp-content\/uploads\/2024\/10\/logo_desafiorojo-1.png\" data-light-image=\"https:\/\/timestco.com\/wp-content\/uploads\/2024\/10\/logo_desafiorojo-1.png\" data-id=\"26296\" class=\"wp-image-26296 skip-lazy\" srcset=\"https:\/\/timestco.com\/wp-content\/uploads\/2024\/10\/logo_desafiorojo-1.png 450w, https:\/\/timestco.com\/wp-content\/uploads\/2024\/10\/logo_desafiorojo-1-300x101.png 300w, https:\/\/timestco.com\/wp-content\/uploads\/2024\/10\/logo_desafiorojo-1-200x67.png 200w\" sizes=\"(max-width: 450px) 100vw, 450px\" \/><\/div><\/div><\/figure><\/div><\/div><\/div><div class=\"kb-slide-item kb-gallery-carousel-item\"><div class=\"kadence-blocks-gallery-item\"><div class=\"kadence-blocks-gallery-item-inner\"><figure class=\"kb-gallery-figure kadence-blocks-gallery-item-hide-caption\" \"><div class=\"kb-gal-image-radius\"><div class=\"kb-gallery-image-contain\" ><img loading=\"lazy\" decoding=\"async\" src=\"https:\/\/timestco.com\/wp-content\/uploads\/2025\/08\/logo_uni5k2025.png\" width=\"500\" height=\"623\" alt=\"Unicentro 5K Segunda Edici\u00f3n 2025 Timest Colombia\" data-full-image=\"https:\/\/timestco.com\/wp-content\/uploads\/2025\/08\/logo_uni5k2025.png\" data-light-image=\"https:\/\/timestco.com\/wp-content\/uploads\/2025\/08\/logo_uni5k2025.png\" data-id=\"26695\" class=\"wp-image-26695 skip-lazy\" srcset=\"https:\/\/timestco.com\/wp-content\/uploads\/2025\/08\/logo_uni5k2025.png 500w, https:\/\/timestco.com\/wp-content\/uploads\/2025\/08\/logo_uni5k2025-241x300.png 241w, https:\/\/timestco.com\/wp-content\/uploads\/2025\/08\/logo_uni5k2025-200x249.png 200w\" sizes=\"(max-width: 500px) 100vw, 500px\" \/><\/div><\/div><\/figure><\/div><\/div><\/div><div class=\"kb-slide-item kb-gallery-carousel-item\"><div class=\"kadence-blocks-gallery-item\"><div class=\"kadence-blocks-gallery-item-inner\"><figure class=\"kb-gallery-figure kadence-blocks-gallery-item-hide-caption\" \"><div class=\"kb-gal-image-radius\"><div class=\"kb-gallery-image-contain\" ><img loading=\"lazy\" decoding=\"async\" src=\"https:\/\/timestco.com\/wp-content\/uploads\/2025\/08\/nidoverde2025.png\" width=\"400\" height=\"320\" alt=\"Carrera por el Nido Verde 2025 - Timest Colombia\" data-full-image=\"https:\/\/timestco.com\/wp-content\/uploads\/2025\/08\/nidoverde2025.png\" data-light-image=\"https:\/\/timestco.com\/wp-content\/uploads\/2025\/08\/nidoverde2025.png\" data-id=\"26683\" class=\"wp-image-26683 skip-lazy\" srcset=\"https:\/\/timestco.com\/wp-content\/uploads\/2025\/08\/nidoverde2025.png 400w, https:\/\/timestco.com\/wp-content\/uploads\/2025\/08\/nidoverde2025-300x240.png 300w, https:\/\/timestco.com\/wp-content\/uploads\/2025\/08\/nidoverde2025-200x160.png 200w\" sizes=\"(max-width: 400px) 100vw, 400px\" \/><\/div><\/div><\/figure><\/div><\/div><\/div><div class=\"kb-slide-item kb-gallery-carousel-item\"><div class=\"kadence-blocks-gallery-item\"><div class=\"kadence-blocks-gallery-item-inner\"><figure class=\"kb-gallery-figure kadence-blocks-gallery-item-hide-caption\" \"><div class=\"kb-gal-image-radius\"><div class=\"kb-gallery-image-contain\" ><img loading=\"lazy\" decoding=\"async\" src=\"https:\/\/timestco.com\/wp-content\/uploads\/2025\/08\/Libertadores.png\" width=\"441\" height=\"171\" alt=\"Carrera Atl\u00e9tica Internacional Los Libertadores 2025 - Timest Colombia\" data-full-image=\"https:\/\/timestco.com\/wp-content\/uploads\/2025\/08\/Libertadores.png\" data-light-image=\"https:\/\/timestco.com\/wp-content\/uploads\/2025\/08\/Libertadores.png\" data-id=\"26643\" class=\"wp-image-26643 skip-lazy\" srcset=\"https:\/\/timestco.com\/wp-content\/uploads\/2025\/08\/Libertadores.png 441w, https:\/\/timestco.com\/wp-content\/uploads\/2025\/08\/Libertadores-300x116.png 300w, https:\/\/timestco.com\/wp-content\/uploads\/2025\/08\/Libertadores-200x78.png 200w\" sizes=\"(max-width: 441px) 100vw, 441px\" \/><\/div><\/div><\/figure><\/div><\/div><\/div><div class=\"kb-slide-item kb-gallery-carousel-item\"><div class=\"kadence-blocks-gallery-item\"><div class=\"kadence-blocks-gallery-item-inner\"><figure class=\"kb-gallery-figure kadence-blocks-gallery-item-hide-caption\" \"><div class=\"kb-gal-image-radius\"><div class=\"kb-gallery-image-contain\" ><img loading=\"lazy\" decoding=\"async\" src=\"https:\/\/timestco.com\/wp-content\/uploads\/2025\/08\/MMP.png\" width=\"347\" height=\"117\" alt=\"Media Marat\u00f3n de Pamplona 2025 Timest Colombia\" data-full-image=\"https:\/\/timestco.com\/wp-content\/uploads\/2025\/08\/MMP.png\" data-light-image=\"https:\/\/timestco.com\/wp-content\/uploads\/2025\/08\/MMP.png\" data-id=\"26646\" class=\"wp-image-26646 skip-lazy\" srcset=\"https:\/\/timestco.com\/wp-content\/uploads\/2025\/08\/MMP.png 347w, https:\/\/timestco.com\/wp-content\/uploads\/2025\/08\/MMP-300x101.png 300w, https:\/\/timestco.com\/wp-content\/uploads\/2025\/08\/MMP-200x67.png 200w\" sizes=\"(max-width: 347px) 100vw, 347px\" \/><\/div><\/div><\/figure><\/div><\/div><\/div><div class=\"kb-slide-item kb-gallery-carousel-item\"><div class=\"kadence-blocks-gallery-item\"><div class=\"kadence-blocks-gallery-item-inner\"><figure class=\"kb-gallery-figure kadence-blocks-gallery-item-hide-caption\" \"><div class=\"kb-gal-image-radius\"><div class=\"kb-gallery-image-contain\" ><img loading=\"lazy\" decoding=\"async\" src=\"https:\/\/timestco.com\/wp-content\/uploads\/2025\/08\/logo_penderisco2025.png\" width=\"300\" height=\"240\" alt=\"Reto Penderisco Trail Running 2025 Timest Colombia\" data-full-image=\"https:\/\/timestco.com\/wp-content\/uploads\/2025\/08\/logo_penderisco2025.png\" data-light-image=\"https:\/\/timestco.com\/wp-content\/uploads\/2025\/08\/logo_penderisco2025.png\" data-id=\"26648\" class=\"wp-image-26648 skip-lazy\" srcset=\"https:\/\/timestco.com\/wp-content\/uploads\/2025\/08\/logo_penderisco2025.png 300w, https:\/\/timestco.com\/wp-content\/uploads\/2025\/08\/logo_penderisco2025-200x160.png 200w\" sizes=\"(max-width: 300px) 100vw, 300px\" \/><\/div><\/div><\/figure><\/div><\/div><\/div><div class=\"kb-slide-item kb-gallery-carousel-item\"><div class=\"kadence-blocks-gallery-item\"><div class=\"kadence-blocks-gallery-item-inner\"><figure class=\"kb-gallery-figure kadence-blocks-gallery-item-hide-caption\" \"><div class=\"kb-gal-image-radius\"><div class=\"kb-gallery-image-contain\" ><img loading=\"lazy\" decoding=\"async\" src=\"https:\/\/timestco.com\/wp-content\/uploads\/2025\/07\/PONTE-ROSA.png\" width=\"438\" height=\"283\" alt=\"PONTE-ROSA Bucaramanga 2025 Timest Colombia\" data-full-image=\"https:\/\/timestco.com\/wp-content\/uploads\/2025\/07\/PONTE-ROSA.png\" data-light-image=\"https:\/\/timestco.com\/wp-content\/uploads\/2025\/07\/PONTE-ROSA.png\" data-id=\"26624\" class=\"wp-image-26624 skip-lazy\" srcset=\"https:\/\/timestco.com\/wp-content\/uploads\/2025\/07\/PONTE-ROSA.png 438w, https:\/\/timestco.com\/wp-content\/uploads\/2025\/07\/PONTE-ROSA-300x194.png 300w, https:\/\/timestco.com\/wp-content\/uploads\/2025\/07\/PONTE-ROSA-200x129.png 200w\" sizes=\"(max-width: 438px) 100vw, 438px\" \/><\/div><\/div><\/figure><\/div><\/div><\/div><div class=\"kb-slide-item kb-gallery-carousel-item\"><div class=\"kadence-blocks-gallery-item\"><div class=\"kadence-blocks-gallery-item-inner\"><figure class=\"kb-gallery-figure kadence-blocks-gallery-item-hide-caption\" \"><div class=\"kb-gal-image-radius\"><div class=\"kb-gallery-image-contain\" ><img loading=\"lazy\" decoding=\"async\" src=\"https:\/\/timestco.com\/wp-content\/uploads\/2025\/07\/Totumo-removebg.png\" width=\"521\" height=\"142\" alt=\"EL TOTUMO 2025 Timest Colombia\" data-full-image=\"https:\/\/timestco.com\/wp-content\/uploads\/2025\/07\/Totumo-removebg.png\" data-light-image=\"https:\/\/timestco.com\/wp-content\/uploads\/2025\/07\/Totumo-removebg.png\" data-id=\"26625\" class=\"wp-image-26625 skip-lazy\" srcset=\"https:\/\/timestco.com\/wp-content\/uploads\/2025\/07\/Totumo-removebg.png 521w, https:\/\/timestco.com\/wp-content\/uploads\/2025\/07\/Totumo-removebg-300x82.png 300w, https:\/\/timestco.com\/wp-content\/uploads\/2025\/07\/Totumo-removebg-200x55.png 200w\" sizes=\"(max-width: 521px) 100vw, 521px\" \/><\/div><\/div><\/figure><\/div><\/div><\/div><div class=\"kb-slide-item kb-gallery-carousel-item\"><div class=\"kadence-blocks-gallery-item\"><div class=\"kadence-blocks-gallery-item-inner\"><figure class=\"kb-gallery-figure kadence-blocks-gallery-item-hide-caption\" \"><div class=\"kb-gal-image-radius\"><div class=\"kb-gallery-image-contain\" ><img loading=\"lazy\" decoding=\"async\" src=\"https:\/\/timestco.com\/wp-content\/uploads\/2025\/07\/logo-osos.png\" width=\"376\" height=\"192\" alt=\"primera carrera de los osos 2025 Timest Colombia\" data-full-image=\"https:\/\/timestco.com\/wp-content\/uploads\/2025\/07\/logo-osos.png\" data-light-image=\"https:\/\/timestco.com\/wp-content\/uploads\/2025\/07\/logo-osos.png\" data-id=\"26617\" class=\"wp-image-26617 skip-lazy\" srcset=\"https:\/\/timestco.com\/wp-content\/uploads\/2025\/07\/logo-osos.png 376w, https:\/\/timestco.com\/wp-content\/uploads\/2025\/07\/logo-osos-300x153.png 300w, https:\/\/timestco.com\/wp-content\/uploads\/2025\/07\/logo-osos-200x102.png 200w\" sizes=\"(max-width: 376px) 100vw, 376px\" \/><\/div><\/div><\/figure><\/div><\/div><\/div><div class=\"kb-slide-item kb-gallery-carousel-item\"><div class=\"kadence-blocks-gallery-item\"><div class=\"kadence-blocks-gallery-item-inner\"><figure class=\"kb-gallery-figure kadence-blocks-gallery-item-hide-caption\" \"><div class=\"kb-gal-image-radius\"><div class=\"kb-gallery-image-contain\" ><img loading=\"lazy\" decoding=\"async\" src=\"https:\/\/timestco.com\/wp-content\/uploads\/2025\/07\/logo_allianz2025.jpg\" width=\"450\" height=\"262\" alt=\"ALLIANZ 15K BARRANQUILLA ATL\u00c1NTICO - TIMEST COLOMBIA\" data-full-image=\"https:\/\/timestco.com\/wp-content\/uploads\/2025\/07\/logo_allianz2025.jpg\" data-light-image=\"https:\/\/timestco.com\/wp-content\/uploads\/2025\/07\/logo_allianz2025.jpg\" data-id=\"26610\" class=\"wp-image-26610 skip-lazy\" srcset=\"https:\/\/timestco.com\/wp-content\/uploads\/2025\/07\/logo_allianz2025.jpg 450w, https:\/\/timestco.com\/wp-content\/uploads\/2025\/07\/logo_allianz2025-300x175.jpg 300w, https:\/\/timestco.com\/wp-content\/uploads\/2025\/07\/logo_allianz2025-200x116.jpg 200w\" sizes=\"(max-width: 450px) 100vw, 450px\" \/><\/div><\/div><\/figure><\/div><\/div><\/div><div class=\"kb-slide-item kb-gallery-carousel-item\"><div class=\"kadence-blocks-gallery-item\"><div class=\"kadence-blocks-gallery-item-inner\"><figure class=\"kb-gallery-figure kadence-blocks-gallery-item-hide-caption\" \"><div class=\"kb-gal-image-radius\"><div class=\"kb-gallery-image-contain\" ><img loading=\"lazy\" decoding=\"async\" src=\"https:\/\/timestco.com\/wp-content\/uploads\/2025\/07\/logo_sonsong.png\" width=\"493\" height=\"159\" alt=\"ECOSONRUN CARRERA DEL P\u00c1RAMO 2025 SONS\u00d3N TIMEST COLOMBIA\" data-full-image=\"https:\/\/timestco.com\/wp-content\/uploads\/2025\/07\/logo_sonsong.png\" data-light-image=\"https:\/\/timestco.com\/wp-content\/uploads\/2025\/07\/logo_sonsong.png\" data-id=\"26599\" class=\"wp-image-26599 skip-lazy\" srcset=\"https:\/\/timestco.com\/wp-content\/uploads\/2025\/07\/logo_sonsong.png 493w, https:\/\/timestco.com\/wp-content\/uploads\/2025\/07\/logo_sonsong-300x97.png 300w, https:\/\/timestco.com\/wp-content\/uploads\/2025\/07\/logo_sonsong-200x65.png 200w\" sizes=\"(max-width: 493px) 100vw, 493px\" \/><\/div><\/div><\/figure><\/div><\/div><\/div><div class=\"kb-slide-item kb-gallery-carousel-item\"><div class=\"kadence-blocks-gallery-item\"><div class=\"kadence-blocks-gallery-item-inner\"><figure class=\"kb-gallery-figure kadence-blocks-gallery-item-hide-caption\" \"><div class=\"kb-gal-image-radius\"><div class=\"kb-gallery-image-contain\" ><img loading=\"lazy\" decoding=\"async\" src=\"https:\/\/timestco.com\/wp-content\/uploads\/2025\/06\/logo_mmonumentos2025.jpg\" width=\"315\" height=\"158\" alt=\"CARRERA ATL\u00c9TICA MARIQUITA VERSION MONUMENTOS 2025 TIMEST COLOMBIA\" data-full-image=\"https:\/\/timestco.com\/wp-content\/uploads\/2025\/06\/logo_mmonumentos2025.jpg\" data-light-image=\"https:\/\/timestco.com\/wp-content\/uploads\/2025\/06\/logo_mmonumentos2025.jpg\" data-id=\"26590\" class=\"wp-image-26590 skip-lazy\" srcset=\"https:\/\/timestco.com\/wp-content\/uploads\/2025\/06\/logo_mmonumentos2025.jpg 315w, https:\/\/timestco.com\/wp-content\/uploads\/2025\/06\/logo_mmonumentos2025-300x150.jpg 300w, https:\/\/timestco.com\/wp-content\/uploads\/2025\/06\/logo_mmonumentos2025-200x100.jpg 200w\" sizes=\"(max-width: 315px) 100vw, 315px\" \/><\/div><\/div><\/figure><\/div><\/div><\/div><div class=\"kb-slide-item kb-gallery-carousel-item\"><div class=\"kadence-blocks-gallery-item\"><div class=\"kadence-blocks-gallery-item-inner\"><figure class=\"kb-gallery-figure kadence-blocks-gallery-item-hide-caption\" \"><div class=\"kb-gal-image-radius\"><div class=\"kb-gallery-image-contain\" ><img loading=\"lazy\" decoding=\"async\" src=\"https:\/\/timestco.com\/wp-content\/uploads\/2025\/06\/logo_penol.jpg\" width=\"257\" height=\"354\" alt=\"Carrera atl\u00e9tica El Pe\u00f1ol 2025 Timest Colombia\" data-full-image=\"https:\/\/timestco.com\/wp-content\/uploads\/2025\/06\/logo_penol.jpg\" data-light-image=\"https:\/\/timestco.com\/wp-content\/uploads\/2025\/06\/logo_penol.jpg\" data-id=\"26572\" class=\"wp-image-26572 skip-lazy\" srcset=\"https:\/\/timestco.com\/wp-content\/uploads\/2025\/06\/logo_penol.jpg 257w, https:\/\/timestco.com\/wp-content\/uploads\/2025\/06\/logo_penol-218x300.jpg 218w, https:\/\/timestco.com\/wp-content\/uploads\/2025\/06\/logo_penol-200x275.jpg 200w\" sizes=\"(max-width: 257px) 100vw, 257px\" \/><\/div><\/div><\/figure><\/div><\/div><\/div><div class=\"kb-slide-item kb-gallery-carousel-item\"><div class=\"kadence-blocks-gallery-item\"><div class=\"kadence-blocks-gallery-item-inner\"><figure class=\"kb-gallery-figure kadence-blocks-gallery-item-hide-caption\" \"><div class=\"kb-gal-image-radius\"><div class=\"kb-gallery-image-contain\" ><img loading=\"lazy\" decoding=\"async\" src=\"https:\/\/timestco.com\/wp-content\/uploads\/2025\/06\/Fuquene_logo.png\" width=\"352\" height=\"339\" alt=\"Carrera Cicl\u00edstica Laguna de Fuquene 2025 Timest Colombia\" data-full-image=\"https:\/\/timestco.com\/wp-content\/uploads\/2025\/06\/Fuquene_logo.png\" data-light-image=\"https:\/\/timestco.com\/wp-content\/uploads\/2025\/06\/Fuquene_logo.png\" data-id=\"26574\" class=\"wp-image-26574 skip-lazy\" srcset=\"https:\/\/timestco.com\/wp-content\/uploads\/2025\/06\/Fuquene_logo.png 352w, https:\/\/timestco.com\/wp-content\/uploads\/2025\/06\/Fuquene_logo-300x289.png 300w, https:\/\/timestco.com\/wp-content\/uploads\/2025\/06\/Fuquene_logo-200x193.png 200w\" sizes=\"(max-width: 352px) 100vw, 352px\" \/><\/div><\/div><\/figure><\/div><\/div><\/div><div class=\"kb-slide-item kb-gallery-carousel-item\"><div class=\"kadence-blocks-gallery-item\"><div class=\"kadence-blocks-gallery-item-inner\"><figure class=\"kb-gallery-figure kadence-blocks-gallery-item-hide-caption\" \"><div class=\"kb-gal-image-radius\"><div class=\"kb-gallery-image-contain\" ><img loading=\"lazy\" decoding=\"async\" src=\"https:\/\/timestco.com\/wp-content\/uploads\/2025\/06\/logo_camacolg2025.png\" width=\"500\" height=\"235\" alt=\"Carrera Atl\u00e9tica Camacol C\u00facuta 2025 Timest Colombia\" data-full-image=\"https:\/\/timestco.com\/wp-content\/uploads\/2025\/06\/logo_camacolg2025.png\" data-light-image=\"https:\/\/timestco.com\/wp-content\/uploads\/2025\/06\/logo_camacolg2025.png\" data-id=\"26560\" class=\"wp-image-26560 skip-lazy\" srcset=\"https:\/\/timestco.com\/wp-content\/uploads\/2025\/06\/logo_camacolg2025.png 500w, https:\/\/timestco.com\/wp-content\/uploads\/2025\/06\/logo_camacolg2025-300x141.png 300w, https:\/\/timestco.com\/wp-content\/uploads\/2025\/06\/logo_camacolg2025-200x94.png 200w\" sizes=\"(max-width: 500px) 100vw, 500px\" \/><\/div><\/div><\/figure><\/div><\/div><\/div><div class=\"kb-slide-item kb-gallery-carousel-item\"><div class=\"kadence-blocks-gallery-item\"><div class=\"kadence-blocks-gallery-item-inner\"><figure class=\"kb-gallery-figure kadence-blocks-gallery-item-hide-caption\" \"><div class=\"kb-gal-image-radius\"><div class=\"kb-gallery-image-contain\" ><img loading=\"lazy\" decoding=\"async\" src=\"https:\/\/timestco.com\/wp-content\/uploads\/2025\/05\/logo_dulimamed.png\" width=\"300\" height=\"229\" alt=\"Marat\u00f3n Dulima 2025 Ibagu\u00e9 Timest Colombia\" data-full-image=\"https:\/\/timestco.com\/wp-content\/uploads\/2025\/05\/logo_dulimamed.png\" data-light-image=\"https:\/\/timestco.com\/wp-content\/uploads\/2025\/05\/logo_dulimamed.png\" data-id=\"26553\" class=\"wp-image-26553 skip-lazy\" srcset=\"https:\/\/timestco.com\/wp-content\/uploads\/2025\/05\/logo_dulimamed.png 300w, https:\/\/timestco.com\/wp-content\/uploads\/2025\/05\/logo_dulimamed-200x153.png 200w\" sizes=\"(max-width: 300px) 100vw, 300px\" \/><\/div><\/div><\/figure><\/div><\/div><\/div><div class=\"kb-slide-item kb-gallery-carousel-item\"><div class=\"kadence-blocks-gallery-item\"><div class=\"kadence-blocks-gallery-item-inner\"><figure class=\"kb-gallery-figure kadence-blocks-gallery-item-hide-caption\" \"><div class=\"kb-gal-image-radius\"><div class=\"kb-gallery-image-contain\" ><img loading=\"lazy\" decoding=\"async\" src=\"https:\/\/timestco.com\/wp-content\/uploads\/2025\/05\/logo_manrung2025.jpg\" width=\"400\" height=\"400\" alt=\"Manizales Night Run 2025 Timest Colombia\" data-full-image=\"https:\/\/timestco.com\/wp-content\/uploads\/2025\/05\/logo_manrung2025.jpg\" data-light-image=\"https:\/\/timestco.com\/wp-content\/uploads\/2025\/05\/logo_manrung2025.jpg\" data-id=\"26539\" class=\"wp-image-26539 skip-lazy\" srcset=\"https:\/\/timestco.com\/wp-content\/uploads\/2025\/05\/logo_manrung2025.jpg 400w, https:\/\/timestco.com\/wp-content\/uploads\/2025\/05\/logo_manrung2025-300x300.jpg 300w, https:\/\/timestco.com\/wp-content\/uploads\/2025\/05\/logo_manrung2025-150x150.jpg 150w, https:\/\/timestco.com\/wp-content\/uploads\/2025\/05\/logo_manrung2025-200x200.jpg 200w\" sizes=\"(max-width: 400px) 100vw, 400px\" \/><\/div><\/div><\/figure><\/div><\/div><\/div><div class=\"kb-slide-item kb-gallery-carousel-item\"><div class=\"kadence-blocks-gallery-item\"><div class=\"kadence-blocks-gallery-item-inner\"><figure class=\"kb-gallery-figure kadence-blocks-gallery-item-hide-caption\" \"><div class=\"kb-gal-image-radius\"><div class=\"kb-gallery-image-contain\" ><img loading=\"lazy\" decoding=\"async\" src=\"https:\/\/timestco.com\/wp-content\/uploads\/2025\/04\/logo_lagartosg.png\" width=\"339\" height=\"172\" alt=\"Carrera Atl\u00e9tica Los Lagartos 2025 Timest Colombia\" data-full-image=\"https:\/\/timestco.com\/wp-content\/uploads\/2025\/04\/logo_lagartosg.png\" data-light-image=\"https:\/\/timestco.com\/wp-content\/uploads\/2025\/04\/logo_lagartosg.png\" data-id=\"26516\" class=\"wp-image-26516 skip-lazy\" srcset=\"https:\/\/timestco.com\/wp-content\/uploads\/2025\/04\/logo_lagartosg.png 339w, https:\/\/timestco.com\/wp-content\/uploads\/2025\/04\/logo_lagartosg-300x152.png 300w, https:\/\/timestco.com\/wp-content\/uploads\/2025\/04\/logo_lagartosg-200x101.png 200w\" sizes=\"(max-width: 339px) 100vw, 339px\" \/><\/div><\/div><\/figure><\/div><\/div><\/div><div class=\"kb-slide-item kb-gallery-carousel-item\"><div class=\"kadence-blocks-gallery-item\"><div class=\"kadence-blocks-gallery-item-inner\"><figure class=\"kb-gallery-figure kadence-blocks-gallery-item-hide-caption\" \"><div class=\"kb-gal-image-radius\"><div class=\"kb-gallery-image-contain\" ><img loading=\"lazy\" decoding=\"async\" src=\"https:\/\/timestco.com\/wp-content\/uploads\/2025\/04\/logo_cervantesg2025.png\" width=\"500\" height=\"243\" alt=\"\" data-full-image=\"https:\/\/timestco.com\/wp-content\/uploads\/2025\/04\/logo_cervantesg2025.png\" data-light-image=\"https:\/\/timestco.com\/wp-content\/uploads\/2025\/04\/logo_cervantesg2025.png\" data-id=\"26514\" class=\"wp-image-26514 skip-lazy\" srcset=\"https:\/\/timestco.com\/wp-content\/uploads\/2025\/04\/logo_cervantesg2025.png 500w, https:\/\/timestco.com\/wp-content\/uploads\/2025\/04\/logo_cervantesg2025-300x146.png 300w, https:\/\/timestco.com\/wp-content\/uploads\/2025\/04\/logo_cervantesg2025-200x97.png 200w\" sizes=\"(max-width: 500px) 100vw, 500px\" \/><\/div><\/div><\/figure><\/div><\/div><\/div><div class=\"kb-slide-item kb-gallery-carousel-item\"><div class=\"kadence-blocks-gallery-item\"><div class=\"kadence-blocks-gallery-item-inner\"><figure class=\"kb-gallery-figure kadence-blocks-gallery-item-hide-caption\" \"><div class=\"kb-gal-image-radius\"><div class=\"kb-gallery-image-contain\" ><img loading=\"lazy\" decoding=\"async\" src=\"https:\/\/timestco.com\/wp-content\/uploads\/2025\/04\/immersion-removebg-preview.png\" width=\"500\" height=\"500\" alt=\"Marat\u00f3n 3K-5K Gimnasio los Andes 2025 Timest Colombia\" data-full-image=\"https:\/\/timestco.com\/wp-content\/uploads\/2025\/04\/immersion-removebg-preview.png\" data-light-image=\"https:\/\/timestco.com\/wp-content\/uploads\/2025\/04\/immersion-removebg-preview.png\" data-id=\"26503\" class=\"wp-image-26503 skip-lazy\" srcset=\"https:\/\/timestco.com\/wp-content\/uploads\/2025\/04\/immersion-removebg-preview.png 500w, https:\/\/timestco.com\/wp-content\/uploads\/2025\/04\/immersion-removebg-preview-300x300.png 300w, https:\/\/timestco.com\/wp-content\/uploads\/2025\/04\/immersion-removebg-preview-150x150.png 150w, https:\/\/timestco.com\/wp-content\/uploads\/2025\/04\/immersion-removebg-preview-200x200.png 200w\" sizes=\"(max-width: 500px) 100vw, 500px\" \/><\/div><\/div><\/figure><\/div><\/div><\/div><div class=\"kb-slide-item kb-gallery-carousel-item\"><div class=\"kadence-blocks-gallery-item\"><div class=\"kadence-blocks-gallery-item-inner\"><figure class=\"kb-gallery-figure kadence-blocks-gallery-item-hide-caption\" \"><div class=\"kb-gal-image-radius\"><div class=\"kb-gallery-image-contain\" ><img loading=\"lazy\" decoding=\"async\" src=\"https:\/\/timestco.com\/wp-content\/uploads\/2025\/04\/Logo_5cimas.png\" width=\"600\" height=\"217\" alt=\"Cinco Cimas 2025 Edici\u00f3n Viboral Timest Colombia\" data-full-image=\"https:\/\/timestco.com\/wp-content\/uploads\/2025\/04\/Logo_5cimas.png\" data-light-image=\"https:\/\/timestco.com\/wp-content\/uploads\/2025\/04\/Logo_5cimas.png\" data-id=\"26505\" class=\"wp-image-26505 skip-lazy\" srcset=\"https:\/\/timestco.com\/wp-content\/uploads\/2025\/04\/Logo_5cimas.png 600w, https:\/\/timestco.com\/wp-content\/uploads\/2025\/04\/Logo_5cimas-300x109.png 300w, https:\/\/timestco.com\/wp-content\/uploads\/2025\/04\/Logo_5cimas-200x72.png 200w\" sizes=\"(max-width: 600px) 100vw, 600px\" \/><\/div><\/div><\/figure><\/div><\/div><\/div><div class=\"kb-slide-item kb-gallery-carousel-item\"><div class=\"kadence-blocks-gallery-item\"><div class=\"kadence-blocks-gallery-item-inner\"><figure class=\"kb-gallery-figure kadence-blocks-gallery-item-hide-caption\" \"><div class=\"kb-gal-image-radius\"><div class=\"kb-gallery-image-contain\" ><img loading=\"lazy\" decoding=\"async\" src=\"https:\/\/timestco.com\/wp-content\/uploads\/2025\/03\/cervelo-imagen.jpg\" width=\"342\" height=\"333\" alt=\"La m\u00e1s r\u00e1pida Nueva edici\u00f3n Bogot\u00e1 Cervelo 2025 Timest Colombia\" data-full-image=\"https:\/\/timestco.com\/wp-content\/uploads\/2025\/03\/cervelo-imagen.jpg\" data-light-image=\"https:\/\/timestco.com\/wp-content\/uploads\/2025\/03\/cervelo-imagen.jpg\" data-id=\"26474\" class=\"wp-image-26474 skip-lazy\" srcset=\"https:\/\/timestco.com\/wp-content\/uploads\/2025\/03\/cervelo-imagen.jpg 342w, https:\/\/timestco.com\/wp-content\/uploads\/2025\/03\/cervelo-imagen-300x292.jpg 300w, https:\/\/timestco.com\/wp-content\/uploads\/2025\/03\/cervelo-imagen-200x195.jpg 200w\" sizes=\"(max-width: 342px) 100vw, 342px\" \/><\/div><\/div><\/figure><\/div><\/div><\/div><div class=\"kb-slide-item kb-gallery-carousel-item\"><div class=\"kadence-blocks-gallery-item\"><div class=\"kadence-blocks-gallery-item-inner\"><figure class=\"kb-gallery-figure kadence-blocks-gallery-item-hide-caption\" \"><div class=\"kb-gal-image-radius\"><div class=\"kb-gallery-image-contain\" ><img loading=\"lazy\" decoding=\"async\" src=\"https:\/\/timestco.com\/wp-content\/uploads\/2025\/03\/logo_gmitica2025.png\" width=\"200\" height=\"250\" alt=\"M\u00edtica Marathon Race Jeric\u00f3 Antioquia 2025 Timest Colombia\" data-full-image=\"https:\/\/timestco.com\/wp-content\/uploads\/2025\/03\/logo_gmitica2025.png\" data-light-image=\"https:\/\/timestco.com\/wp-content\/uploads\/2025\/03\/logo_gmitica2025.png\" data-id=\"26475\" class=\"wp-image-26475 skip-lazy\"\/><\/div><\/div><\/figure><\/div><\/div><\/div><div class=\"kb-slide-item kb-gallery-carousel-item\"><div class=\"kadence-blocks-gallery-item\"><div class=\"kadence-blocks-gallery-item-inner\"><figure class=\"kb-gallery-figure kadence-blocks-gallery-item-hide-caption\" \"><div class=\"kb-gal-image-radius\"><div class=\"kb-gallery-image-contain\" ><img loading=\"lazy\" decoding=\"async\" src=\"https:\/\/timestco.com\/wp-content\/uploads\/2025\/03\/princesaluchima.jpg\" width=\"408\" height=\"199\" alt=\"Carrera Atl\u00e9tica Princesa Luchima 2025 Mariquita Tolima - Timest Colombia\" data-full-image=\"https:\/\/timestco.com\/wp-content\/uploads\/2025\/03\/princesaluchima.jpg\" data-light-image=\"https:\/\/timestco.com\/wp-content\/uploads\/2025\/03\/princesaluchima.jpg\" data-id=\"26476\" class=\"wp-image-26476 skip-lazy\" srcset=\"https:\/\/timestco.com\/wp-content\/uploads\/2025\/03\/princesaluchima.jpg 408w, https:\/\/timestco.com\/wp-content\/uploads\/2025\/03\/princesaluchima-300x146.jpg 300w, https:\/\/timestco.com\/wp-content\/uploads\/2025\/03\/princesaluchima-200x98.jpg 200w\" sizes=\"(max-width: 408px) 100vw, 408px\" \/><\/div><\/div><\/figure><\/div><\/div><\/div><div class=\"kb-slide-item kb-gallery-carousel-item\"><div class=\"kadence-blocks-gallery-item\"><div class=\"kadence-blocks-gallery-item-inner\"><figure class=\"kb-gallery-figure kadence-blocks-gallery-item-hide-caption\" \"><div class=\"kb-gal-image-radius\"><div class=\"kb-gallery-image-contain\" ><img loading=\"lazy\" decoding=\"async\" src=\"https:\/\/timestco.com\/wp-content\/uploads\/2025\/03\/imagen-mosquera.jpg\" width=\"400\" height=\"285\" alt=\"Mosquera Woman Running 3.0 12K 2025 Timest Colombia\" data-full-image=\"https:\/\/timestco.com\/wp-content\/uploads\/2025\/03\/imagen-mosquera.jpg\" data-light-image=\"https:\/\/timestco.com\/wp-content\/uploads\/2025\/03\/imagen-mosquera.jpg\" data-id=\"26461\" class=\"wp-image-26461 skip-lazy\" srcset=\"https:\/\/timestco.com\/wp-content\/uploads\/2025\/03\/imagen-mosquera.jpg 400w, https:\/\/timestco.com\/wp-content\/uploads\/2025\/03\/imagen-mosquera-300x214.jpg 300w, https:\/\/timestco.com\/wp-content\/uploads\/2025\/03\/imagen-mosquera-200x143.jpg 200w\" sizes=\"(max-width: 400px) 100vw, 400px\" \/><\/div><\/div><\/figure><\/div><\/div><\/div><div class=\"kb-slide-item kb-gallery-carousel-item\"><div class=\"kadence-blocks-gallery-item\"><div class=\"kadence-blocks-gallery-item-inner\"><figure class=\"kb-gallery-figure kadence-blocks-gallery-item-hide-caption\" \"><div class=\"kb-gal-image-radius\"><div class=\"kb-gallery-image-contain\" ><img loading=\"lazy\" decoding=\"async\" src=\"https:\/\/timestco.com\/wp-content\/uploads\/2025\/02\/flyerSanRafael2025.jpg\" width=\"400\" height=\"369\" alt=\"Trail Running San Rafael 2025 Timest Colombia\" data-full-image=\"https:\/\/timestco.com\/wp-content\/uploads\/2025\/02\/flyerSanRafael2025.jpg\" data-light-image=\"https:\/\/timestco.com\/wp-content\/uploads\/2025\/02\/flyerSanRafael2025.jpg\" data-id=\"26449\" class=\"wp-image-26449 skip-lazy\" srcset=\"https:\/\/timestco.com\/wp-content\/uploads\/2025\/02\/flyerSanRafael2025.jpg 400w, https:\/\/timestco.com\/wp-content\/uploads\/2025\/02\/flyerSanRafael2025-300x277.jpg 300w, https:\/\/timestco.com\/wp-content\/uploads\/2025\/02\/flyerSanRafael2025-200x185.jpg 200w\" sizes=\"(max-width: 400px) 100vw, 400px\" \/><\/div><\/div><\/figure><\/div><\/div><\/div><div class=\"kb-slide-item kb-gallery-carousel-item\"><div class=\"kadence-blocks-gallery-item\"><div class=\"kadence-blocks-gallery-item-inner\"><figure class=\"kb-gallery-figure kadence-blocks-gallery-item-hide-caption\" \"><div class=\"kb-gal-image-radius\"><div class=\"kb-gallery-image-contain\" ><img loading=\"lazy\" decoding=\"async\" src=\"https:\/\/timestco.com\/wp-content\/uploads\/2025\/02\/logo_pmmpatiense2025.png\" width=\"400\" height=\"393\" alt=\"Media Marat\u00f3n Patiense 2025 Timest Colombia\" data-full-image=\"https:\/\/timestco.com\/wp-content\/uploads\/2025\/02\/logo_pmmpatiense2025.png\" data-light-image=\"https:\/\/timestco.com\/wp-content\/uploads\/2025\/02\/logo_pmmpatiense2025.png\" data-id=\"26407\" class=\"wp-image-26407 skip-lazy\" srcset=\"https:\/\/timestco.com\/wp-content\/uploads\/2025\/02\/logo_pmmpatiense2025.png 400w, https:\/\/timestco.com\/wp-content\/uploads\/2025\/02\/logo_pmmpatiense2025-300x295.png 300w, https:\/\/timestco.com\/wp-content\/uploads\/2025\/02\/logo_pmmpatiense2025-200x197.png 200w\" sizes=\"(max-width: 400px) 100vw, 400px\" \/><\/div><\/div><\/figure><\/div><\/div><\/div><div class=\"kb-slide-item kb-gallery-carousel-item\"><div class=\"kadence-blocks-gallery-item\"><div class=\"kadence-blocks-gallery-item-inner\"><figure class=\"kb-gallery-figure kadence-blocks-gallery-item-hide-caption\" \"><div class=\"kb-gal-image-radius\"><div class=\"kb-gallery-image-contain\" ><img loading=\"lazy\" decoding=\"async\" src=\"https:\/\/timestco.com\/wp-content\/uploads\/2025\/02\/logo_gcorramosx1sueno2025.jpg\" width=\"350\" height=\"364\" alt=\"Corramos por un Sue\u00f1o 2025 Timest Colombia\" data-full-image=\"https:\/\/timestco.com\/wp-content\/uploads\/2025\/02\/logo_gcorramosx1sueno2025.jpg\" data-light-image=\"https:\/\/timestco.com\/wp-content\/uploads\/2025\/02\/logo_gcorramosx1sueno2025.jpg\" data-id=\"26408\" class=\"wp-image-26408 skip-lazy\" srcset=\"https:\/\/timestco.com\/wp-content\/uploads\/2025\/02\/logo_gcorramosx1sueno2025.jpg 350w, https:\/\/timestco.com\/wp-content\/uploads\/2025\/02\/logo_gcorramosx1sueno2025-288x300.jpg 288w, https:\/\/timestco.com\/wp-content\/uploads\/2025\/02\/logo_gcorramosx1sueno2025-200x208.jpg 200w\" sizes=\"(max-width: 350px) 100vw, 350px\" \/><\/div><\/div><\/figure><\/div><\/div><\/div><div class=\"kb-slide-item kb-gallery-carousel-item\"><div class=\"kadence-blocks-gallery-item\"><div class=\"kadence-blocks-gallery-item-inner\"><figure class=\"kb-gallery-figure kadence-blocks-gallery-item-hide-caption\" \"><div class=\"kb-gal-image-radius\"><div class=\"kb-gallery-image-contain\" ><img loading=\"lazy\" decoding=\"async\" src=\"https:\/\/timestco.com\/wp-content\/uploads\/2025\/02\/patiensekids2025.png\" width=\"384\" height=\"175\" alt=\"Media Marat\u00f3n Patiense KIDS 2025 Timest Colombia\" data-full-image=\"https:\/\/timestco.com\/wp-content\/uploads\/2025\/02\/patiensekids2025.png\" data-light-image=\"https:\/\/timestco.com\/wp-content\/uploads\/2025\/02\/patiensekids2025.png\" data-id=\"26406\" class=\"wp-image-26406 skip-lazy\" srcset=\"https:\/\/timestco.com\/wp-content\/uploads\/2025\/02\/patiensekids2025.png 384w, https:\/\/timestco.com\/wp-content\/uploads\/2025\/02\/patiensekids2025-300x137.png 300w, https:\/\/timestco.com\/wp-content\/uploads\/2025\/02\/patiensekids2025-200x91.png 200w\" sizes=\"(max-width: 384px) 100vw, 384px\" \/><\/div><\/div><\/figure><\/div><\/div><\/div><div class=\"kb-slide-item kb-gallery-carousel-item\"><div class=\"kadence-blocks-gallery-item\"><div class=\"kadence-blocks-gallery-item-inner\"><figure class=\"kb-gallery-figure kadence-blocks-gallery-item-hide-caption\" \"><div class=\"kb-gal-image-radius\"><div class=\"kb-gallery-image-contain\" ><img loading=\"lazy\" decoding=\"async\" src=\"https:\/\/timestco.com\/wp-content\/uploads\/2024\/12\/logocarrera.png\" width=\"674\" height=\"457\" alt=\"Vo2Max Team 10K Ibagu\u00e9 Timest Colombia\" data-full-image=\"https:\/\/timestco.com\/wp-content\/uploads\/2024\/12\/logocarrera.png\" data-light-image=\"https:\/\/timestco.com\/wp-content\/uploads\/2024\/12\/logocarrera.png\" data-id=\"26391\" class=\"wp-image-26391 skip-lazy\" srcset=\"https:\/\/timestco.com\/wp-content\/uploads\/2024\/12\/logocarrera.png 674w, https:\/\/timestco.com\/wp-content\/uploads\/2024\/12\/logocarrera-300x203.png 300w, https:\/\/timestco.com\/wp-content\/uploads\/2024\/12\/logocarrera-200x136.png 200w\" sizes=\"(max-width: 674px) 100vw, 674px\" \/><\/div><\/div><\/figure><\/div><\/div><\/div><div class=\"kb-slide-item kb-gallery-carousel-item\"><div class=\"kadence-blocks-gallery-item\"><div class=\"kadence-blocks-gallery-item-inner\"><figure class=\"kb-gallery-figure kadence-blocks-gallery-item-hide-caption\" \"><div class=\"kb-gal-image-radius\"><div class=\"kb-gallery-image-contain\" ><img loading=\"lazy\" decoding=\"async\" src=\"https:\/\/timestco.com\/wp-content\/uploads\/2024\/11\/logo_sabanetaneon2024.jpg\" width=\"500\" height=\"140\" alt=\"Sabaneta Ne\u00f3n Run Party 2024 Timest Colombia\" data-full-image=\"https:\/\/timestco.com\/wp-content\/uploads\/2024\/11\/logo_sabanetaneon2024.jpg\" data-light-image=\"https:\/\/timestco.com\/wp-content\/uploads\/2024\/11\/logo_sabanetaneon2024.jpg\" data-id=\"26381\" class=\"wp-image-26381 skip-lazy\" srcset=\"https:\/\/timestco.com\/wp-content\/uploads\/2024\/11\/logo_sabanetaneon2024.jpg 500w, https:\/\/timestco.com\/wp-content\/uploads\/2024\/11\/logo_sabanetaneon2024-300x84.jpg 300w, https:\/\/timestco.com\/wp-content\/uploads\/2024\/11\/logo_sabanetaneon2024-200x56.jpg 200w\" sizes=\"(max-width: 500px) 100vw, 500px\" \/><\/div><\/div><\/figure><\/div><\/div><\/div><div class=\"kb-slide-item kb-gallery-carousel-item\"><div class=\"kadence-blocks-gallery-item\"><div class=\"kadence-blocks-gallery-item-inner\"><figure class=\"kb-gallery-figure kadence-blocks-gallery-item-hide-caption\" \"><div class=\"kb-gal-image-radius\"><div class=\"kb-gallery-image-contain\" ><img loading=\"lazy\" decoding=\"async\" src=\"https:\/\/timestco.com\/wp-content\/uploads\/2024\/11\/mmcana2024_verde.jpg\" width=\"695\" height=\"375\" alt=\"Media marat\u00f3n de la Ca\u00f1a Palmira 2024 Timest Colombia\" data-full-image=\"https:\/\/timestco.com\/wp-content\/uploads\/2024\/11\/mmcana2024_verde.jpg\" data-light-image=\"https:\/\/timestco.com\/wp-content\/uploads\/2024\/11\/mmcana2024_verde.jpg\" data-id=\"26372\" class=\"wp-image-26372 skip-lazy\" srcset=\"https:\/\/timestco.com\/wp-content\/uploads\/2024\/11\/mmcana2024_verde.jpg 695w, https:\/\/timestco.com\/wp-content\/uploads\/2024\/11\/mmcana2024_verde-300x162.jpg 300w, https:\/\/timestco.com\/wp-content\/uploads\/2024\/11\/mmcana2024_verde-200x108.jpg 200w\" sizes=\"(max-width: 695px) 100vw, 695px\" \/><\/div><\/div><\/figure><\/div><\/div><\/div><div class=\"kb-slide-item kb-gallery-carousel-item\"><div class=\"kadence-blocks-gallery-item\"><div class=\"kadence-blocks-gallery-item-inner\"><figure class=\"kb-gallery-figure kadence-blocks-gallery-item-hide-caption\" \"><div class=\"kb-gal-image-radius\"><div class=\"kb-gallery-image-contain\" ><img loading=\"lazy\" decoding=\"async\" src=\"https:\/\/timestco.com\/wp-content\/uploads\/2024\/11\/Logo_Andes.jpg\" width=\"343\" height=\"230\" alt=\"Los Andes Trail 2024 Timest Colombia\" data-full-image=\"https:\/\/timestco.com\/wp-content\/uploads\/2024\/11\/Logo_Andes.jpg\" data-light-image=\"https:\/\/timestco.com\/wp-content\/uploads\/2024\/11\/Logo_Andes.jpg\" data-id=\"26359\" class=\"wp-image-26359 skip-lazy\" srcset=\"https:\/\/timestco.com\/wp-content\/uploads\/2024\/11\/Logo_Andes.jpg 343w, https:\/\/timestco.com\/wp-content\/uploads\/2024\/11\/Logo_Andes-300x201.jpg 300w, https:\/\/timestco.com\/wp-content\/uploads\/2024\/11\/Logo_Andes-200x134.jpg 200w\" sizes=\"(max-width: 343px) 100vw, 343px\" \/><\/div><\/div><\/figure><\/div><\/div><\/div><div class=\"kb-slide-item kb-gallery-carousel-item\"><div class=\"kadence-blocks-gallery-item\"><div class=\"kadence-blocks-gallery-item-inner\"><figure class=\"kb-gallery-figure kadence-blocks-gallery-item-hide-caption\" \"><div class=\"kb-gal-image-radius\"><div class=\"kb-gallery-image-contain\" ><img loading=\"lazy\" decoding=\"async\" src=\"https:\/\/timestco.com\/wp-content\/uploads\/2024\/11\/imagen.jpg\" width=\"424\" height=\"224\" alt=\"La Carrera del Coraz\u00f3n 2024 Timest Colombia\" data-full-image=\"https:\/\/timestco.com\/wp-content\/uploads\/2024\/11\/imagen.jpg\" data-light-image=\"https:\/\/timestco.com\/wp-content\/uploads\/2024\/11\/imagen.jpg\" data-id=\"26360\" class=\"wp-image-26360 skip-lazy\" srcset=\"https:\/\/timestco.com\/wp-content\/uploads\/2024\/11\/imagen.jpg 424w, https:\/\/timestco.com\/wp-content\/uploads\/2024\/11\/imagen-300x158.jpg 300w, https:\/\/timestco.com\/wp-content\/uploads\/2024\/11\/imagen-200x106.jpg 200w\" sizes=\"(max-width: 424px) 100vw, 424px\" \/><\/div><\/div><\/figure><\/div><\/div><\/div><div class=\"kb-slide-item kb-gallery-carousel-item\"><div class=\"kadence-blocks-gallery-item\"><div class=\"kadence-blocks-gallery-item-inner\"><figure class=\"kb-gallery-figure kadence-blocks-gallery-item-hide-caption\" \"><div class=\"kb-gal-image-radius\"><div class=\"kb-gallery-image-contain\" ><img loading=\"lazy\" decoding=\"async\" src=\"https:\/\/timestco.com\/wp-content\/uploads\/2023\/08\/Logo_embera_med.jpg\" width=\"200\" height=\"206\" alt=\"\" data-full-image=\"https:\/\/timestco.com\/wp-content\/uploads\/2023\/08\/Logo_embera_med.jpg\" data-light-image=\"https:\/\/timestco.com\/wp-content\/uploads\/2023\/08\/Logo_embera_med.jpg\" data-id=\"25533\" class=\"wp-image-25533 skip-lazy\"\/><\/div><\/div><\/figure><\/div><\/div><\/div><div class=\"kb-slide-item kb-gallery-carousel-item\"><div class=\"kadence-blocks-gallery-item\"><div class=\"kadence-blocks-gallery-item-inner\"><figure class=\"kb-gallery-figure kadence-blocks-gallery-item-hide-caption\" \"><div class=\"kb-gal-image-radius\"><div class=\"kb-gallery-image-contain\" ><img loading=\"lazy\" decoding=\"async\" src=\"https:\/\/timestco.com\/wp-content\/uploads\/2023\/08\/logo_evex-1.png\" width=\"153\" height=\"149\" alt=\"\" data-full-image=\"https:\/\/timestco.com\/wp-content\/uploads\/2023\/08\/logo_evex-1.png\" data-light-image=\"https:\/\/timestco.com\/wp-content\/uploads\/2023\/08\/logo_evex-1.png\" data-id=\"25531\" class=\"wp-image-25531 skip-lazy\"\/><\/div><\/div><\/figure><\/div><\/div><\/div><div class=\"kb-slide-item kb-gallery-carousel-item\"><div class=\"kadence-blocks-gallery-item\"><div class=\"kadence-blocks-gallery-item-inner\"><figure class=\"kb-gallery-figure kadence-blocks-gallery-item-hide-caption\" \"><div class=\"kb-gal-image-radius\"><div class=\"kb-gallery-image-contain\" ><img loading=\"lazy\" decoding=\"async\" src=\"https:\/\/timestco.com\/wp-content\/uploads\/2023\/08\/logo_mujerpeq.jpg\" width=\"174\" height=\"151\" alt=\"\" data-full-image=\"https:\/\/timestco.com\/wp-content\/uploads\/2023\/08\/logo_mujerpeq.jpg\" data-light-image=\"https:\/\/timestco.com\/wp-content\/uploads\/2023\/08\/logo_mujerpeq.jpg\" data-id=\"25528\" class=\"wp-image-25528 skip-lazy\"\/><\/div><\/div><\/figure><\/div><\/div><\/div><div class=\"kb-slide-item kb-gallery-carousel-item\"><div class=\"kadence-blocks-gallery-item\"><div class=\"kadence-blocks-gallery-item-inner\"><figure class=\"kb-gallery-figure kadence-blocks-gallery-item-hide-caption\" \"><div class=\"kb-gal-image-radius\"><div class=\"kb-gallery-image-contain\" ><img loading=\"lazy\" decoding=\"async\" src=\"https:\/\/timestco.com\/wp-content\/uploads\/2023\/08\/Evextinv.png.png\" width=\"200\" height=\"198\" alt=\"\" data-full-image=\"https:\/\/timestco.com\/wp-content\/uploads\/2023\/08\/Evextinv.png.png\" data-light-image=\"https:\/\/timestco.com\/wp-content\/uploads\/2023\/08\/Evextinv.png.png\" data-id=\"25525\" class=\"wp-image-25525 skip-lazy\" srcset=\"https:\/\/timestco.com\/wp-content\/uploads\/2023\/08\/Evextinv.png.png 200w, https:\/\/timestco.com\/wp-content\/uploads\/2023\/08\/Evextinv.png-150x150.png 150w\" sizes=\"(max-width: 200px) 100vw, 200px\" \/><\/div><\/div><\/figure><\/div><\/div><\/div><div class=\"kb-slide-item kb-gallery-carousel-item\"><div class=\"kadence-blocks-gallery-item\"><div class=\"kadence-blocks-gallery-item-inner\"><figure class=\"kb-gallery-figure kadence-blocks-gallery-item-hide-caption\" \"><div class=\"kb-gal-image-radius\"><div class=\"kb-gallery-image-contain\" ><img loading=\"lazy\" decoding=\"async\" src=\"https:\/\/timestco.com\/wp-content\/uploads\/2023\/08\/logo_woofpeq.jpg\" width=\"300\" height=\"103\" alt=\"\" data-full-image=\"https:\/\/timestco.com\/wp-content\/uploads\/2023\/08\/logo_woofpeq.jpg\" data-light-image=\"https:\/\/timestco.com\/wp-content\/uploads\/2023\/08\/logo_woofpeq.jpg\" data-id=\"25522\" class=\"wp-image-25522 skip-lazy\" srcset=\"https:\/\/timestco.com\/wp-content\/uploads\/2023\/08\/logo_woofpeq.jpg 300w, https:\/\/timestco.com\/wp-content\/uploads\/2023\/08\/logo_woofpeq-200x69.jpg 200w\" sizes=\"(max-width: 300px) 100vw, 300px\" \/><\/div><\/div><\/figure><\/div><\/div><\/div><div class=\"kb-slide-item kb-gallery-carousel-item\"><div class=\"kadence-blocks-gallery-item\"><div class=\"kadence-blocks-gallery-item-inner\"><figure class=\"kb-gallery-figure kadence-blocks-gallery-item-hide-caption\" \"><div class=\"kb-gal-image-radius\"><div class=\"kb-gallery-image-contain\" ><img loading=\"lazy\" decoding=\"async\" src=\"https:\/\/timestco.com\/wp-content\/uploads\/2023\/08\/logo_peqrodadaescarabajos.jpg\" width=\"264\" height=\"100\" alt=\"\" data-full-image=\"https:\/\/timestco.com\/wp-content\/uploads\/2023\/08\/logo_peqrodadaescarabajos.jpg\" data-light-image=\"https:\/\/timestco.com\/wp-content\/uploads\/2023\/08\/logo_peqrodadaescarabajos.jpg\" data-id=\"25520\" class=\"wp-image-25520 skip-lazy\" srcset=\"https:\/\/timestco.com\/wp-content\/uploads\/2023\/08\/logo_peqrodadaescarabajos.jpg 264w, https:\/\/timestco.com\/wp-content\/uploads\/2023\/08\/logo_peqrodadaescarabajos-200x76.jpg 200w\" sizes=\"(max-width: 264px) 100vw, 264px\" \/><\/div><\/div><\/figure><\/div><\/div><\/div><div class=\"kb-slide-item kb-gallery-carousel-item\"><div class=\"kadence-blocks-gallery-item\"><div class=\"kadence-blocks-gallery-item-inner\"><figure class=\"kb-gallery-figure kadence-blocks-gallery-item-hide-caption\" \"><div class=\"kb-gal-image-radius\"><div class=\"kb-gallery-image-contain\" ><img loading=\"lazy\" decoding=\"async\" src=\"https:\/\/timestco.com\/wp-content\/uploads\/2023\/08\/logo_lib1.png\" width=\"395\" height=\"219\" alt=\"\" data-full-image=\"https:\/\/timestco.com\/wp-content\/uploads\/2023\/08\/logo_lib1.png\" data-light-image=\"https:\/\/timestco.com\/wp-content\/uploads\/2023\/08\/logo_lib1.png\" data-id=\"25517\" class=\"wp-image-25517 skip-lazy\" srcset=\"https:\/\/timestco.com\/wp-content\/uploads\/2023\/08\/logo_lib1.png 395w, https:\/\/timestco.com\/wp-content\/uploads\/2023\/08\/logo_lib1-300x166.png 300w, https:\/\/timestco.com\/wp-content\/uploads\/2023\/08\/logo_lib1-200x111.png 200w\" sizes=\"(max-width: 395px) 100vw, 395px\" \/><\/div><\/div><\/figure><\/div><\/div><\/div><div class=\"kb-slide-item kb-gallery-carousel-item\"><div class=\"kadence-blocks-gallery-item\"><div class=\"kadence-blocks-gallery-item-inner\"><figure class=\"kb-gallery-figure kadence-blocks-gallery-item-hide-caption\" \"><div class=\"kb-gal-image-radius\"><div class=\"kb-gallery-image-contain\" ><img loading=\"lazy\" decoding=\"async\" src=\"https:\/\/timestco.com\/wp-content\/uploads\/2023\/08\/mmf2023_logog.jpg\" width=\"200\" height=\"177\" alt=\"\" data-full-image=\"https:\/\/timestco.com\/wp-content\/uploads\/2023\/08\/mmf2023_logog.jpg\" data-light-image=\"https:\/\/timestco.com\/wp-content\/uploads\/2023\/08\/mmf2023_logog.jpg\" data-id=\"25507\" class=\"wp-image-25507 skip-lazy\"\/><\/div><\/div><\/figure><\/div><\/div><\/div><div class=\"kb-slide-item kb-gallery-carousel-item\"><div class=\"kadence-blocks-gallery-item\"><div class=\"kadence-blocks-gallery-item-inner\"><figure class=\"kb-gallery-figure kadence-blocks-gallery-item-hide-caption\" \"><div class=\"kb-gal-image-radius\"><div class=\"kb-gallery-image-contain\" ><img loading=\"lazy\" decoding=\"async\" src=\"https:\/\/timestco.com\/wp-content\/uploads\/2023\/08\/logo_antmagg2023.jpg\" width=\"180\" height=\"166\" alt=\"\" data-full-image=\"https:\/\/timestco.com\/wp-content\/uploads\/2023\/08\/logo_antmagg2023.jpg\" data-light-image=\"https:\/\/timestco.com\/wp-content\/uploads\/2023\/08\/logo_antmagg2023.jpg\" data-id=\"25502\" class=\"wp-image-25502 skip-lazy\"\/><\/div><\/div><\/figure><\/div><\/div><\/div><div class=\"kb-slide-item kb-gallery-carousel-item\"><div class=\"kadence-blocks-gallery-item\"><div class=\"kadence-blocks-gallery-item-inner\"><figure class=\"kb-gallery-figure kadence-blocks-gallery-item-hide-caption\" \"><div class=\"kb-gal-image-radius\"><div class=\"kb-gallery-image-contain\" ><img loading=\"lazy\" decoding=\"async\" src=\"https:\/\/timestco.com\/wp-content\/uploads\/2023\/08\/logo_webpeq2023.jpg\" width=\"200\" height=\"128\" alt=\"Eventos recreo deportivos 2023 Timest Colombia\" data-full-image=\"https:\/\/timestco.com\/wp-content\/uploads\/2023\/08\/logo_webpeq2023.jpg\" data-light-image=\"https:\/\/timestco.com\/wp-content\/uploads\/2023\/08\/logo_webpeq2023.jpg\" data-id=\"25497\" class=\"wp-image-25497 skip-lazy\"\/><\/div><\/div><\/figure><\/div><\/div><\/div><div class=\"kb-slide-item kb-gallery-carousel-item\"><div class=\"kadence-blocks-gallery-item\"><div class=\"kadence-blocks-gallery-item-inner\"><figure class=\"kb-gallery-figure kadence-blocks-gallery-item-hide-caption\" \"><div class=\"kb-gal-image-radius\"><div class=\"kb-gallery-image-contain\" ><img loading=\"lazy\" decoding=\"async\" src=\"https:\/\/timestco.com\/wp-content\/uploads\/2023\/08\/logo_conecta5k.jpg\" width=\"300\" height=\"107\" alt=\"\" data-full-image=\"https:\/\/timestco.com\/wp-content\/uploads\/2023\/08\/logo_conecta5k.jpg\" data-light-image=\"https:\/\/timestco.com\/wp-content\/uploads\/2023\/08\/logo_conecta5k.jpg\" data-id=\"25492\" class=\"wp-image-25492 skip-lazy\" srcset=\"https:\/\/timestco.com\/wp-content\/uploads\/2023\/08\/logo_conecta5k.jpg 300w, https:\/\/timestco.com\/wp-content\/uploads\/2023\/08\/logo_conecta5k-200x71.jpg 200w\" sizes=\"(max-width: 300px) 100vw, 300px\" \/><\/div><\/div><\/figure><\/div><\/div><\/div><div class=\"kb-slide-item kb-gallery-carousel-item\"><div class=\"kadence-blocks-gallery-item\"><div class=\"kadence-blocks-gallery-item-inner\"><figure class=\"kb-gallery-figure kadence-blocks-gallery-item-hide-caption\" \"><div class=\"kb-gal-image-radius\"><div class=\"kb-gallery-image-contain\" ><img loading=\"lazy\" decoding=\"async\" src=\"https:\/\/timestco.com\/wp-content\/uploads\/2023\/08\/mmboyaca.jpg\" width=\"369\" height=\"154\" alt=\"\" data-full-image=\"https:\/\/timestco.com\/wp-content\/uploads\/2023\/08\/mmboyaca.jpg\" data-light-image=\"https:\/\/timestco.com\/wp-content\/uploads\/2023\/08\/mmboyaca.jpg\" data-id=\"25491\" class=\"wp-image-25491 skip-lazy\" srcset=\"https:\/\/timestco.com\/wp-content\/uploads\/2023\/08\/mmboyaca.jpg 369w, https:\/\/timestco.com\/wp-content\/uploads\/2023\/08\/mmboyaca-300x125.jpg 300w, https:\/\/timestco.com\/wp-content\/uploads\/2023\/08\/mmboyaca-200x83.jpg 200w\" sizes=\"(max-width: 369px) 100vw, 369px\" \/><\/div><\/div><\/figure><\/div><\/div><\/div><div class=\"kb-slide-item kb-gallery-carousel-item\"><div class=\"kadence-blocks-gallery-item\"><div class=\"kadence-blocks-gallery-item-inner\"><figure class=\"kb-gallery-figure kadence-blocks-gallery-item-hide-caption\" \"><div class=\"kb-gal-image-radius\"><div class=\"kb-gallery-image-contain\" ><img loading=\"lazy\" decoding=\"async\" src=\"https:\/\/timestco.com\/wp-content\/uploads\/2023\/08\/Logo_retoRosario.jpg\" width=\"150\" height=\"139\" alt=\"Timest Colombia logo sexto reto el rosario rio de oro 2022\" data-full-image=\"https:\/\/timestco.com\/wp-content\/uploads\/2023\/08\/Logo_retoRosario.jpg\" data-light-image=\"https:\/\/timestco.com\/wp-content\/uploads\/2023\/08\/Logo_retoRosario.jpg\" data-id=\"25416\" class=\"wp-image-25416 skip-lazy\"\/><\/div><\/div><\/figure><\/div><\/div><\/div><div class=\"kb-slide-item kb-gallery-carousel-item\"><div class=\"kadence-blocks-gallery-item\"><div class=\"kadence-blocks-gallery-item-inner\"><figure class=\"kb-gallery-figure kadence-blocks-gallery-item-hide-caption\" \"><div class=\"kb-gal-image-radius\"><div class=\"kb-gallery-image-contain\" ><img loading=\"lazy\" decoding=\"async\" src=\"https:\/\/timestco.com\/wp-content\/uploads\/2023\/08\/logo_glevl16k_2022.jpg\" width=\"200\" height=\"189\" alt=\"Timest Colombia logo carrera atl\u00e9tica Luis Eduardo Villegas L\u00f3pez 16K 2022\" data-full-image=\"https:\/\/timestco.com\/wp-content\/uploads\/2023\/08\/logo_glevl16k_2022.jpg\" data-light-image=\"https:\/\/timestco.com\/wp-content\/uploads\/2023\/08\/logo_glevl16k_2022.jpg\" data-id=\"25373\" class=\"wp-image-25373 skip-lazy\"\/><\/div><\/div><\/figure><\/div><\/div><\/div><div class=\"kb-slide-item kb-gallery-carousel-item\"><div class=\"kadence-blocks-gallery-item\"><div class=\"kadence-blocks-gallery-item-inner\"><figure class=\"kb-gallery-figure kadence-blocks-gallery-item-hide-caption\" \"><div class=\"kb-gal-image-radius\"><div class=\"kb-gallery-image-contain\" ><img loading=\"lazy\" decoding=\"async\" src=\"https:\/\/timestco.com\/wp-content\/uploads\/2023\/08\/logo_cas2022_peq.jpg\" width=\"300\" height=\"77\" alt=\"Timest Colombia logo carrera atl\u00e9tica Casanare 10k 2022\" data-full-image=\"https:\/\/timestco.com\/wp-content\/uploads\/2023\/08\/logo_cas2022_peq.jpg\" data-light-image=\"https:\/\/timestco.com\/wp-content\/uploads\/2023\/08\/logo_cas2022_peq.jpg\" data-id=\"25372\" class=\"wp-image-25372 skip-lazy\" srcset=\"https:\/\/timestco.com\/wp-content\/uploads\/2023\/08\/logo_cas2022_peq.jpg 300w, https:\/\/timestco.com\/wp-content\/uploads\/2023\/08\/logo_cas2022_peq-200x51.jpg 200w\" sizes=\"(max-width: 300px) 100vw, 300px\" \/><\/div><\/div><\/figure><\/div><\/div><\/div><div class=\"kb-slide-item kb-gallery-carousel-item\"><div class=\"kadence-blocks-gallery-item\"><div class=\"kadence-blocks-gallery-item-inner\"><figure class=\"kb-gallery-figure kadence-blocks-gallery-item-hide-caption\" \"><div class=\"kb-gal-image-radius\"><div class=\"kb-gallery-image-contain\" ><img loading=\"lazy\" decoding=\"async\" src=\"https:\/\/timestco.com\/wp-content\/uploads\/2023\/08\/Logo_Tpp_mid.jpg\" width=\"200\" height=\"130\" alt=\"Timest Colombia logo Rutas por la paz Ulloa &amp; Filandia 2022\" data-full-image=\"https:\/\/timestco.com\/wp-content\/uploads\/2023\/08\/Logo_Tpp_mid.jpg\" data-light-image=\"https:\/\/timestco.com\/wp-content\/uploads\/2023\/08\/Logo_Tpp_mid.jpg\" data-id=\"25371\" class=\"wp-image-25371 skip-lazy\"\/><\/div><\/div><\/figure><\/div><\/div><\/div><div class=\"kb-slide-item kb-gallery-carousel-item\"><div class=\"kadence-blocks-gallery-item\"><div class=\"kadence-blocks-gallery-item-inner\"><figure class=\"kb-gallery-figure kadence-blocks-gallery-item-hide-caption\" \"><div class=\"kb-gal-image-radius\"><div class=\"kb-gallery-image-contain\" ><img loading=\"lazy\" decoding=\"async\" src=\"https:\/\/timestco.com\/wp-content\/uploads\/2023\/08\/Logo_mainmmf.jpg\" width=\"190\" height=\"146\" alt=\"Timest Colombia logo Media Marat\u00f3n de Floridablanca 2022\" data-full-image=\"https:\/\/timestco.com\/wp-content\/uploads\/2023\/08\/Logo_mainmmf.jpg\" data-light-image=\"https:\/\/timestco.com\/wp-content\/uploads\/2023\/08\/Logo_mainmmf.jpg\" data-id=\"25370\" class=\"wp-image-25370 skip-lazy\"\/><\/div><\/div><\/figure><\/div><\/div><\/div><div class=\"kb-slide-item kb-gallery-carousel-item\"><div class=\"kadence-blocks-gallery-item\"><div class=\"kadence-blocks-gallery-item-inner\"><figure class=\"kb-gallery-figure kadence-blocks-gallery-item-hide-caption\" \"><div class=\"kb-gal-image-radius\"><div class=\"kb-gallery-image-contain\" ><img loading=\"lazy\" decoding=\"async\" src=\"https:\/\/timestco.com\/wp-content\/uploads\/2023\/08\/certifica_SanMarcos.jpg\" width=\"203\" height=\"190\" alt=\"Timest Colombia logo segundo encuentro de runners San Marcos 2022\" data-full-image=\"https:\/\/timestco.com\/wp-content\/uploads\/2023\/08\/certifica_SanMarcos.jpg\" data-light-image=\"https:\/\/timestco.com\/wp-content\/uploads\/2023\/08\/certifica_SanMarcos.jpg\" data-id=\"25368\" class=\"wp-image-25368 skip-lazy\" srcset=\"https:\/\/timestco.com\/wp-content\/uploads\/2023\/08\/certifica_SanMarcos.jpg 203w, https:\/\/timestco.com\/wp-content\/uploads\/2023\/08\/certifica_SanMarcos-200x187.jpg 200w\" sizes=\"(max-width: 203px) 100vw, 203px\" \/><\/div><\/div><\/figure><\/div><\/div><\/div><div class=\"kb-slide-item kb-gallery-carousel-item\"><div class=\"kadence-blocks-gallery-item\"><div class=\"kadence-blocks-gallery-item-inner\"><figure class=\"kb-gallery-figure kadence-blocks-gallery-item-hide-caption\" \"><div class=\"kb-gal-image-radius\"><div class=\"kb-gallery-image-contain\" ><img loading=\"lazy\" decoding=\"async\" src=\"https:\/\/timestco.com\/wp-content\/uploads\/2023\/08\/Isla-tierra-bomba.jpg\" width=\"366\" height=\"346\" alt=\"Timest Colombia logo Marat\u00f3n Isla Tierra Bomba 2022\" data-full-image=\"https:\/\/timestco.com\/wp-content\/uploads\/2023\/08\/Isla-tierra-bomba.jpg\" data-light-image=\"https:\/\/timestco.com\/wp-content\/uploads\/2023\/08\/Isla-tierra-bomba.jpg\" data-id=\"25367\" class=\"wp-image-25367 skip-lazy\" srcset=\"https:\/\/timestco.com\/wp-content\/uploads\/2023\/08\/Isla-tierra-bomba.jpg 366w, https:\/\/timestco.com\/wp-content\/uploads\/2023\/08\/Isla-tierra-bomba-300x284.jpg 300w, https:\/\/timestco.com\/wp-content\/uploads\/2023\/08\/Isla-tierra-bomba-200x189.jpg 200w\" sizes=\"(max-width: 366px) 100vw, 366px\" \/><\/div><\/div><\/figure><\/div><\/div><\/div><div class=\"kb-slide-item kb-gallery-carousel-item\"><div class=\"kadence-blocks-gallery-item\"><div class=\"kadence-blocks-gallery-item-inner\"><figure class=\"kb-gallery-figure kadence-blocks-gallery-item-hide-caption\" \"><div class=\"kb-gal-image-radius\"><div class=\"kb-gallery-image-contain\" ><img loading=\"lazy\" decoding=\"async\" src=\"https:\/\/timestco.com\/wp-content\/uploads\/2023\/08\/logo_rcd.jpg\" width=\"332\" height=\"143\" alt=\"Timest Colombia logo Reto Candelaria Desert 2022\" data-full-image=\"https:\/\/timestco.com\/wp-content\/uploads\/2023\/08\/logo_rcd.jpg\" data-light-image=\"https:\/\/timestco.com\/wp-content\/uploads\/2023\/08\/logo_rcd.jpg\" data-id=\"25366\" class=\"wp-image-25366 skip-lazy\" srcset=\"https:\/\/timestco.com\/wp-content\/uploads\/2023\/08\/logo_rcd.jpg 332w, https:\/\/timestco.com\/wp-content\/uploads\/2023\/08\/logo_rcd-300x129.jpg 300w, https:\/\/timestco.com\/wp-content\/uploads\/2023\/08\/logo_rcd-200x86.jpg 200w\" sizes=\"(max-width: 332px) 100vw, 332px\" \/><\/div><\/div><\/figure><\/div><\/div><\/div><div class=\"kb-slide-item kb-gallery-carousel-item\"><div class=\"kadence-blocks-gallery-item\"><div class=\"kadence-blocks-gallery-item-inner\"><figure class=\"kb-gallery-figure kadence-blocks-gallery-item-hide-caption\" \"><div class=\"kb-gal-image-radius\"><div class=\"kb-gallery-image-contain\" ><img loading=\"lazy\" decoding=\"async\" src=\"https:\/\/timestco.com\/wp-content\/uploads\/2023\/08\/logo_grandecc.jpg\" width=\"424\" height=\"344\" alt=\"Timest Colombia logo Carrera ciclista Santa fe 2022\" data-full-image=\"https:\/\/timestco.com\/wp-content\/uploads\/2023\/08\/logo_grandecc.jpg\" data-light-image=\"https:\/\/timestco.com\/wp-content\/uploads\/2023\/08\/logo_grandecc.jpg\" data-id=\"25365\" class=\"wp-image-25365 skip-lazy\" srcset=\"https:\/\/timestco.com\/wp-content\/uploads\/2023\/08\/logo_grandecc.jpg 424w, https:\/\/timestco.com\/wp-content\/uploads\/2023\/08\/logo_grandecc-300x243.jpg 300w, https:\/\/timestco.com\/wp-content\/uploads\/2023\/08\/logo_grandecc-200x162.jpg 200w\" sizes=\"(max-width: 424px) 100vw, 424px\" \/><\/div><\/div><\/figure><\/div><\/div><\/div><div class=\"kb-slide-item kb-gallery-carousel-item\"><div class=\"kadence-blocks-gallery-item\"><div class=\"kadence-blocks-gallery-item-inner\"><figure class=\"kb-gallery-figure kadence-blocks-gallery-item-hide-caption\" \"><div class=\"kb-gal-image-radius\"><div class=\"kb-gallery-image-contain\" ><img loading=\"lazy\" decoding=\"async\" src=\"https:\/\/timestco.com\/wp-content\/uploads\/2023\/08\/ico_cmujer.jpeg\" width=\"200\" height=\"201\" alt=\"\" data-full-image=\"https:\/\/timestco.com\/wp-content\/uploads\/2023\/08\/ico_cmujer.jpeg\" data-light-image=\"https:\/\/timestco.com\/wp-content\/uploads\/2023\/08\/ico_cmujer.jpeg\" data-id=\"25363\" class=\"wp-image-25363 skip-lazy\" srcset=\"https:\/\/timestco.com\/wp-content\/uploads\/2023\/08\/ico_cmujer.jpeg 200w, https:\/\/timestco.com\/wp-content\/uploads\/2023\/08\/ico_cmujer-150x150.jpeg 150w\" sizes=\"(max-width: 200px) 100vw, 200px\" \/><\/div><\/div><\/figure><\/div><\/div><\/div><div class=\"kb-slide-item kb-gallery-carousel-item\"><div class=\"kadence-blocks-gallery-item\"><div class=\"kadence-blocks-gallery-item-inner\"><figure class=\"kb-gallery-figure kadence-blocks-gallery-item-hide-caption\" \"><div class=\"kb-gal-image-radius\"><div class=\"kb-gallery-image-contain\" ><img loading=\"lazy\" decoding=\"async\" src=\"https:\/\/timestco.com\/wp-content\/uploads\/2023\/08\/argelia_boton.png\" width=\"266\" height=\"307\" alt=\"logo argelia trail running Timest Colombia 2021\" data-full-image=\"https:\/\/timestco.com\/wp-content\/uploads\/2023\/08\/argelia_boton.png\" data-light-image=\"https:\/\/timestco.com\/wp-content\/uploads\/2023\/08\/argelia_boton.png\" data-id=\"25269\" class=\"wp-image-25269 skip-lazy\" srcset=\"https:\/\/timestco.com\/wp-content\/uploads\/2023\/08\/argelia_boton.png 266w, https:\/\/timestco.com\/wp-content\/uploads\/2023\/08\/argelia_boton-260x300.png 260w, https:\/\/timestco.com\/wp-content\/uploads\/2023\/08\/argelia_boton-200x231.png 200w\" sizes=\"(max-width: 266px) 100vw, 266px\" \/><\/div><\/div><\/figure><\/div><\/div><\/div><div class=\"kb-slide-item kb-gallery-carousel-item\"><div class=\"kadence-blocks-gallery-item\"><div class=\"kadence-blocks-gallery-item-inner\"><figure class=\"kb-gallery-figure kadence-blocks-gallery-item-hide-caption\" \"><div class=\"kb-gal-image-radius\"><div class=\"kb-gallery-image-contain\" ><img loading=\"lazy\" decoding=\"async\" src=\"https:\/\/timestco.com\/wp-content\/uploads\/2023\/08\/CCR-logo-running.png\" width=\"700\" height=\"703\" alt=\"logo chicamocha canyon race 2021 Timest Colombia\" data-full-image=\"https:\/\/timestco.com\/wp-content\/uploads\/2023\/08\/CCR-logo-running.png\" data-light-image=\"https:\/\/timestco.com\/wp-content\/uploads\/2023\/08\/CCR-logo-running.png\" data-id=\"25255\" class=\"wp-image-25255 skip-lazy\" srcset=\"https:\/\/timestco.com\/wp-content\/uploads\/2023\/08\/CCR-logo-running.png 700w, https:\/\/timestco.com\/wp-content\/uploads\/2023\/08\/CCR-logo-running-300x300.png 300w, https:\/\/timestco.com\/wp-content\/uploads\/2023\/08\/CCR-logo-running-150x150.png 150w, https:\/\/timestco.com\/wp-content\/uploads\/2023\/08\/CCR-logo-running-200x201.png 200w\" sizes=\"(max-width: 700px) 100vw, 700px\" \/><\/div><\/div><\/figure><\/div><\/div><\/div><div class=\"kb-slide-item kb-gallery-carousel-item\"><div class=\"kadence-blocks-gallery-item\"><div class=\"kadence-blocks-gallery-item-inner\"><figure class=\"kb-gallery-figure kadence-blocks-gallery-item-hide-caption\" \"><div class=\"kb-gal-image-radius\"><div class=\"kb-gallery-image-contain\" ><img loading=\"lazy\" decoding=\"async\" src=\"https:\/\/timestco.com\/wp-content\/uploads\/2023\/08\/logo_jkninos.jpeg\" width=\"300\" height=\"244\" alt=\"logo Jkninos Rugido de sal 2021 Timest Colombia\" data-full-image=\"https:\/\/timestco.com\/wp-content\/uploads\/2023\/08\/logo_jkninos.jpeg\" data-light-image=\"https:\/\/timestco.com\/wp-content\/uploads\/2023\/08\/logo_jkninos.jpeg\" data-id=\"25251\" class=\"wp-image-25251 skip-lazy\" srcset=\"https:\/\/timestco.com\/wp-content\/uploads\/2023\/08\/logo_jkninos.jpeg 300w, https:\/\/timestco.com\/wp-content\/uploads\/2023\/08\/logo_jkninos-200x163.jpeg 200w\" sizes=\"(max-width: 300px) 100vw, 300px\" \/><\/div><\/div><\/figure><\/div><\/div><\/div><div class=\"kb-slide-item kb-gallery-carousel-item\"><div class=\"kadence-blocks-gallery-item\"><div class=\"kadence-blocks-gallery-item-inner\"><figure class=\"kb-gallery-figure kadence-blocks-gallery-item-hide-caption\" \"><div class=\"kb-gal-image-radius\"><div class=\"kb-gallery-image-contain\" ><img loading=\"lazy\" decoding=\"async\" src=\"https:\/\/timestco.com\/wp-content\/uploads\/2023\/08\/Logo_mbnormal.jpg\" width=\"219\" height=\"138\" alt=\"logo Marat\u00f3n de Bucaramanga 2021 Timest Colombia\" data-full-image=\"https:\/\/timestco.com\/wp-content\/uploads\/2023\/08\/Logo_mbnormal.jpg\" data-light-image=\"https:\/\/timestco.com\/wp-content\/uploads\/2023\/08\/Logo_mbnormal.jpg\" data-id=\"25164\" class=\"wp-image-25164 skip-lazy\" srcset=\"https:\/\/timestco.com\/wp-content\/uploads\/2023\/08\/Logo_mbnormal.jpg 219w, https:\/\/timestco.com\/wp-content\/uploads\/2023\/08\/Logo_mbnormal-200x126.jpg 200w\" sizes=\"(max-width: 219px) 100vw, 219px\" \/><\/div><\/div><\/figure><\/div><\/div><\/div><div class=\"kb-slide-item kb-gallery-carousel-item\"><div class=\"kadence-blocks-gallery-item\"><div class=\"kadence-blocks-gallery-item-inner\"><figure class=\"kb-gallery-figure kadence-blocks-gallery-item-hide-caption\" \"><div class=\"kb-gal-image-radius\"><div class=\"kb-gallery-image-contain\" ><img loading=\"lazy\" decoding=\"async\" src=\"https:\/\/timestco.com\/wp-content\/uploads\/2023\/09\/logo_manizales.jpg\" width=\"250\" height=\"156\" alt=\"corre con el alma 15K Manizalez 2023 Timest Colombia\" data-full-image=\"https:\/\/timestco.com\/wp-content\/uploads\/2023\/09\/logo_manizales.jpg\" data-light-image=\"https:\/\/timestco.com\/wp-content\/uploads\/2023\/09\/logo_manizales.jpg\" data-id=\"25767\" class=\"wp-image-25767 skip-lazy\" srcset=\"https:\/\/timestco.com\/wp-content\/uploads\/2023\/09\/logo_manizales.jpg 250w, https:\/\/timestco.com\/wp-content\/uploads\/2023\/09\/logo_manizales-200x125.jpg 200w\" sizes=\"(max-width: 250px) 100vw, 250px\" \/><\/div><\/div><\/figure><\/div><\/div><\/div><div class=\"kb-slide-item kb-gallery-carousel-item\"><div class=\"kadence-blocks-gallery-item\"><div class=\"kadence-blocks-gallery-item-inner\"><figure class=\"kb-gallery-figure kadence-blocks-gallery-item-hide-caption\" \"><div class=\"kb-gal-image-radius\"><div class=\"kb-gallery-image-contain\" ><img loading=\"lazy\" decoding=\"async\" src=\"https:\/\/timestco.com\/wp-content\/uploads\/2023\/09\/logo_chinacotap.jpg\" width=\"250\" height=\"131\" alt=\"Carrera del Amor Chin\u00e1cota 2023 Timest Colombia\" data-full-image=\"https:\/\/timestco.com\/wp-content\/uploads\/2023\/09\/logo_chinacotap.jpg\" data-light-image=\"https:\/\/timestco.com\/wp-content\/uploads\/2023\/09\/logo_chinacotap.jpg\" data-id=\"25785\" class=\"wp-image-25785 skip-lazy\" srcset=\"https:\/\/timestco.com\/wp-content\/uploads\/2023\/09\/logo_chinacotap.jpg 250w, https:\/\/timestco.com\/wp-content\/uploads\/2023\/09\/logo_chinacotap-200x105.jpg 200w\" sizes=\"(max-width: 250px) 100vw, 250px\" \/><\/div><\/div><\/figure><\/div><\/div><\/div><div class=\"kb-slide-item kb-gallery-carousel-item\"><div class=\"kadence-blocks-gallery-item\"><div class=\"kadence-blocks-gallery-item-inner\"><figure class=\"kb-gallery-figure kadence-blocks-gallery-item-hide-caption\" \"><div class=\"kb-gal-image-radius\"><div class=\"kb-gallery-image-contain\" ><img loading=\"lazy\" decoding=\"async\" src=\"https:\/\/timestco.com\/wp-content\/uploads\/2023\/10\/logos_porolimpiadas.jpg\" width=\"400\" height=\"176\" alt=\"Olimpiadas SINTRAEMSDES 2023 Timest Colombia\" data-full-image=\"https:\/\/timestco.com\/wp-content\/uploads\/2023\/10\/logos_porolimpiadas.jpg\" data-light-image=\"https:\/\/timestco.com\/wp-content\/uploads\/2023\/10\/logos_porolimpiadas.jpg\" data-id=\"25808\" class=\"wp-image-25808 skip-lazy\" srcset=\"https:\/\/timestco.com\/wp-content\/uploads\/2023\/10\/logos_porolimpiadas.jpg 400w, https:\/\/timestco.com\/wp-content\/uploads\/2023\/10\/logos_porolimpiadas-300x132.jpg 300w, https:\/\/timestco.com\/wp-content\/uploads\/2023\/10\/logos_porolimpiadas-200x88.jpg 200w\" sizes=\"(max-width: 400px) 100vw, 400px\" \/><\/div><\/div><\/figure><\/div><\/div><\/div><div class=\"kb-slide-item kb-gallery-carousel-item\"><div class=\"kadence-blocks-gallery-item\"><div class=\"kadence-blocks-gallery-item-inner\"><figure class=\"kb-gallery-figure kadence-blocks-gallery-item-hide-caption\" \"><div class=\"kb-gal-image-radius\"><div class=\"kb-gallery-image-contain\" ><img loading=\"lazy\" decoding=\"async\" src=\"https:\/\/timestco.com\/wp-content\/uploads\/2023\/11\/logo_matachop.jpg\" width=\"200\" height=\"202\" alt=\"El Gran Reto El Matacho 3.0 Timest Colombia 2023\" data-full-image=\"https:\/\/timestco.com\/wp-content\/uploads\/2023\/11\/logo_matachop.jpg\" data-light-image=\"https:\/\/timestco.com\/wp-content\/uploads\/2023\/11\/logo_matachop.jpg\" data-id=\"25816\" class=\"wp-image-25816 skip-lazy\"\/><\/div><\/div><\/figure><\/div><\/div><\/div><div class=\"kb-slide-item kb-gallery-carousel-item\"><div class=\"kadence-blocks-gallery-item\"><div class=\"kadence-blocks-gallery-item-inner\"><figure class=\"kb-gallery-figure kadence-blocks-gallery-item-hide-caption\" \"><div class=\"kb-gal-image-radius\"><div class=\"kb-gallery-image-contain\" ><img loading=\"lazy\" decoding=\"async\" src=\"https:\/\/timestco.com\/wp-content\/uploads\/2023\/11\/logo_10kmosq2023.png\" width=\"413\" height=\"184\" alt=\"10K Mosquera 2023 Timest Colombia\" data-full-image=\"https:\/\/timestco.com\/wp-content\/uploads\/2023\/11\/logo_10kmosq2023.png\" data-light-image=\"https:\/\/timestco.com\/wp-content\/uploads\/2023\/11\/logo_10kmosq2023.png\" data-id=\"25830\" class=\"wp-image-25830 skip-lazy\" srcset=\"https:\/\/timestco.com\/wp-content\/uploads\/2023\/11\/logo_10kmosq2023.png 413w, https:\/\/timestco.com\/wp-content\/uploads\/2023\/11\/logo_10kmosq2023-300x134.png 300w, https:\/\/timestco.com\/wp-content\/uploads\/2023\/11\/logo_10kmosq2023-200x89.png 200w\" sizes=\"(max-width: 413px) 100vw, 413px\" \/><\/div><\/div><\/figure><\/div><\/div><\/div><div class=\"kb-slide-item kb-gallery-carousel-item\"><div class=\"kadence-blocks-gallery-item\"><div class=\"kadence-blocks-gallery-item-inner\"><figure class=\"kb-gallery-figure kadence-blocks-gallery-item-hide-caption\" \"><div class=\"kb-gal-image-radius\"><div class=\"kb-gallery-image-contain\" ><img loading=\"lazy\" decoding=\"async\" src=\"https:\/\/timestco.com\/wp-content\/uploads\/2023\/12\/olimpiadas_logopeq.jpg\" width=\"400\" height=\"129\" alt=\"Olimpiadas SED 2023 Timest Colombia\" data-full-image=\"https:\/\/timestco.com\/wp-content\/uploads\/2023\/12\/olimpiadas_logopeq.jpg\" data-light-image=\"https:\/\/timestco.com\/wp-content\/uploads\/2023\/12\/olimpiadas_logopeq.jpg\" data-id=\"25844\" class=\"wp-image-25844 skip-lazy\" srcset=\"https:\/\/timestco.com\/wp-content\/uploads\/2023\/12\/olimpiadas_logopeq.jpg 400w, https:\/\/timestco.com\/wp-content\/uploads\/2023\/12\/olimpiadas_logopeq-300x97.jpg 300w, https:\/\/timestco.com\/wp-content\/uploads\/2023\/12\/olimpiadas_logopeq-200x65.jpg 200w\" sizes=\"(max-width: 400px) 100vw, 400px\" \/><\/div><\/div><\/figure><\/div><\/div><\/div><div class=\"kb-slide-item kb-gallery-carousel-item\"><div class=\"kadence-blocks-gallery-item\"><div class=\"kadence-blocks-gallery-item-inner\"><figure class=\"kb-gallery-figure kadence-blocks-gallery-item-hide-caption\" \"><div class=\"kb-gal-image-radius\"><div class=\"kb-gallery-image-contain\" ><img loading=\"lazy\" decoding=\"async\" src=\"https:\/\/timestco.com\/wp-content\/uploads\/2023\/12\/logo_travesiamontes2023.png\" width=\"326\" height=\"342\" alt=\"Traves\u00eda Montes de Mar\u00eda 2023 Timest Colombia\" data-full-image=\"https:\/\/timestco.com\/wp-content\/uploads\/2023\/12\/logo_travesiamontes2023.png\" data-light-image=\"https:\/\/timestco.com\/wp-content\/uploads\/2023\/12\/logo_travesiamontes2023.png\" data-id=\"25847\" class=\"wp-image-25847 skip-lazy\" srcset=\"https:\/\/timestco.com\/wp-content\/uploads\/2023\/12\/logo_travesiamontes2023.png 326w, https:\/\/timestco.com\/wp-content\/uploads\/2023\/12\/logo_travesiamontes2023-286x300.png 286w, https:\/\/timestco.com\/wp-content\/uploads\/2023\/12\/logo_travesiamontes2023-200x210.png 200w\" sizes=\"(max-width: 326px) 100vw, 326px\" \/><\/div><\/div><\/figure><\/div><\/div><\/div><div class=\"kb-slide-item kb-gallery-carousel-item\"><div class=\"kadence-blocks-gallery-item\"><div class=\"kadence-blocks-gallery-item-inner\"><figure class=\"kb-gallery-figure kadence-blocks-gallery-item-hide-caption\" \"><div class=\"kb-gal-image-radius\"><div class=\"kb-gallery-image-contain\" ><img loading=\"lazy\" decoding=\"async\" src=\"https:\/\/timestco.com\/wp-content\/uploads\/2023\/12\/Logo_samalandg.jpg\" width=\"300\" height=\"300\" alt=\"Samaland Running 2023 Timest Colombia\" data-full-image=\"https:\/\/timestco.com\/wp-content\/uploads\/2023\/12\/Logo_samalandg.jpg\" data-light-image=\"https:\/\/timestco.com\/wp-content\/uploads\/2023\/12\/Logo_samalandg.jpg\" data-id=\"25859\" class=\"wp-image-25859 skip-lazy\" srcset=\"https:\/\/timestco.com\/wp-content\/uploads\/2023\/12\/Logo_samalandg.jpg 300w, https:\/\/timestco.com\/wp-content\/uploads\/2023\/12\/Logo_samalandg-150x150.jpg 150w, https:\/\/timestco.com\/wp-content\/uploads\/2023\/12\/Logo_samalandg-200x200.jpg 200w\" sizes=\"(max-width: 300px) 100vw, 300px\" \/><\/div><\/div><\/figure><\/div><\/div><\/div><div class=\"kb-slide-item kb-gallery-carousel-item\"><div class=\"kadence-blocks-gallery-item\"><div class=\"kadence-blocks-gallery-item-inner\"><figure class=\"kb-gallery-figure kadence-blocks-gallery-item-hide-caption\" \"><div class=\"kb-gal-image-radius\"><div class=\"kb-gallery-image-contain\" ><img loading=\"lazy\" decoding=\"async\" src=\"https:\/\/timestco.com\/wp-content\/uploads\/2024\/02\/caldasLogo2024.png\" width=\"287\" height=\"180\" alt=\"Caldas Challenger 2024 Timest Colombia\" data-full-image=\"https:\/\/timestco.com\/wp-content\/uploads\/2024\/02\/caldasLogo2024.png\" data-light-image=\"https:\/\/timestco.com\/wp-content\/uploads\/2024\/02\/caldasLogo2024.png\" data-id=\"25879\" class=\"wp-image-25879 skip-lazy\" srcset=\"https:\/\/timestco.com\/wp-content\/uploads\/2024\/02\/caldasLogo2024.png 287w, https:\/\/timestco.com\/wp-content\/uploads\/2024\/02\/caldasLogo2024-200x125.png 200w\" sizes=\"(max-width: 287px) 100vw, 287px\" \/><\/div><\/div><\/figure><\/div><\/div><\/div><div class=\"kb-slide-item kb-gallery-carousel-item\"><div class=\"kadence-blocks-gallery-item\"><div class=\"kadence-blocks-gallery-item-inner\"><figure class=\"kb-gallery-figure kadence-blocks-gallery-item-hide-caption\" \"><div class=\"kb-gal-image-radius\"><div class=\"kb-gallery-image-contain\" ><img loading=\"lazy\" decoding=\"async\" src=\"https:\/\/timestco.com\/wp-content\/uploads\/2024\/03\/logomwrun2024p.jpg\" width=\"200\" height=\"200\" alt=\"10K woman Running 2024 Timest Colombia\" data-full-image=\"https:\/\/timestco.com\/wp-content\/uploads\/2024\/03\/logomwrun2024p.jpg\" data-light-image=\"https:\/\/timestco.com\/wp-content\/uploads\/2024\/03\/logomwrun2024p.jpg\" data-id=\"25916\" class=\"wp-image-25916 skip-lazy\" srcset=\"https:\/\/timestco.com\/wp-content\/uploads\/2024\/03\/logomwrun2024p.jpg 200w, https:\/\/timestco.com\/wp-content\/uploads\/2024\/03\/logomwrun2024p-150x150.jpg 150w\" sizes=\"(max-width: 200px) 100vw, 200px\" \/><\/div><\/div><\/figure><\/div><\/div><\/div><div class=\"kb-slide-item kb-gallery-carousel-item\"><div class=\"kadence-blocks-gallery-item\"><div class=\"kadence-blocks-gallery-item-inner\"><figure class=\"kb-gallery-figure kadence-blocks-gallery-item-hide-caption\" \"><div class=\"kb-gal-image-radius\"><div class=\"kb-gallery-image-contain\" ><img loading=\"lazy\" decoding=\"async\" src=\"https:\/\/timestco.com\/wp-content\/uploads\/2024\/03\/logo_matrail2024.jpg\" width=\"247\" height=\"179\" alt=\"Monte adentro Trail 2024 Timest Colombia\" data-full-image=\"https:\/\/timestco.com\/wp-content\/uploads\/2024\/03\/logo_matrail2024.jpg\" data-light-image=\"https:\/\/timestco.com\/wp-content\/uploads\/2024\/03\/logo_matrail2024.jpg\" data-id=\"25914\" class=\"wp-image-25914 skip-lazy\" srcset=\"https:\/\/timestco.com\/wp-content\/uploads\/2024\/03\/logo_matrail2024.jpg 247w, https:\/\/timestco.com\/wp-content\/uploads\/2024\/03\/logo_matrail2024-200x145.jpg 200w\" sizes=\"(max-width: 247px) 100vw, 247px\" \/><\/div><\/div><\/figure><\/div><\/div><\/div><div class=\"kb-slide-item kb-gallery-carousel-item\"><div class=\"kadence-blocks-gallery-item\"><div class=\"kadence-blocks-gallery-item-inner\"><figure class=\"kb-gallery-figure kadence-blocks-gallery-item-hide-caption\" \"><div class=\"kb-gal-image-radius\"><div class=\"kb-gallery-image-contain\" ><img loading=\"lazy\" decoding=\"async\" src=\"https:\/\/timestco.com\/wp-content\/uploads\/2024\/03\/logo_lmrcervelo2024.jpg\" width=\"300\" height=\"316\" alt=\"La m\u00e1s r\u00e1pida CRI Cerv\u00e9lo 11K - La cuchilla Guasca Timest Colombia 2024\" data-full-image=\"https:\/\/timestco.com\/wp-content\/uploads\/2024\/03\/logo_lmrcervelo2024.jpg\" data-light-image=\"https:\/\/timestco.com\/wp-content\/uploads\/2024\/03\/logo_lmrcervelo2024.jpg\" data-id=\"25953\" class=\"wp-image-25953 skip-lazy\" srcset=\"https:\/\/timestco.com\/wp-content\/uploads\/2024\/03\/logo_lmrcervelo2024.jpg 300w, https:\/\/timestco.com\/wp-content\/uploads\/2024\/03\/logo_lmrcervelo2024-285x300.jpg 285w, https:\/\/timestco.com\/wp-content\/uploads\/2024\/03\/logo_lmrcervelo2024-200x211.jpg 200w\" sizes=\"(max-width: 300px) 100vw, 300px\" \/><\/div><\/div><\/figure><\/div><\/div><\/div><div class=\"kb-slide-item kb-gallery-carousel-item\"><div class=\"kadence-blocks-gallery-item\"><div class=\"kadence-blocks-gallery-item-inner\"><figure class=\"kb-gallery-figure kadence-blocks-gallery-item-hide-caption\" \"><div class=\"kb-gal-image-radius\"><div class=\"kb-gallery-image-contain\" ><img loading=\"lazy\" decoding=\"async\" src=\"https:\/\/timestco.com\/wp-content\/uploads\/2024\/04\/Captura.jpg\" width=\"522\" height=\"355\" alt=\"Reto Acapulco 2024 Timest Colombia\" data-full-image=\"https:\/\/timestco.com\/wp-content\/uploads\/2024\/04\/Captura.jpg\" data-light-image=\"https:\/\/timestco.com\/wp-content\/uploads\/2024\/04\/Captura.jpg\" data-id=\"25965\" class=\"wp-image-25965 skip-lazy\" srcset=\"https:\/\/timestco.com\/wp-content\/uploads\/2024\/04\/Captura.jpg 522w, https:\/\/timestco.com\/wp-content\/uploads\/2024\/04\/Captura-300x204.jpg 300w, https:\/\/timestco.com\/wp-content\/uploads\/2024\/04\/Captura-200x136.jpg 200w\" sizes=\"(max-width: 522px) 100vw, 522px\" \/><\/div><\/div><\/figure><\/div><\/div><\/div><div class=\"kb-slide-item kb-gallery-carousel-item\"><div class=\"kadence-blocks-gallery-item\"><div class=\"kadence-blocks-gallery-item-inner\"><figure class=\"kb-gallery-figure kadence-blocks-gallery-item-hide-caption\" \"><div class=\"kb-gal-image-radius\"><div class=\"kb-gallery-image-contain\" ><img loading=\"lazy\" decoding=\"async\" src=\"https:\/\/timestco.com\/wp-content\/uploads\/2024\/04\/arrierosverde.png\" width=\"430\" height=\"253\" alt=\"Arrieros 56K MTB 2024 Timest Colombia\" data-full-image=\"https:\/\/timestco.com\/wp-content\/uploads\/2024\/04\/arrierosverde.png\" data-light-image=\"https:\/\/timestco.com\/wp-content\/uploads\/2024\/04\/arrierosverde.png\" data-id=\"25982\" class=\"wp-image-25982 skip-lazy\" srcset=\"https:\/\/timestco.com\/wp-content\/uploads\/2024\/04\/arrierosverde.png 430w, https:\/\/timestco.com\/wp-content\/uploads\/2024\/04\/arrierosverde-300x177.png 300w, https:\/\/timestco.com\/wp-content\/uploads\/2024\/04\/arrierosverde-200x118.png 200w\" sizes=\"(max-width: 430px) 100vw, 430px\" \/><\/div><\/div><\/figure><\/div><\/div><\/div><div class=\"kb-slide-item kb-gallery-carousel-item\"><div class=\"kadence-blocks-gallery-item\"><div class=\"kadence-blocks-gallery-item-inner\"><figure class=\"kb-gallery-figure kadence-blocks-gallery-item-hide-caption\" \"><div class=\"kb-gal-image-radius\"><div class=\"kb-gallery-image-contain\" ><img loading=\"lazy\" decoding=\"async\" src=\"https:\/\/timestco.com\/wp-content\/uploads\/2024\/04\/bannergrande-1.png\" width=\"937\" height=\"238\" alt=\"Carrera atl\u00e9tica Internacional Los Libertadores 2024 -Timest Colombia\" data-full-image=\"https:\/\/timestco.com\/wp-content\/uploads\/2024\/04\/bannergrande-1.png\" data-light-image=\"https:\/\/timestco.com\/wp-content\/uploads\/2024\/04\/bannergrande-1.png\" data-id=\"25999\" class=\"wp-image-25999 skip-lazy\" srcset=\"https:\/\/timestco.com\/wp-content\/uploads\/2024\/04\/bannergrande-1.png 937w, https:\/\/timestco.com\/wp-content\/uploads\/2024\/04\/bannergrande-1-300x76.png 300w, https:\/\/timestco.com\/wp-content\/uploads\/2024\/04\/bannergrande-1-768x195.png 768w, https:\/\/timestco.com\/wp-content\/uploads\/2024\/04\/bannergrande-1-200x51.png 200w\" sizes=\"(max-width: 937px) 100vw, 937px\" \/><\/div><\/div><\/figure><\/div><\/div><\/div><div class=\"kb-slide-item kb-gallery-carousel-item\"><div class=\"kadence-blocks-gallery-item\"><div class=\"kadence-blocks-gallery-item-inner\"><figure class=\"kb-gallery-figure kadence-blocks-gallery-item-hide-caption\" \"><div class=\"kb-gal-image-radius\"><div class=\"kb-gallery-image-contain\" ><img loading=\"lazy\" decoding=\"async\" src=\"https:\/\/timestco.com\/wp-content\/uploads\/2024\/05\/Logo_retopg.png\" width=\"558\" height=\"447\" alt=\"Reto Penderisco Trail running 2024 Timest Colombia\" data-full-image=\"https:\/\/timestco.com\/wp-content\/uploads\/2024\/05\/Logo_retopg.png\" data-light-image=\"https:\/\/timestco.com\/wp-content\/uploads\/2024\/05\/Logo_retopg.png\" data-id=\"26019\" class=\"wp-image-26019 skip-lazy\" srcset=\"https:\/\/timestco.com\/wp-content\/uploads\/2024\/05\/Logo_retopg.png 558w, https:\/\/timestco.com\/wp-content\/uploads\/2024\/05\/Logo_retopg-300x240.png 300w, https:\/\/timestco.com\/wp-content\/uploads\/2024\/05\/Logo_retopg-200x160.png 200w\" sizes=\"(max-width: 558px) 100vw, 558px\" \/><\/div><\/div><\/figure><\/div><\/div><\/div><div class=\"kb-slide-item kb-gallery-carousel-item\"><div class=\"kadence-blocks-gallery-item\"><div class=\"kadence-blocks-gallery-item-inner\"><figure class=\"kb-gallery-figure kadence-blocks-gallery-item-hide-caption\" \"><div class=\"kb-gal-image-radius\"><div class=\"kb-gallery-image-contain\" ><img loading=\"lazy\" decoding=\"async\" src=\"https:\/\/timestco.com\/wp-content\/uploads\/2024\/06\/logo_mmpllnormal.png\" width=\"300\" height=\"110\" alt=\"Media Marat\u00f3n Pamplonilla la loca 2024 Timest Colombia\" data-full-image=\"https:\/\/timestco.com\/wp-content\/uploads\/2024\/06\/logo_mmpllnormal.png\" data-light-image=\"https:\/\/timestco.com\/wp-content\/uploads\/2024\/06\/logo_mmpllnormal.png\" data-id=\"26031\" class=\"wp-image-26031 skip-lazy\" srcset=\"https:\/\/timestco.com\/wp-content\/uploads\/2024\/06\/logo_mmpllnormal.png 300w, https:\/\/timestco.com\/wp-content\/uploads\/2024\/06\/logo_mmpllnormal-200x73.png 200w\" sizes=\"(max-width: 300px) 100vw, 300px\" \/><\/div><\/div><\/figure><\/div><\/div><\/div><div class=\"kb-slide-item kb-gallery-carousel-item\"><div class=\"kadence-blocks-gallery-item\"><div class=\"kadence-blocks-gallery-item-inner\"><figure class=\"kb-gallery-figure kadence-blocks-gallery-item-hide-caption\" \"><div class=\"kb-gal-image-radius\"><div class=\"kb-gallery-image-contain\" ><img loading=\"lazy\" decoding=\"async\" src=\"https:\/\/timestco.com\/wp-content\/uploads\/2024\/06\/logoaguadasg2024.jpg\" width=\"300\" height=\"179\" alt=\"Traves\u00eda Aguadas 2024 Timest Colombia\" data-full-image=\"https:\/\/timestco.com\/wp-content\/uploads\/2024\/06\/logoaguadasg2024.jpg\" data-light-image=\"https:\/\/timestco.com\/wp-content\/uploads\/2024\/06\/logoaguadasg2024.jpg\" data-id=\"26045\" class=\"wp-image-26045 skip-lazy\" srcset=\"https:\/\/timestco.com\/wp-content\/uploads\/2024\/06\/logoaguadasg2024.jpg 300w, https:\/\/timestco.com\/wp-content\/uploads\/2024\/06\/logoaguadasg2024-200x119.jpg 200w\" sizes=\"(max-width: 300px) 100vw, 300px\" \/><\/div><\/div><\/figure><\/div><\/div><\/div><div class=\"kb-slide-item kb-gallery-carousel-item\"><div class=\"kadence-blocks-gallery-item\"><div class=\"kadence-blocks-gallery-item-inner\"><figure class=\"kb-gallery-figure kadence-blocks-gallery-item-hide-caption\" \"><div class=\"kb-gal-image-radius\"><div class=\"kb-gallery-image-contain\" ><img loading=\"lazy\" decoding=\"async\" src=\"https:\/\/timestco.com\/wp-content\/uploads\/2024\/06\/logo_mmfbl2024p.png\" width=\"200\" height=\"154\" alt=\"Media Marat\u00f3n de Floridablanca 2024 Timest Colombia\" data-full-image=\"https:\/\/timestco.com\/wp-content\/uploads\/2024\/06\/logo_mmfbl2024p.png\" data-light-image=\"https:\/\/timestco.com\/wp-content\/uploads\/2024\/06\/logo_mmfbl2024p.png\" data-id=\"26061\" class=\"wp-image-26061 skip-lazy\"\/><\/div><\/div><\/figure><\/div><\/div><\/div><div class=\"kb-slide-item kb-gallery-carousel-item\"><div class=\"kadence-blocks-gallery-item\"><div class=\"kadence-blocks-gallery-item-inner\"><figure class=\"kb-gallery-figure kadence-blocks-gallery-item-hide-caption\" \"><div class=\"kb-gal-image-radius\"><div class=\"kb-gallery-image-contain\" ><img loading=\"lazy\" decoding=\"async\" src=\"https:\/\/timestco.com\/wp-content\/uploads\/2024\/07\/Logo_grande_lapiedra.png\" width=\"400\" height=\"189\" alt=\"Carrera atl\u00e9tica La Piedra 2024 Timest Colombia\" data-full-image=\"https:\/\/timestco.com\/wp-content\/uploads\/2024\/07\/Logo_grande_lapiedra.png\" data-light-image=\"https:\/\/timestco.com\/wp-content\/uploads\/2024\/07\/Logo_grande_lapiedra.png\" data-id=\"26070\" class=\"wp-image-26070 skip-lazy\" srcset=\"https:\/\/timestco.com\/wp-content\/uploads\/2024\/07\/Logo_grande_lapiedra.png 400w, https:\/\/timestco.com\/wp-content\/uploads\/2024\/07\/Logo_grande_lapiedra-300x142.png 300w, https:\/\/timestco.com\/wp-content\/uploads\/2024\/07\/Logo_grande_lapiedra-200x95.png 200w\" sizes=\"(max-width: 400px) 100vw, 400px\" \/><\/div><\/div><\/figure><\/div><\/div><\/div><div class=\"kb-slide-item kb-gallery-carousel-item\"><div class=\"kadence-blocks-gallery-item\"><div class=\"kadence-blocks-gallery-item-inner\"><figure class=\"kb-gallery-figure kadence-blocks-gallery-item-hide-caption\" \"><div class=\"kb-gal-image-radius\"><div class=\"kb-gallery-image-contain\" ><img loading=\"lazy\" decoding=\"async\" src=\"https:\/\/timestco.com\/wp-content\/uploads\/2024\/07\/logo_mmo2024.jpg\" width=\"350\" height=\"160\" alt=\"Media Marat\u00f3n de Oriente Timest Colombia 2024\" data-full-image=\"https:\/\/timestco.com\/wp-content\/uploads\/2024\/07\/logo_mmo2024.jpg\" data-light-image=\"https:\/\/timestco.com\/wp-content\/uploads\/2024\/07\/logo_mmo2024.jpg\" data-id=\"26077\" class=\"wp-image-26077 skip-lazy\" srcset=\"https:\/\/timestco.com\/wp-content\/uploads\/2024\/07\/logo_mmo2024.jpg 350w, https:\/\/timestco.com\/wp-content\/uploads\/2024\/07\/logo_mmo2024-300x137.jpg 300w, https:\/\/timestco.com\/wp-content\/uploads\/2024\/07\/logo_mmo2024-200x91.jpg 200w\" sizes=\"(max-width: 350px) 100vw, 350px\" \/><\/div><\/div><\/figure><\/div><\/div><\/div><div class=\"kb-slide-item kb-gallery-carousel-item\"><div class=\"kadence-blocks-gallery-item\"><div class=\"kadence-blocks-gallery-item-inner\"><figure class=\"kb-gallery-figure kadence-blocks-gallery-item-hide-caption\" \"><div class=\"kb-gal-image-radius\"><div class=\"kb-gallery-image-contain\" ><img loading=\"lazy\" decoding=\"async\" src=\"https:\/\/timestco.com\/wp-content\/uploads\/2024\/07\/logo_therunfestg2024.jpg\" width=\"298\" height=\"258\" alt=\"The Run Fest Gir\u00f3n 2024 Timest Colombia\" data-full-image=\"https:\/\/timestco.com\/wp-content\/uploads\/2024\/07\/logo_therunfestg2024.jpg\" data-light-image=\"https:\/\/timestco.com\/wp-content\/uploads\/2024\/07\/logo_therunfestg2024.jpg\" data-id=\"26092\" class=\"wp-image-26092 skip-lazy\" srcset=\"https:\/\/timestco.com\/wp-content\/uploads\/2024\/07\/logo_therunfestg2024.jpg 298w, https:\/\/timestco.com\/wp-content\/uploads\/2024\/07\/logo_therunfestg2024-200x173.jpg 200w\" sizes=\"(max-width: 298px) 100vw, 298px\" \/><\/div><\/div><\/figure><\/div><\/div><\/div><div class=\"kb-slide-item kb-gallery-carousel-item\"><div class=\"kadence-blocks-gallery-item\"><div class=\"kadence-blocks-gallery-item-inner\"><figure class=\"kb-gallery-figure kadence-blocks-gallery-item-hide-caption\" \"><div class=\"kb-gal-image-radius\"><div class=\"kb-gallery-image-contain\" ><img loading=\"lazy\" decoding=\"async\" src=\"https:\/\/timestco.com\/wp-content\/uploads\/2024\/07\/logo_carrerasol2024-1005x1024.png\" width=\"1005\" height=\"1024\" alt=\"La Carrera del Sol 2024 Timest Colombia\" data-full-image=\"https:\/\/timestco.com\/wp-content\/uploads\/2024\/07\/logo_carrerasol2024.png\" data-light-image=\"https:\/\/timestco.com\/wp-content\/uploads\/2024\/07\/logo_carrerasol2024.png\" data-id=\"26097\" class=\"wp-image-26097 skip-lazy\" srcset=\"https:\/\/timestco.com\/wp-content\/uploads\/2024\/07\/logo_carrerasol2024-1005x1024.png 1005w, https:\/\/timestco.com\/wp-content\/uploads\/2024\/07\/logo_carrerasol2024-294x300.png 294w, https:\/\/timestco.com\/wp-content\/uploads\/2024\/07\/logo_carrerasol2024-768x783.png 768w, https:\/\/timestco.com\/wp-content\/uploads\/2024\/07\/logo_carrerasol2024-1507x1536.png 1507w, https:\/\/timestco.com\/wp-content\/uploads\/2024\/07\/logo_carrerasol2024-200x204.png 200w, https:\/\/timestco.com\/wp-content\/uploads\/2024\/07\/logo_carrerasol2024.png 1811w\" sizes=\"(max-width: 1005px) 100vw, 1005px\" \/><\/div><\/div><\/figure><\/div><\/div><\/div><div class=\"kb-slide-item kb-gallery-carousel-item\"><div class=\"kadence-blocks-gallery-item\"><div class=\"kadence-blocks-gallery-item-inner\"><figure class=\"kb-gallery-figure kadence-blocks-gallery-item-hide-caption\" \"><div class=\"kb-gal-image-radius\"><div class=\"kb-gallery-image-contain\" ><img loading=\"lazy\" decoding=\"async\" src=\"https:\/\/timestco.com\/wp-content\/uploads\/2024\/08\/logo_510ladorada.jpg\" width=\"200\" height=\"232\" alt=\"5:10 La Dorada 2024 Timest Colombia\" data-full-image=\"https:\/\/timestco.com\/wp-content\/uploads\/2024\/08\/logo_510ladorada.jpg\" data-light-image=\"https:\/\/timestco.com\/wp-content\/uploads\/2024\/08\/logo_510ladorada.jpg\" data-id=\"26120\" class=\"wp-image-26120 skip-lazy\"\/><\/div><\/div><\/figure><\/div><\/div><\/div><div class=\"kb-slide-item kb-gallery-carousel-item\"><div class=\"kadence-blocks-gallery-item\"><div class=\"kadence-blocks-gallery-item-inner\"><figure class=\"kb-gallery-figure kadence-blocks-gallery-item-hide-caption\" \"><div class=\"kb-gal-image-radius\"><div class=\"kb-gallery-image-contain\" ><img loading=\"lazy\" decoding=\"async\" src=\"https:\/\/timestco.com\/wp-content\/uploads\/2024\/08\/logo_grande.png\" width=\"568\" height=\"120\" alt=\"5K Match 17 MPS - Timest Colombia 2024\" data-full-image=\"https:\/\/timestco.com\/wp-content\/uploads\/2024\/08\/logo_grande.png\" data-light-image=\"https:\/\/timestco.com\/wp-content\/uploads\/2024\/08\/logo_grande.png\" data-id=\"26138\" class=\"wp-image-26138 skip-lazy\" srcset=\"https:\/\/timestco.com\/wp-content\/uploads\/2024\/08\/logo_grande.png 568w, https:\/\/timestco.com\/wp-content\/uploads\/2024\/08\/logo_grande-300x63.png 300w, https:\/\/timestco.com\/wp-content\/uploads\/2024\/08\/logo_grande-200x42.png 200w\" sizes=\"(max-width: 568px) 100vw, 568px\" \/><\/div><\/div><\/figure><\/div><\/div><\/div><div class=\"kb-slide-item kb-gallery-carousel-item\"><div class=\"kadence-blocks-gallery-item\"><div class=\"kadence-blocks-gallery-item-inner\"><figure class=\"kb-gallery-figure kadence-blocks-gallery-item-hide-caption\" \"><div class=\"kb-gal-image-radius\"><div class=\"kb-gallery-image-contain\" ><img loading=\"lazy\" decoding=\"async\" src=\"https:\/\/timestco.com\/wp-content\/uploads\/2024\/09\/logo.jpg\" width=\"454\" height=\"209\" alt=\"Carrera del Amor Chin\u00e1cota 2024 Timest Colombia\" data-full-image=\"https:\/\/timestco.com\/wp-content\/uploads\/2024\/09\/logo.jpg\" data-light-image=\"https:\/\/timestco.com\/wp-content\/uploads\/2024\/09\/logo.jpg\" data-id=\"26145\" class=\"wp-image-26145 skip-lazy\" srcset=\"https:\/\/timestco.com\/wp-content\/uploads\/2024\/09\/logo.jpg 454w, https:\/\/timestco.com\/wp-content\/uploads\/2024\/09\/logo-300x138.jpg 300w, https:\/\/timestco.com\/wp-content\/uploads\/2024\/09\/logo-200x92.jpg 200w\" sizes=\"(max-width: 454px) 100vw, 454px\" \/><\/div><\/div><\/figure><\/div><\/div><\/div><div class=\"kb-slide-item kb-gallery-carousel-item\"><div class=\"kadence-blocks-gallery-item\"><div class=\"kadence-blocks-gallery-item-inner\"><figure class=\"kb-gallery-figure kadence-blocks-gallery-item-hide-caption\" \"><div class=\"kb-gal-image-radius\"><div class=\"kb-gallery-image-contain\" ><img loading=\"lazy\" decoding=\"async\" src=\"https:\/\/timestco.com\/wp-content\/uploads\/2024\/09\/logo_sevivir2024.jpg\" width=\"288\" height=\"156\" alt=\"5K Semana Sevivir 2024 Timest Colombia\" data-full-image=\"https:\/\/timestco.com\/wp-content\/uploads\/2024\/09\/logo_sevivir2024.jpg\" data-light-image=\"https:\/\/timestco.com\/wp-content\/uploads\/2024\/09\/logo_sevivir2024.jpg\" data-id=\"26153\" class=\"wp-image-26153 skip-lazy\" srcset=\"https:\/\/timestco.com\/wp-content\/uploads\/2024\/09\/logo_sevivir2024.jpg 288w, https:\/\/timestco.com\/wp-content\/uploads\/2024\/09\/logo_sevivir2024-200x108.jpg 200w\" sizes=\"(max-width: 288px) 100vw, 288px\" \/><\/div><\/div><\/figure><\/div><\/div><\/div><div class=\"kb-slide-item kb-gallery-carousel-item\"><div class=\"kadence-blocks-gallery-item\"><div class=\"kadence-blocks-gallery-item-inner\"><figure class=\"kb-gallery-figure kadence-blocks-gallery-item-hide-caption\" \"><div class=\"kb-gal-image-radius\"><div class=\"kb-gallery-image-contain\" ><img loading=\"lazy\" decoding=\"async\" src=\"https:\/\/timestco.com\/wp-content\/uploads\/2024\/09\/central.jpg\" width=\"317\" height=\"185\" alt=\"Central Run Fest Neon 2024 Bucaramanga Timest Colombia\" data-full-image=\"https:\/\/timestco.com\/wp-content\/uploads\/2024\/09\/central.jpg\" data-light-image=\"https:\/\/timestco.com\/wp-content\/uploads\/2024\/09\/central.jpg\" data-id=\"26165\" class=\"wp-image-26165 skip-lazy\" srcset=\"https:\/\/timestco.com\/wp-content\/uploads\/2024\/09\/central.jpg 317w, https:\/\/timestco.com\/wp-content\/uploads\/2024\/09\/central-300x175.jpg 300w, https:\/\/timestco.com\/wp-content\/uploads\/2024\/09\/central-200x117.jpg 200w\" sizes=\"(max-width: 317px) 100vw, 317px\" \/><\/div><\/div><\/figure><\/div><\/div><\/div><div class=\"kb-slide-item kb-gallery-carousel-item\"><div class=\"kadence-blocks-gallery-item\"><div class=\"kadence-blocks-gallery-item-inner\"><figure class=\"kb-gallery-figure kadence-blocks-gallery-item-hide-caption\" \"><div class=\"kb-gal-image-radius\"><div class=\"kb-gallery-image-contain\" ><img loading=\"lazy\" decoding=\"async\" src=\"https:\/\/timestco.com\/wp-content\/uploads\/2024\/09\/logo_manizalesmid2024.png\" width=\"500\" height=\"325\" alt=\"Corre con el Alma Manizales 2024 Timest Colombia\" data-full-image=\"https:\/\/timestco.com\/wp-content\/uploads\/2024\/09\/logo_manizalesmid2024.png\" data-light-image=\"https:\/\/timestco.com\/wp-content\/uploads\/2024\/09\/logo_manizalesmid2024.png\" data-id=\"26166\" class=\"wp-image-26166 skip-lazy\" srcset=\"https:\/\/timestco.com\/wp-content\/uploads\/2024\/09\/logo_manizalesmid2024.png 500w, https:\/\/timestco.com\/wp-content\/uploads\/2024\/09\/logo_manizalesmid2024-300x195.png 300w, https:\/\/timestco.com\/wp-content\/uploads\/2024\/09\/logo_manizalesmid2024-200x130.png 200w\" sizes=\"(max-width: 500px) 100vw, 500px\" \/><\/div><\/div><\/figure><\/div><\/div><\/div><div class=\"kb-slide-item kb-gallery-carousel-item\"><div class=\"kadence-blocks-gallery-item\"><div class=\"kadence-blocks-gallery-item-inner\"><figure class=\"kb-gallery-figure kadence-blocks-gallery-item-hide-caption\" \"><div class=\"kb-gal-image-radius\"><div class=\"kb-gallery-image-contain\" ><img loading=\"lazy\" decoding=\"async\" src=\"https:\/\/timestco.com\/wp-content\/uploads\/2024\/09\/carrera_vidaCucaita2024.png\" width=\"780\" height=\"701\" alt=\"Carrera por la vida Cucaita 2024 Timest Colombia\" data-full-image=\"https:\/\/timestco.com\/wp-content\/uploads\/2024\/09\/carrera_vidaCucaita2024.png\" data-light-image=\"https:\/\/timestco.com\/wp-content\/uploads\/2024\/09\/carrera_vidaCucaita2024.png\" data-id=\"26191\" class=\"wp-image-26191 skip-lazy\" srcset=\"https:\/\/timestco.com\/wp-content\/uploads\/2024\/09\/carrera_vidaCucaita2024.png 780w, https:\/\/timestco.com\/wp-content\/uploads\/2024\/09\/carrera_vidaCucaita2024-300x270.png 300w, https:\/\/timestco.com\/wp-content\/uploads\/2024\/09\/carrera_vidaCucaita2024-768x690.png 768w, https:\/\/timestco.com\/wp-content\/uploads\/2024\/09\/carrera_vidaCucaita2024-200x180.png 200w\" sizes=\"(max-width: 780px) 100vw, 780px\" \/><\/div><\/div><\/figure><\/div><\/div><\/div><div class=\"kb-slide-item kb-gallery-carousel-item\"><div class=\"kadence-blocks-gallery-item\"><div class=\"kadence-blocks-gallery-item-inner\"><figure class=\"kb-gallery-figure kadence-blocks-gallery-item-hide-caption\" \"><div class=\"kb-gal-image-radius\"><div class=\"kb-gallery-image-contain\" ><img loading=\"lazy\" decoding=\"async\" src=\"https:\/\/timestco.com\/wp-content\/uploads\/2024\/09\/logo_cumare2024.jpg\" width=\"500\" height=\"500\" alt=\"Carrera del Cumare 2024 Timest Colombia\" data-full-image=\"https:\/\/timestco.com\/wp-content\/uploads\/2024\/09\/logo_cumare2024.jpg\" data-light-image=\"https:\/\/timestco.com\/wp-content\/uploads\/2024\/09\/logo_cumare2024.jpg\" data-id=\"26189\" class=\"wp-image-26189 skip-lazy\" srcset=\"https:\/\/timestco.com\/wp-content\/uploads\/2024\/09\/logo_cumare2024.jpg 500w, https:\/\/timestco.com\/wp-content\/uploads\/2024\/09\/logo_cumare2024-300x300.jpg 300w, https:\/\/timestco.com\/wp-content\/uploads\/2024\/09\/logo_cumare2024-150x150.jpg 150w, https:\/\/timestco.com\/wp-content\/uploads\/2024\/09\/logo_cumare2024-200x200.jpg 200w\" sizes=\"(max-width: 500px) 100vw, 500px\" \/><\/div><\/div><\/figure><\/div><\/div><\/div><div class=\"kb-slide-item kb-gallery-carousel-item\"><div class=\"kadence-blocks-gallery-item\"><div class=\"kadence-blocks-gallery-item-inner\"><figure class=\"kb-gallery-figure kadence-blocks-gallery-item-hide-caption\" \"><div class=\"kb-gal-image-radius\"><div class=\"kb-gallery-image-contain\" ><img loading=\"lazy\" decoding=\"async\" src=\"https:\/\/timestco.com\/wp-content\/uploads\/2024\/10\/logo_cbalcones2024.png\" width=\"500\" height=\"184\" alt=\"1a Carrera de los Balcones 2024 Timest Colombia\" data-full-image=\"https:\/\/timestco.com\/wp-content\/uploads\/2024\/10\/logo_cbalcones2024.png\" data-light-image=\"https:\/\/timestco.com\/wp-content\/uploads\/2024\/10\/logo_cbalcones2024.png\" data-id=\"26214\" class=\"wp-image-26214 skip-lazy\" srcset=\"https:\/\/timestco.com\/wp-content\/uploads\/2024\/10\/logo_cbalcones2024.png 500w, https:\/\/timestco.com\/wp-content\/uploads\/2024\/10\/logo_cbalcones2024-300x110.png 300w, https:\/\/timestco.com\/wp-content\/uploads\/2024\/10\/logo_cbalcones2024-200x74.png 200w\" sizes=\"(max-width: 500px) 100vw, 500px\" \/><\/div><\/div><\/figure><\/div><\/div><\/div><div class=\"kb-slide-item kb-gallery-carousel-item\"><div class=\"kadence-blocks-gallery-item\"><div class=\"kadence-blocks-gallery-item-inner\"><figure class=\"kb-gallery-figure kadence-blocks-gallery-item-hide-caption\" \"><div class=\"kb-gal-image-radius\"><div class=\"kb-gallery-image-contain\" ><img loading=\"lazy\" decoding=\"async\" src=\"https:\/\/timestco.com\/wp-content\/uploads\/2024\/10\/mmg2.jpg\" width=\"559\" height=\"262\" alt=\"\" data-full-image=\"https:\/\/timestco.com\/wp-content\/uploads\/2024\/10\/mmg2.jpg\" data-light-image=\"https:\/\/timestco.com\/wp-content\/uploads\/2024\/10\/mmg2.jpg\" data-id=\"26215\" class=\"wp-image-26215 skip-lazy\" srcset=\"https:\/\/timestco.com\/wp-content\/uploads\/2024\/10\/mmg2.jpg 559w, https:\/\/timestco.com\/wp-content\/uploads\/2024\/10\/mmg2-300x141.jpg 300w, https:\/\/timestco.com\/wp-content\/uploads\/2024\/10\/mmg2-200x94.jpg 200w\" sizes=\"(max-width: 559px) 100vw, 559px\" \/><\/div><\/div><\/figure><\/div><\/div><\/div><div class=\"kb-slide-item kb-gallery-carousel-item\"><div class=\"kadence-blocks-gallery-item\"><div class=\"kadence-blocks-gallery-item-inner\"><figure class=\"kb-gallery-figure kadence-blocks-gallery-item-hide-caption\" \"><div class=\"kb-gal-image-radius\"><div class=\"kb-gallery-image-contain\" ><img loading=\"lazy\" decoding=\"async\" src=\"https:\/\/timestco.com\/wp-content\/uploads\/2024\/10\/imagen-travesia-suroeste.png\" width=\"476\" height=\"379\" alt=\"Traves\u00eda Suroeste Andes 2024 Timest Colombia\" data-full-image=\"https:\/\/timestco.com\/wp-content\/uploads\/2024\/10\/imagen-travesia-suroeste.png\" data-light-image=\"https:\/\/timestco.com\/wp-content\/uploads\/2024\/10\/imagen-travesia-suroeste.png\" data-id=\"26248\" class=\"wp-image-26248 skip-lazy\" srcset=\"https:\/\/timestco.com\/wp-content\/uploads\/2024\/10\/imagen-travesia-suroeste.png 476w, https:\/\/timestco.com\/wp-content\/uploads\/2024\/10\/imagen-travesia-suroeste-300x239.png 300w, https:\/\/timestco.com\/wp-content\/uploads\/2024\/10\/imagen-travesia-suroeste-200x159.png 200w\" sizes=\"(max-width: 476px) 100vw, 476px\" \/><\/div><\/div><\/figure><\/div><\/div><\/div><div class=\"kb-slide-item kb-gallery-carousel-item\"><div class=\"kadence-blocks-gallery-item\"><div class=\"kadence-blocks-gallery-item-inner\"><figure class=\"kb-gallery-figure kadence-blocks-gallery-item-hide-caption\" \"><div class=\"kb-gal-image-radius\"><div class=\"kb-gallery-image-contain\" ><img loading=\"lazy\" decoding=\"async\" src=\"https:\/\/timestco.com\/wp-content\/uploads\/2024\/10\/unicentrologop.png\" width=\"200\" height=\"148\" alt=\"1a Carrera Atl\u00e9tica Unicentro 5K 2024 Timest Colombia\" data-full-image=\"https:\/\/timestco.com\/wp-content\/uploads\/2024\/10\/unicentrologop.png\" data-light-image=\"https:\/\/timestco.com\/wp-content\/uploads\/2024\/10\/unicentrologop.png\" data-id=\"26269\" class=\"wp-image-26269 skip-lazy\"\/><\/div><\/div><\/figure><\/div><\/div><\/div><div class=\"kb-slide-item kb-gallery-carousel-item\"><div class=\"kadence-blocks-gallery-item\"><div class=\"kadence-blocks-gallery-item-inner\"><figure class=\"kb-gallery-figure kadence-blocks-gallery-item-hide-caption\" \"><div class=\"kb-gal-image-radius\"><div class=\"kb-gallery-image-contain\" ><img loading=\"lazy\" decoding=\"async\" src=\"https:\/\/timestco.com\/wp-content\/uploads\/2024\/10\/logo_carrerarosap2024.jpg\" width=\"250\" height=\"132\" alt=\"Carrera Rosa por la Mujer 2024 Chiquinquir\u00e1 Timest Colombia\" data-full-image=\"https:\/\/timestco.com\/wp-content\/uploads\/2024\/10\/logo_carrerarosap2024.jpg\" data-light-image=\"https:\/\/timestco.com\/wp-content\/uploads\/2024\/10\/logo_carrerarosap2024.jpg\" data-id=\"26271\" class=\"wp-image-26271 skip-lazy\" srcset=\"https:\/\/timestco.com\/wp-content\/uploads\/2024\/10\/logo_carrerarosap2024.jpg 250w, https:\/\/timestco.com\/wp-content\/uploads\/2024\/10\/logo_carrerarosap2024-200x106.jpg 200w\" sizes=\"(max-width: 250px) 100vw, 250px\" \/><\/div><\/div><\/figure><\/div><\/div><\/div><div class=\"kb-slide-item kb-gallery-carousel-item\"><div class=\"kadence-blocks-gallery-item\"><div class=\"kadence-blocks-gallery-item-inner\"><figure class=\"kb-gallery-figure kadence-blocks-gallery-item-hide-caption\" \"><div class=\"kb-gal-image-radius\"><div class=\"kb-gallery-image-contain\" ><img loading=\"lazy\" decoding=\"async\" src=\"https:\/\/timestco.com\/wp-content\/uploads\/2024\/10\/LogoLaconquista.jpg\" width=\"278\" height=\"214\" alt=\"\" data-full-image=\"https:\/\/timestco.com\/wp-content\/uploads\/2024\/10\/LogoLaconquista.jpg\" data-light-image=\"https:\/\/timestco.com\/wp-content\/uploads\/2024\/10\/LogoLaconquista.jpg\" data-id=\"26297\" class=\"wp-image-26297 skip-lazy\" srcset=\"https:\/\/timestco.com\/wp-content\/uploads\/2024\/10\/LogoLaconquista.jpg 278w, https:\/\/timestco.com\/wp-content\/uploads\/2024\/10\/LogoLaconquista-200x154.jpg 200w\" sizes=\"(max-width: 278px) 100vw, 278px\" \/><\/div><\/div><\/figure><\/div><\/div><\/div><div class=\"kb-slide-item kb-gallery-carousel-item\"><div class=\"kadence-blocks-gallery-item\"><div class=\"kadence-blocks-gallery-item-inner\"><figure class=\"kb-gallery-figure kadence-blocks-gallery-item-hide-caption\" \"><div class=\"kb-gal-image-radius\"><div class=\"kb-gallery-image-contain\" ><img loading=\"lazy\" decoding=\"async\" src=\"https:\/\/timestco.com\/wp-content\/uploads\/2024\/11\/mmariquita.jpg\" width=\"666\" height=\"219\" alt=\"Mariquita Media Marat\u00f3n 2024 Timest Colombia\" data-full-image=\"https:\/\/timestco.com\/wp-content\/uploads\/2024\/11\/mmariquita.jpg\" data-light-image=\"https:\/\/timestco.com\/wp-content\/uploads\/2024\/11\/mmariquita.jpg\" data-id=\"26320\" class=\"wp-image-26320 skip-lazy\" srcset=\"https:\/\/timestco.com\/wp-content\/uploads\/2024\/11\/mmariquita.jpg 666w, https:\/\/timestco.com\/wp-content\/uploads\/2024\/11\/mmariquita-300x99.jpg 300w, https:\/\/timestco.com\/wp-content\/uploads\/2024\/11\/mmariquita-200x66.jpg 200w\" sizes=\"(max-width: 666px) 100vw, 666px\" \/><\/div><\/div><\/figure><\/div><\/div><\/div><div class=\"kb-slide-item kb-gallery-carousel-item\"><div class=\"kadence-blocks-gallery-item\"><div class=\"kadence-blocks-gallery-item-inner\"><figure class=\"kb-gallery-figure kadence-blocks-gallery-item-hide-caption\" \"><div class=\"kb-gal-image-radius\"><div class=\"kb-gallery-image-contain\" ><img loading=\"lazy\" decoding=\"async\" src=\"https:\/\/timestco.com\/wp-content\/uploads\/2024\/11\/LogoPaucuras.jpg\" width=\"447\" height=\"197\" alt=\"3ra Traves\u00eda Pa\u00facuras MTB 2024 Timest Colombia\" data-full-image=\"https:\/\/timestco.com\/wp-content\/uploads\/2024\/11\/LogoPaucuras.jpg\" data-light-image=\"https:\/\/timestco.com\/wp-content\/uploads\/2024\/11\/LogoPaucuras.jpg\" data-id=\"26321\" class=\"wp-image-26321 skip-lazy\" srcset=\"https:\/\/timestco.com\/wp-content\/uploads\/2024\/11\/LogoPaucuras.jpg 447w, https:\/\/timestco.com\/wp-content\/uploads\/2024\/11\/LogoPaucuras-300x132.jpg 300w, https:\/\/timestco.com\/wp-content\/uploads\/2024\/11\/LogoPaucuras-200x88.jpg 200w\" sizes=\"(max-width: 447px) 100vw, 447px\" \/><\/div><\/div><\/figure><\/div><\/div><\/div><div class=\"kb-slide-item kb-gallery-carousel-item\"><div class=\"kadence-blocks-gallery-item\"><div class=\"kadence-blocks-gallery-item-inner\"><figure class=\"kb-gallery-figure kadence-blocks-gallery-item-hide-caption\" \"><div class=\"kb-gal-image-radius\"><div class=\"kb-gallery-image-contain\" ><img loading=\"lazy\" decoding=\"async\" src=\"https:\/\/timestco.com\/wp-content\/uploads\/2024\/11\/LogoDulimaNightRunG.jpg\" width=\"550\" height=\"200\" alt=\"Halloween Dulima Night Ibagu\u00e9 2024 Timest Colombia\" data-full-image=\"https:\/\/timestco.com\/wp-content\/uploads\/2024\/11\/LogoDulimaNightRunG.jpg\" data-light-image=\"https:\/\/timestco.com\/wp-content\/uploads\/2024\/11\/LogoDulimaNightRunG.jpg\" data-id=\"26322\" class=\"wp-image-26322 skip-lazy\" srcset=\"https:\/\/timestco.com\/wp-content\/uploads\/2024\/11\/LogoDulimaNightRunG.jpg 550w, https:\/\/timestco.com\/wp-content\/uploads\/2024\/11\/LogoDulimaNightRunG-300x109.jpg 300w, https:\/\/timestco.com\/wp-content\/uploads\/2024\/11\/LogoDulimaNightRunG-200x73.jpg 200w\" sizes=\"(max-width: 550px) 100vw, 550px\" \/><\/div><\/div><\/figure><\/div><\/div><\/div><div class=\"kb-slide-item kb-gallery-carousel-item\"><div class=\"kadence-blocks-gallery-item\"><div class=\"kadence-blocks-gallery-item-inner\"><figure class=\"kb-gallery-figure kadence-blocks-gallery-item-hide-caption\" \"><div class=\"kb-gal-image-radius\"><div class=\"kb-gallery-image-contain\" ><img loading=\"lazy\" decoding=\"async\" src=\"https:\/\/timestco.com\/wp-content\/uploads\/2024\/11\/logo_night_run2024.png\" width=\"354\" height=\"256\" alt=\"Night Run C\u00facuta 2024 Timest Colombia\" data-full-image=\"https:\/\/timestco.com\/wp-content\/uploads\/2024\/11\/logo_night_run2024.png\" data-light-image=\"https:\/\/timestco.com\/wp-content\/uploads\/2024\/11\/logo_night_run2024.png\" data-id=\"26326\" class=\"wp-image-26326 skip-lazy\" srcset=\"https:\/\/timestco.com\/wp-content\/uploads\/2024\/11\/logo_night_run2024.png 354w, https:\/\/timestco.com\/wp-content\/uploads\/2024\/11\/logo_night_run2024-300x217.png 300w, https:\/\/timestco.com\/wp-content\/uploads\/2024\/11\/logo_night_run2024-200x145.png 200w\" sizes=\"(max-width: 354px) 100vw, 354px\" \/><\/div><\/div><\/figure><\/div><\/div><\/div><div class=\"kb-slide-item kb-gallery-carousel-item\"><div class=\"kadence-blocks-gallery-item\"><div class=\"kadence-blocks-gallery-item-inner\"><figure class=\"kb-gallery-figure kadence-blocks-gallery-item-hide-caption\" \"><div class=\"kb-gal-image-radius\"><div class=\"kb-gallery-image-contain\" ><img loading=\"lazy\" decoding=\"async\" src=\"https:\/\/timestco.com\/wp-content\/uploads\/2024\/11\/Logo_retoaeropuerto2024.jpg\" width=\"382\" height=\"210\" alt=\"Reto Aeropuerto 2024 Bucaramanga Timest Colombia\" data-full-image=\"https:\/\/timestco.com\/wp-content\/uploads\/2024\/11\/Logo_retoaeropuerto2024.jpg\" data-light-image=\"https:\/\/timestco.com\/wp-content\/uploads\/2024\/11\/Logo_retoaeropuerto2024.jpg\" data-id=\"26350\" class=\"wp-image-26350 skip-lazy\" srcset=\"https:\/\/timestco.com\/wp-content\/uploads\/2024\/11\/Logo_retoaeropuerto2024.jpg 382w, https:\/\/timestco.com\/wp-content\/uploads\/2024\/11\/Logo_retoaeropuerto2024-300x165.jpg 300w, https:\/\/timestco.com\/wp-content\/uploads\/2024\/11\/Logo_retoaeropuerto2024-200x110.jpg 200w\" sizes=\"(max-width: 382px) 100vw, 382px\" \/><\/div><\/div><\/figure><\/div><\/div><\/div><\/div><\/div><\/div><\/div>\n\n\n<div class=\"wp-block-group\"><div class=\"wp-block-group__inner-container is-layout-constrained wp-block-group-is-layout-constrained\"><style>.wp-block-kadence-advancedheading.kt-adv-heading25094_138622-85, .wp-block-kadence-advancedheading.kt-adv-heading25094_138622-85[data-kb-block=\"kb-adv-heading25094_138622-85\"]{font-style:normal;}.wp-block-kadence-advancedheading.kt-adv-heading25094_138622-85 mark.kt-highlight, .wp-block-kadence-advancedheading.kt-adv-heading25094_138622-85[data-kb-block=\"kb-adv-heading25094_138622-85\"] mark.kt-highlight{font-style:normal;color:#f76a0c;-webkit-box-decoration-break:clone;box-decoration-break:clone;padding-top:0px;padding-right:0px;padding-bottom:0px;padding-left:0px;}<\/style>\n<h6 class=\"kt-adv-heading25094_138622-85 wp-block-kadence-advancedheading\" data-kb-block=\"kb-adv-heading25094_138622-85\">Pr\u00f3ximas carreras<\/h6>\n<\/div><\/div>\n\n\n\n<div class=\"wp-block-columns is-layout-flex wp-container-core-columns-is-layout-1 wp-block-columns-is-layout-flex\">\n<div class=\"wp-block-column is-layout-flow wp-block-column-is-layout-flow\" style=\"flex-basis:100%\"><style>.wp-block-kadence-advancedheading.kt-adv-heading25094_d5ad7a-47, .wp-block-kadence-advancedheading.kt-adv-heading25094_d5ad7a-47[data-kb-block=\"kb-adv-heading25094_d5ad7a-47\"]{font-style:normal;}.wp-block-kadence-advancedheading.kt-adv-heading25094_d5ad7a-47 mark.kt-highlight, .wp-block-kadence-advancedheading.kt-adv-heading25094_d5ad7a-47[data-kb-block=\"kb-adv-heading25094_d5ad7a-47\"] mark.kt-highlight{font-style:normal;color:#f76a0c;-webkit-box-decoration-break:clone;box-decoration-break:clone;padding-top:0px;padding-right:0px;padding-bottom:0px;padding-left:0px;}<\/style>\n<h6 class=\"kt-adv-heading25094_d5ad7a-47 wp-block-kadence-advancedheading\" data-kb-block=\"kb-adv-heading25094_d5ad7a-47\">LA M\u00c1S R\u00c1PIDA CERV\u00c9LO<\/h6>\n\n\n\n<p>5.9 K<\/p>\n\n\n<div class=\"wp-block-image\">\n<figure class=\"aligncenter size-full is-resized\"><img loading=\"lazy\" decoding=\"async\" width=\"288\" height=\"247\" src=\"https:\/\/timestco.com\/wp-content\/uploads\/2026\/04\/Logo_CERVELO2.png\" alt=\"La m\u00e1s r\u00e1pida Cervelo Edici\u00f3n Pereira 2026 - Timest Colombia\" class=\"wp-image-27143\" style=\"width:293px;height:auto\" srcset=\"https:\/\/timestco.com\/wp-content\/uploads\/2026\/04\/Logo_CERVELO2.png 288w, https:\/\/timestco.com\/wp-content\/uploads\/2026\/04\/Logo_CERVELO2-200x172.png 200w\" sizes=\"(max-width: 288px) 100vw, 288px\" \/><\/figure><\/div>\n\n<style>.wp-block-kadence-advancedheading.kt-adv-heading25094_e3d886-18, .wp-block-kadence-advancedheading.kt-adv-heading25094_e3d886-18[data-kb-block=\"kb-adv-heading25094_e3d886-18\"]{font-style:normal;}.wp-block-kadence-advancedheading.kt-adv-heading25094_e3d886-18 mark.kt-highlight, .wp-block-kadence-advancedheading.kt-adv-heading25094_e3d886-18[data-kb-block=\"kb-adv-heading25094_e3d886-18\"] mark.kt-highlight{font-style:normal;color:#f76a0c;-webkit-box-decoration-break:clone;box-decoration-break:clone;padding-top:0px;padding-right:0px;padding-bottom:0px;padding-left:0px;}<\/style>\n<h6 class=\"kt-adv-heading25094_e3d886-18 wp-block-kadence-advancedheading\" data-kb-block=\"kb-adv-heading25094_e3d886-18\">Pereira, Risaralda &#8211; Abril 26 <\/h6>\n<\/div>\n\n\n\n<div class=\"wp-block-column is-layout-flow wp-block-column-is-layout-flow\" style=\"flex-basis:100%\"><style>.wp-block-kadence-advancedheading.kt-adv-heading25094_2e769b-70, .wp-block-kadence-advancedheading.kt-adv-heading25094_2e769b-70[data-kb-block=\"kb-adv-heading25094_2e769b-70\"]{font-style:normal;}.wp-block-kadence-advancedheading.kt-adv-heading25094_2e769b-70 mark.kt-highlight, .wp-block-kadence-advancedheading.kt-adv-heading25094_2e769b-70[data-kb-block=\"kb-adv-heading25094_2e769b-70\"] mark.kt-highlight{font-style:normal;color:#f76a0c;-webkit-box-decoration-break:clone;box-decoration-break:clone;padding-top:0px;padding-right:0px;padding-bottom:0px;padding-left:0px;}<\/style>\n<h6 class=\"kt-adv-heading25094_2e769b-70 wp-block-kadence-advancedheading\" data-kb-block=\"kb-adv-heading25094_2e769b-70\">CORRAMOS POR UN SUE\u00d1O<\/h6>\n\n\n\n<p>3K &#8211; 5 K &#8211; 10K<\/p>\n\n\n<div class=\"wp-block-image\">\n<figure class=\"aligncenter size-full is-resized\"><img loading=\"lazy\" decoding=\"async\" width=\"416\" height=\"166\" src=\"https:\/\/timestco.com\/wp-content\/uploads\/2026\/04\/logoCS2.png\" alt=\"Corramos por un sue\u00f1o 3K - 5K -10K 2026 La Uni\u00f3n - Timest Colombia\" class=\"wp-image-27148\" style=\"width:381px;height:auto\" srcset=\"https:\/\/timestco.com\/wp-content\/uploads\/2026\/04\/logoCS2.png 416w, https:\/\/timestco.com\/wp-content\/uploads\/2026\/04\/logoCS2-300x120.png 300w, https:\/\/timestco.com\/wp-content\/uploads\/2026\/04\/logoCS2-200x80.png 200w\" sizes=\"(max-width: 416px) 100vw, 416px\" \/><\/figure><\/div>\n\n<style>.wp-block-kadence-advancedheading.kt-adv-heading25094_ee8510-b8, .wp-block-kadence-advancedheading.kt-adv-heading25094_ee8510-b8[data-kb-block=\"kb-adv-heading25094_ee8510-b8\"]{font-style:normal;}.wp-block-kadence-advancedheading.kt-adv-heading25094_ee8510-b8 mark.kt-highlight, .wp-block-kadence-advancedheading.kt-adv-heading25094_ee8510-b8[data-kb-block=\"kb-adv-heading25094_ee8510-b8\"] mark.kt-highlight{font-style:normal;color:#f76a0c;-webkit-box-decoration-break:clone;box-decoration-break:clone;padding-top:0px;padding-right:0px;padding-bottom:0px;padding-left:0px;}<\/style>\n<h6 class=\"kt-adv-heading25094_ee8510-b8 wp-block-kadence-advancedheading\" data-kb-block=\"kb-adv-heading25094_ee8510-b8\">La Uni\u00f3n, Antioquia &#8211; Abril 26 <\/h6>\n<\/div>\n<\/div>\n\n\n<style>.wp-block-kadence-advancedbtn.kb-btns25094_18a64e-ab{gap:var(--global-kb-gap-xs, 0.5rem );justify-content:center;align-items:center;}.kt-btns25094_18a64e-ab .kt-button{font-weight:normal;font-style:normal;}.kt-btns25094_18a64e-ab .kt-btn-wrap-0{margin-right:5px;}.wp-block-kadence-advancedbtn.kt-btns25094_18a64e-ab .kt-btn-wrap-0 .kt-button{color:#555555;border-color:#555555;}.wp-block-kadence-advancedbtn.kt-btns25094_18a64e-ab .kt-btn-wrap-0 .kt-button:hover, .wp-block-kadence-advancedbtn.kt-btns25094_18a64e-ab .kt-btn-wrap-0 .kt-button:focus{color:#ffffff;border-color:#444444;}.wp-block-kadence-advancedbtn.kt-btns25094_18a64e-ab .kt-btn-wrap-0 .kt-button::before{display:none;}.wp-block-kadence-advancedbtn.kt-btns25094_18a64e-ab .kt-btn-wrap-0 .kt-button:hover, .wp-block-kadence-advancedbtn.kt-btns25094_18a64e-ab .kt-btn-wrap-0 .kt-button:focus{background:#444444;}<\/style>\n<div class=\"wp-block-kadence-advancedbtn kb-buttons-wrap kb-btns25094_18a64e-ab\"><style>ul.menu .wp-block-kadence-advancedbtn .kb-btn25094_ee2579-1e.kb-button{width:initial;}<\/style><a class=\"kb-button kt-button button kb-btn25094_ee2579-1e kt-btn-size-standard kt-btn-width-type-auto kb-btn-global-inherit kt-btn-has-text-true kt-btn-has-svg-false wp-block-button__link wp-block-kadence-singlebtn\" aria-label=\"Ver eventos realizados\" href=\"https:\/\/timestco.com\/?page_id=26954\"><span class=\"kt-btn-inner-text\">ver resultados<\/span><\/a><\/div>\n\n\n\n<p><\/p>\n<\/div><\/div>\n\n\n<style>.kadence-column25094_8fcaf1-dc > .kt-inside-inner-col,.kadence-column25094_8fcaf1-dc > .kt-inside-inner-col:before{border-top-left-radius:0px;border-top-right-radius:0px;border-bottom-right-radius:0px;border-bottom-left-radius:0px;}.kadence-column25094_8fcaf1-dc > .kt-inside-inner-col{column-gap:var(--global-kb-gap-sm, 1rem);}.kadence-column25094_8fcaf1-dc > .kt-inside-inner-col{flex-direction:column;}.kadence-column25094_8fcaf1-dc > .kt-inside-inner-col > .aligncenter{width:100%;}.kadence-column25094_8fcaf1-dc > .kt-inside-inner-col:before{opacity:0.3;}.kadence-column25094_8fcaf1-dc{position:relative;}@media all and (max-width: 1024px){.kadence-column25094_8fcaf1-dc > .kt-inside-inner-col{flex-direction:column;justify-content:center;}}@media all and (max-width: 767px){.kadence-column25094_8fcaf1-dc > .kt-inside-inner-col{flex-direction:column;justify-content:center;}}<\/style>\n<div class=\"wp-block-kadence-column kadence-column25094_8fcaf1-dc\"><div class=\"kt-inside-inner-col\"><style>.kb-row-layout-id25094_df18ef-d8 > .kt-row-column-wrap{align-content:start;}:where(.kb-row-layout-id25094_df18ef-d8 > .kt-row-column-wrap) > .wp-block-kadence-column{justify-content:start;}.kb-row-layout-id25094_df18ef-d8 > .kt-row-column-wrap{column-gap:var(--global-kb-gap-md, 2rem);row-gap:var(--global-kb-gap-md, 2rem);padding-top:var(--global-kb-spacing-sm, 1.5rem);padding-bottom:var(--global-kb-spacing-sm, 1.5rem);}.kb-row-layout-id25094_df18ef-d8 > .kt-row-column-wrap > div:not(.added-for-specificity){grid-column:initial;}.kb-row-layout-id25094_df18ef-d8 > .kt-row-column-wrap{grid-template-columns:repeat(4, minmax(0, 1fr));}.kb-row-layout-id25094_df18ef-d8 > .kt-row-layout-overlay{opacity:0.30;}@media all and (max-width: 1024px){.kb-row-layout-id25094_df18ef-d8 > .kt-row-column-wrap > div:not(.added-for-specificity){grid-column:initial;}}@media all and (max-width: 1024px){.kb-row-layout-id25094_df18ef-d8 > .kt-row-column-wrap{grid-template-columns:repeat(4, minmax(0, 1fr));}}@media all and (max-width: 767px){.kb-row-layout-id25094_df18ef-d8 > .kt-row-column-wrap > div:not(.added-for-specificity){grid-column:initial;}.kb-row-layout-id25094_df18ef-d8 > .kt-row-column-wrap{grid-template-columns:minmax(0, 1fr);}}<\/style><div class=\"kb-row-layout-wrap kb-row-layout-id25094_df18ef-d8 alignnone wp-block-kadence-rowlayout\"><div class=\"kt-row-column-wrap kt-has-4-columns kt-row-layout-equal kt-tab-layout-inherit kt-mobile-layout-row kt-row-valign-top\">\n<style>.kadence-column25094_3d6c7d-40 > .kt-inside-inner-col,.kadence-column25094_3d6c7d-40 > .kt-inside-inner-col:before{border-top-left-radius:0px;border-top-right-radius:0px;border-bottom-right-radius:0px;border-bottom-left-radius:0px;}.kadence-column25094_3d6c7d-40 > .kt-inside-inner-col{column-gap:var(--global-kb-gap-sm, 1rem);}.kadence-column25094_3d6c7d-40 > .kt-inside-inner-col{flex-direction:column;}.kadence-column25094_3d6c7d-40 > .kt-inside-inner-col > .aligncenter{width:100%;}.kadence-column25094_3d6c7d-40 > .kt-inside-inner-col{background-color:var(--global-palette8, #F7FAFC);}.kadence-column25094_3d6c7d-40 > .kt-inside-inner-col:before{opacity:0.3;}.kadence-column25094_3d6c7d-40{position:relative;}@media all and (max-width: 1024px){.kadence-column25094_3d6c7d-40 > .kt-inside-inner-col{flex-direction:column;justify-content:center;}}@media all and (max-width: 767px){.kadence-column25094_3d6c7d-40 > .kt-inside-inner-col{flex-direction:column;justify-content:center;}}<\/style>\n<div class=\"wp-block-kadence-column kadence-column25094_3d6c7d-40\"><div class=\"kt-inside-inner-col\"><style>.wp-block-kadence-image.kb-image25094_346076-93:not(.kb-specificity-added):not(.kb-extra-specificity-added){margin-bottom:0px;}.kb-image25094_346076-93:not(.kb-image-is-ratio-size) .kb-img, .kb-image25094_346076-93.kb-image-is-ratio-size{padding-bottom:0px;}.kb-image25094_346076-93 .kb-image-has-overlay:after{opacity:0.3;}<\/style>\n<figure class=\"wp-block-kadence-image kb-image25094_346076-93 kb-image-is-ratio-size\"><div class=\"kb-is-ratio-image kb-image-ratio-land169\"><img loading=\"lazy\" decoding=\"async\" width=\"1170\" height=\"2080\" src=\"http:\/\/timestco-com.preview-domain.com\/wp-content\/uploads\/2023\/07\/DB1A0737-7508-44ED-93A8-18480D5751EE.jpg\" alt=\"Presencia en eventos Timest Colombia con amplia trayectoria\" class=\"kb-img wp-image-24700\" srcset=\"https:\/\/timestco.com\/wp-content\/uploads\/2023\/07\/DB1A0737-7508-44ED-93A8-18480D5751EE.jpg 1170w, https:\/\/timestco.com\/wp-content\/uploads\/2023\/07\/DB1A0737-7508-44ED-93A8-18480D5751EE-169x300.jpg 169w, https:\/\/timestco.com\/wp-content\/uploads\/2023\/07\/DB1A0737-7508-44ED-93A8-18480D5751EE-576x1024.jpg 576w, https:\/\/timestco.com\/wp-content\/uploads\/2023\/07\/DB1A0737-7508-44ED-93A8-18480D5751EE-768x1365.jpg 768w, https:\/\/timestco.com\/wp-content\/uploads\/2023\/07\/DB1A0737-7508-44ED-93A8-18480D5751EE-864x1536.jpg 864w, https:\/\/timestco.com\/wp-content\/uploads\/2023\/07\/DB1A0737-7508-44ED-93A8-18480D5751EE-1152x2048.jpg 1152w, https:\/\/timestco.com\/wp-content\/uploads\/2023\/07\/DB1A0737-7508-44ED-93A8-18480D5751EE-200x356.jpg 200w\" sizes=\"(max-width: 1170px) 100vw, 1170px\" \/><\/div><\/figure>\n\n\n<style>.kadence-column25094_d78a7b-be > .kt-inside-inner-col{padding-top:var(--global-kb-spacing-md, 2rem);padding-right:var(--global-kb-spacing-md, 2rem);padding-bottom:var(--global-kb-spacing-md, 2rem);padding-left:var(--global-kb-spacing-md, 2rem);}.kadence-column25094_d78a7b-be > .kt-inside-inner-col,.kadence-column25094_d78a7b-be > .kt-inside-inner-col:before{border-top-left-radius:0px;border-top-right-radius:0px;border-bottom-right-radius:0px;border-bottom-left-radius:0px;}.kadence-column25094_d78a7b-be > .kt-inside-inner-col{column-gap:var(--global-kb-gap-sm, 1rem);}.kadence-column25094_d78a7b-be > .kt-inside-inner-col{flex-direction:column;}.kadence-column25094_d78a7b-be > .kt-inside-inner-col > .aligncenter{width:100%;}.kadence-column25094_d78a7b-be > .kt-inside-inner-col{background-color:rgba(255, 255, 255, 0.9);}.kadence-column25094_d78a7b-be > .kt-inside-inner-col:before{opacity:0.3;}.kadence-column25094_d78a7b-be{position:relative;}@media all and (max-width: 1024px){.kadence-column25094_d78a7b-be > .kt-inside-inner-col{flex-direction:column;justify-content:center;}}@media all and (max-width: 767px){.kadence-column25094_d78a7b-be > .kt-inside-inner-col{flex-direction:column;justify-content:center;}}<\/style>\n<div class=\"wp-block-kadence-column kadence-column25094_d78a7b-be\"><div class=\"kt-inside-inner-col\"><style>.wp-block-kadence-advancedheading.kt-adv-heading25094_d41bed-c8, .wp-block-kadence-advancedheading.kt-adv-heading25094_d41bed-c8[data-kb-block=\"kb-adv-heading25094_d41bed-c8\"]{font-size:var(--global-kb-font-size-md, 1.25rem);font-style:normal;}.wp-block-kadence-advancedheading.kt-adv-heading25094_d41bed-c8 mark.kt-highlight, .wp-block-kadence-advancedheading.kt-adv-heading25094_d41bed-c8[data-kb-block=\"kb-adv-heading25094_d41bed-c8\"] mark.kt-highlight{font-style:normal;color:#f76a0c;-webkit-box-decoration-break:clone;box-decoration-break:clone;padding-top:0px;padding-right:0px;padding-bottom:0px;padding-left:0px;}<\/style>\n<h5 class=\"kt-adv-heading25094_d41bed-c8 wp-block-kadence-advancedheading has-theme-palette-3-color has-text-color\" data-kb-block=\"kb-adv-heading25094_d41bed-c8\">Experiencia y Trayectoria<\/h5>\n\n\n<style>.wp-block-kadence-advancedheading.kt-adv-heading25094_6cc772-68, .wp-block-kadence-advancedheading.kt-adv-heading25094_6cc772-68[data-kb-block=\"kb-adv-heading25094_6cc772-68\"]{font-style:normal;background-color:rgba(0,0,0,0);}.wp-block-kadence-advancedheading.kt-adv-heading25094_6cc772-68 mark.kt-highlight, .wp-block-kadence-advancedheading.kt-adv-heading25094_6cc772-68[data-kb-block=\"kb-adv-heading25094_6cc772-68\"] mark.kt-highlight{font-style:normal;color:#f76a0c;-webkit-box-decoration-break:clone;box-decoration-break:clone;padding-top:0px;padding-right:0px;padding-bottom:0px;padding-left:0px;}<\/style>\n<p class=\"kt-adv-heading25094_6cc772-68 wp-block-kadence-advancedheading has-theme-palette-6-color has-text-color\" data-kb-block=\"kb-adv-heading25094_6cc772-68\">\ud83c\udfc5 Hemos estado en el mercado por muchos a\u00f1os, respaldando la excelencia en eventos deportivos de todas las disciplinas.<\/p>\n\n\n<style>.wp-block-kadence-advancedheading.kt-adv-heading25094_83ba7e-45, .wp-block-kadence-advancedheading.kt-adv-heading25094_83ba7e-45[data-kb-block=\"kb-adv-heading25094_83ba7e-45\"]{font-style:normal;background-color:rgba(0,0,0,0);}.wp-block-kadence-advancedheading.kt-adv-heading25094_83ba7e-45 mark.kt-highlight, .wp-block-kadence-advancedheading.kt-adv-heading25094_83ba7e-45[data-kb-block=\"kb-adv-heading25094_83ba7e-45\"] mark.kt-highlight{font-style:normal;color:#f76a0c;-webkit-box-decoration-break:clone;box-decoration-break:clone;padding-top:0px;padding-right:0px;padding-bottom:0px;padding-left:0px;}<\/style>\n<p class=\"kt-adv-heading25094_83ba7e-45 wp-block-kadence-advancedheading has-theme-palette-6-color has-text-color\" data-kb-block=\"kb-adv-heading25094_83ba7e-45\"> \ud83c\udfc5 Eventos de cualquier alcance y dimensi\u00f3n: Desde peque\u00f1as competencias locales, hasta eventos masivos de renombre, siempre brindando nuestros servicios con la misma dedicaci\u00f3n y profesionalismo.<\/p>\n<\/div><\/div>\n<\/div><\/div>\n\n\n<style>.kadence-column25094_668fbb-4f > .kt-inside-inner-col,.kadence-column25094_668fbb-4f > .kt-inside-inner-col:before{border-top-left-radius:0px;border-top-right-radius:0px;border-bottom-right-radius:0px;border-bottom-left-radius:0px;}.kadence-column25094_668fbb-4f > .kt-inside-inner-col{column-gap:var(--global-kb-gap-sm, 1rem);}.kadence-column25094_668fbb-4f > .kt-inside-inner-col{flex-direction:column;}.kadence-column25094_668fbb-4f > .kt-inside-inner-col > .aligncenter{width:100%;}.kadence-column25094_668fbb-4f > .kt-inside-inner-col{background-color:var(--global-palette8, #F7FAFC);}.kadence-column25094_668fbb-4f > .kt-inside-inner-col:before{opacity:0.3;}.kadence-column25094_668fbb-4f{position:relative;}@media all and (max-width: 1024px){.kadence-column25094_668fbb-4f > .kt-inside-inner-col{flex-direction:column;justify-content:center;}}@media all and (max-width: 767px){.kadence-column25094_668fbb-4f > .kt-inside-inner-col{flex-direction:column;justify-content:center;}}<\/style>\n<div class=\"wp-block-kadence-column kadence-column25094_668fbb-4f\"><div class=\"kt-inside-inner-col\"><style>.wp-block-kadence-image.kb-image25094_57557d-ce:not(.kb-specificity-added):not(.kb-extra-specificity-added){margin-bottom:0px;}.kb-image25094_57557d-ce:not(.kb-image-is-ratio-size) .kb-img, .kb-image25094_57557d-ce.kb-image-is-ratio-size{padding-bottom:0px;}.kb-image25094_57557d-ce .kb-image-has-overlay:after{opacity:0.3;}<\/style>\n<figure class=\"wp-block-kadence-image kb-image25094_57557d-ce kb-image-is-ratio-size\"><div class=\"kb-is-ratio-image kb-image-ratio-land169\"><img loading=\"lazy\" decoding=\"async\" width=\"1200\" height=\"1600\" src=\"http:\/\/timestco-com.preview-domain.com\/wp-content\/uploads\/2023\/07\/reloj.jpg\" alt=\"Timest Colombia Servicios de cronometraje electronico de alta precisi\u00f3n\" class=\"kb-img wp-image-24702\" srcset=\"https:\/\/timestco.com\/wp-content\/uploads\/2023\/07\/reloj.jpg 1200w, https:\/\/timestco.com\/wp-content\/uploads\/2023\/07\/reloj-225x300.jpg 225w, https:\/\/timestco.com\/wp-content\/uploads\/2023\/07\/reloj-768x1024.jpg 768w, https:\/\/timestco.com\/wp-content\/uploads\/2023\/07\/reloj-1152x1536.jpg 1152w, https:\/\/timestco.com\/wp-content\/uploads\/2023\/07\/reloj-200x267.jpg 200w\" sizes=\"(max-width: 1200px) 100vw, 1200px\" \/><\/div><\/figure>\n\n\n<style>.kadence-column25094_226239-e5 > .kt-inside-inner-col{padding-top:var(--global-kb-spacing-md, 2rem);padding-right:var(--global-kb-spacing-md, 2rem);padding-bottom:var(--global-kb-spacing-md, 2rem);padding-left:var(--global-kb-spacing-md, 2rem);}.kadence-column25094_226239-e5 > .kt-inside-inner-col,.kadence-column25094_226239-e5 > .kt-inside-inner-col:before{border-top-left-radius:0px;border-top-right-radius:0px;border-bottom-right-radius:0px;border-bottom-left-radius:0px;}.kadence-column25094_226239-e5 > .kt-inside-inner-col{column-gap:var(--global-kb-gap-sm, 1rem);}.kadence-column25094_226239-e5 > .kt-inside-inner-col{flex-direction:column;}.kadence-column25094_226239-e5 > .kt-inside-inner-col > .aligncenter{width:100%;}.kadence-column25094_226239-e5 > .kt-inside-inner-col{background-color:rgba(255, 255, 255, 0.9);}.kadence-column25094_226239-e5 > .kt-inside-inner-col:before{opacity:0.3;}.kadence-column25094_226239-e5{position:relative;}@media all and (max-width: 1024px){.kadence-column25094_226239-e5 > .kt-inside-inner-col{flex-direction:column;justify-content:center;}}@media all and (max-width: 767px){.kadence-column25094_226239-e5 > .kt-inside-inner-col{flex-direction:column;justify-content:center;}}<\/style>\n<div class=\"wp-block-kadence-column kadence-column25094_226239-e5\"><div class=\"kt-inside-inner-col\"><style>.wp-block-kadence-advancedheading.kt-adv-heading25094_d2db1c-32, .wp-block-kadence-advancedheading.kt-adv-heading25094_d2db1c-32[data-kb-block=\"kb-adv-heading25094_d2db1c-32\"]{font-size:var(--global-kb-font-size-md, 1.25rem);font-style:normal;}.wp-block-kadence-advancedheading.kt-adv-heading25094_d2db1c-32 mark.kt-highlight, .wp-block-kadence-advancedheading.kt-adv-heading25094_d2db1c-32[data-kb-block=\"kb-adv-heading25094_d2db1c-32\"] mark.kt-highlight{font-style:normal;color:#f76a0c;-webkit-box-decoration-break:clone;box-decoration-break:clone;padding-top:0px;padding-right:0px;padding-bottom:0px;padding-left:0px;}<\/style>\n<h5 class=\"kt-adv-heading25094_d2db1c-32 wp-block-kadence-advancedheading has-theme-palette-3-color has-text-color\" data-kb-block=\"kb-adv-heading25094_d2db1c-32\">Beneficios para Organizadores<\/h5>\n\n\n<style>.wp-block-kadence-advancedheading.kt-adv-heading25094_5e8b4e-b7, .wp-block-kadence-advancedheading.kt-adv-heading25094_5e8b4e-b7[data-kb-block=\"kb-adv-heading25094_5e8b4e-b7\"]{font-style:normal;background-color:rgba(69,69,69,0);}.wp-block-kadence-advancedheading.kt-adv-heading25094_5e8b4e-b7 mark.kt-highlight, .wp-block-kadence-advancedheading.kt-adv-heading25094_5e8b4e-b7[data-kb-block=\"kb-adv-heading25094_5e8b4e-b7\"] mark.kt-highlight{font-style:normal;color:#f76a0c;-webkit-box-decoration-break:clone;box-decoration-break:clone;padding-top:0px;padding-right:0px;padding-bottom:0px;padding-left:0px;}<\/style>\n<p class=\"kt-adv-heading25094_5e8b4e-b7 wp-block-kadence-advancedheading has-theme-palette-5-color has-text-color\" data-kb-block=\"kb-adv-heading25094_5e8b4e-b7\">\ud83c\udfc5 Asesor\u00eda Profesional: Nuestro equipo de expertos est\u00e1 siempre disponible, para brindarte asesor\u00eda y apoyo en la planificaci\u00f3n y ejecuci\u00f3n de tu evento.<\/p>\n\n\n<style>.wp-block-kadence-advancedheading.kt-adv-heading25094_965e7d-e2, .wp-block-kadence-advancedheading.kt-adv-heading25094_965e7d-e2[data-kb-block=\"kb-adv-heading25094_965e7d-e2\"]{font-style:normal;background-color:rgba(69,69,69,0);}.wp-block-kadence-advancedheading.kt-adv-heading25094_965e7d-e2 mark.kt-highlight, .wp-block-kadence-advancedheading.kt-adv-heading25094_965e7d-e2[data-kb-block=\"kb-adv-heading25094_965e7d-e2\"] mark.kt-highlight{font-style:normal;color:#f76a0c;-webkit-box-decoration-break:clone;box-decoration-break:clone;padding-top:0px;padding-right:0px;padding-bottom:0px;padding-left:0px;}<\/style>\n<p class=\"kt-adv-heading25094_965e7d-e2 wp-block-kadence-advancedheading has-theme-palette-5-color has-text-color\" data-kb-block=\"kb-adv-heading25094_965e7d-e2\">\ud83c\udfc5 Personalizaci\u00f3n Total: Sabemos lo importante que es la identidad de tu evento. Por eso puedes dise\u00f1ar desde la placa o dorsal hasta el certificado de participaci\u00f3n de los finishers. \u00a1Cada detalle reflejar\u00e1 la esencia de tu carrera!<\/p>\n\n\n<style>.wp-block-kadence-advancedheading.kt-adv-heading25094_abb839-de, .wp-block-kadence-advancedheading.kt-adv-heading25094_abb839-de[data-kb-block=\"kb-adv-heading25094_abb839-de\"]{font-style:normal;background-color:rgba(69,69,69,0);}.wp-block-kadence-advancedheading.kt-adv-heading25094_abb839-de mark.kt-highlight, .wp-block-kadence-advancedheading.kt-adv-heading25094_abb839-de[data-kb-block=\"kb-adv-heading25094_abb839-de\"] mark.kt-highlight{font-style:normal;color:#f76a0c;-webkit-box-decoration-break:clone;box-decoration-break:clone;padding-top:0px;padding-right:0px;padding-bottom:0px;padding-left:0px;}<\/style>\n<p class=\"kt-adv-heading25094_abb839-de wp-block-kadence-advancedheading has-theme-palette-5-color has-text-color\" data-kb-block=\"kb-adv-heading25094_abb839-de\">\ud83c\udfc5 A trav\u00e9s de nuestras redes sociales y plataformas, promocionamos tu evento para aumentar la participaci\u00f3n y visibilidad.<\/p>\n<\/div><\/div>\n<\/div><\/div>\n\n\n<style>.kadence-column25094_d043cd-05 > .kt-inside-inner-col,.kadence-column25094_d043cd-05 > .kt-inside-inner-col:before{border-top-left-radius:0px;border-top-right-radius:0px;border-bottom-right-radius:0px;border-bottom-left-radius:0px;}.kadence-column25094_d043cd-05 > .kt-inside-inner-col{column-gap:var(--global-kb-gap-sm, 1rem);}.kadence-column25094_d043cd-05 > .kt-inside-inner-col{flex-direction:column;}.kadence-column25094_d043cd-05 > .kt-inside-inner-col > .aligncenter{width:100%;}.kadence-column25094_d043cd-05 > .kt-inside-inner-col{background-color:var(--global-palette8, #F7FAFC);}.kadence-column25094_d043cd-05 > .kt-inside-inner-col:before{opacity:0.3;}.kadence-column25094_d043cd-05{position:relative;}@media all and (max-width: 1024px){.kadence-column25094_d043cd-05 > .kt-inside-inner-col{flex-direction:column;justify-content:center;}}@media all and (max-width: 767px){.kadence-column25094_d043cd-05 > .kt-inside-inner-col{flex-direction:column;justify-content:center;}}<\/style>\n<div class=\"wp-block-kadence-column kadence-column25094_d043cd-05\"><div class=\"kt-inside-inner-col\"><style>.wp-block-kadence-image.kb-image25094_44d965-0f:not(.kb-specificity-added):not(.kb-extra-specificity-added){margin-bottom:0px;}.kb-image25094_44d965-0f:not(.kb-image-is-ratio-size) .kb-img, .kb-image25094_44d965-0f.kb-image-is-ratio-size{padding-bottom:0px;}.kb-image25094_44d965-0f .kb-image-has-overlay:after{opacity:0.3;}<\/style>\n<figure class=\"wp-block-kadence-image kb-image25094_44d965-0f kb-image-is-ratio-size\"><div class=\"kb-is-ratio-image kb-image-ratio-land169\"><img loading=\"lazy\" decoding=\"async\" width=\"748\" height=\"531\" src=\"http:\/\/timestco-com.preview-domain.com\/wp-content\/uploads\/2023\/07\/certificado1.jpg\" alt=\"Certificado digital descargable desde la plataforma de Timest Colombia\" class=\"kb-img wp-image-24795\" srcset=\"https:\/\/timestco.com\/wp-content\/uploads\/2023\/07\/certificado1.jpg 748w, https:\/\/timestco.com\/wp-content\/uploads\/2023\/07\/certificado1-300x213.jpg 300w, https:\/\/timestco.com\/wp-content\/uploads\/2023\/07\/certificado1-200x142.jpg 200w\" sizes=\"(max-width: 748px) 100vw, 748px\" \/><\/div><\/figure>\n\n\n<style>.kadence-column25094_897d8a-6e > .kt-inside-inner-col{padding-top:var(--global-kb-spacing-md, 2rem);padding-right:var(--global-kb-spacing-md, 2rem);padding-bottom:var(--global-kb-spacing-md, 2rem);padding-left:var(--global-kb-spacing-md, 2rem);}.kadence-column25094_897d8a-6e > .kt-inside-inner-col,.kadence-column25094_897d8a-6e > .kt-inside-inner-col:before{border-top-left-radius:0px;border-top-right-radius:0px;border-bottom-right-radius:0px;border-bottom-left-radius:0px;}.kadence-column25094_897d8a-6e > .kt-inside-inner-col{column-gap:var(--global-kb-gap-sm, 1rem);}.kadence-column25094_897d8a-6e > .kt-inside-inner-col{flex-direction:column;}.kadence-column25094_897d8a-6e > .kt-inside-inner-col > .aligncenter{width:100%;}.kadence-column25094_897d8a-6e > .kt-inside-inner-col{background-color:rgba(255, 255, 255, 0.9);}.kadence-column25094_897d8a-6e > .kt-inside-inner-col:before{opacity:0.3;}.kadence-column25094_897d8a-6e{position:relative;}@media all and (max-width: 1024px){.kadence-column25094_897d8a-6e > .kt-inside-inner-col{flex-direction:column;justify-content:center;}}@media all and (max-width: 767px){.kadence-column25094_897d8a-6e > .kt-inside-inner-col{flex-direction:column;justify-content:center;}}<\/style>\n<div class=\"wp-block-kadence-column kadence-column25094_897d8a-6e\"><div class=\"kt-inside-inner-col\"><style>.wp-block-kadence-advancedheading.kt-adv-heading25094_51344c-db, .wp-block-kadence-advancedheading.kt-adv-heading25094_51344c-db[data-kb-block=\"kb-adv-heading25094_51344c-db\"]{font-size:var(--global-kb-font-size-md, 1.25rem);font-style:normal;}.wp-block-kadence-advancedheading.kt-adv-heading25094_51344c-db mark.kt-highlight, .wp-block-kadence-advancedheading.kt-adv-heading25094_51344c-db[data-kb-block=\"kb-adv-heading25094_51344c-db\"] mark.kt-highlight{font-style:normal;color:#f76a0c;-webkit-box-decoration-break:clone;box-decoration-break:clone;padding-top:0px;padding-right:0px;padding-bottom:0px;padding-left:0px;}<\/style>\n<h5 class=\"kt-adv-heading25094_51344c-db wp-block-kadence-advancedheading has-theme-palette-3-color has-text-color\" data-kb-block=\"kb-adv-heading25094_51344c-db\">Beneficios para Participantes<\/h5>\n\n\n<style>.wp-block-kadence-advancedheading.kt-adv-heading25094_55070d-5d, .wp-block-kadence-advancedheading.kt-adv-heading25094_55070d-5d[data-kb-block=\"kb-adv-heading25094_55070d-5d\"]{font-style:normal;}.wp-block-kadence-advancedheading.kt-adv-heading25094_55070d-5d mark.kt-highlight, .wp-block-kadence-advancedheading.kt-adv-heading25094_55070d-5d[data-kb-block=\"kb-adv-heading25094_55070d-5d\"] mark.kt-highlight{font-style:normal;color:#f76a0c;-webkit-box-decoration-break:clone;box-decoration-break:clone;padding-top:0px;padding-right:0px;padding-bottom:0px;padding-left:0px;}<\/style>\n<p class=\"kt-adv-heading25094_55070d-5d wp-block-kadence-advancedheading has-theme-palette-5-color has-text-color\" data-kb-block=\"kb-adv-heading25094_55070d-5d\">\ud83c\udfc5 Certificados Personalizados: Cada finisher tendr\u00e1 un certificado de participaci\u00f3n personalizado, que podr\u00e1n descargar f\u00e1cilmente desde nuestra plataforma.<\/p>\n\n\n<style>.wp-block-kadence-advancedheading.kt-adv-heading25094_111ebe-b5, .wp-block-kadence-advancedheading.kt-adv-heading25094_111ebe-b5[data-kb-block=\"kb-adv-heading25094_111ebe-b5\"]{font-style:normal;}.wp-block-kadence-advancedheading.kt-adv-heading25094_111ebe-b5 mark.kt-highlight, .wp-block-kadence-advancedheading.kt-adv-heading25094_111ebe-b5[data-kb-block=\"kb-adv-heading25094_111ebe-b5\"] mark.kt-highlight{font-style:normal;color:#f76a0c;-webkit-box-decoration-break:clone;box-decoration-break:clone;padding-top:0px;padding-right:0px;padding-bottom:0px;padding-left:0px;}<\/style>\n<p class=\"kt-adv-heading25094_111ebe-b5 wp-block-kadence-advancedheading has-theme-palette-5-color has-text-color\" data-kb-block=\"kb-adv-heading25094_111ebe-b5\">\ud83c\udfc5 Galer\u00eda de Fotos o Video: Capturamos algunos de los mejores momentos de la competencia y los compartimos en nuestras redes sociales para que los participantes revivan la emoci\u00f3n de su logro.<\/p>\n\n\n<style>.wp-block-kadence-advancedheading.kt-adv-heading25094_462076-2e, .wp-block-kadence-advancedheading.kt-adv-heading25094_462076-2e[data-kb-block=\"kb-adv-heading25094_462076-2e\"]{font-style:normal;}.wp-block-kadence-advancedheading.kt-adv-heading25094_462076-2e mark.kt-highlight, .wp-block-kadence-advancedheading.kt-adv-heading25094_462076-2e[data-kb-block=\"kb-adv-heading25094_462076-2e\"] mark.kt-highlight{font-style:normal;color:#f76a0c;-webkit-box-decoration-break:clone;box-decoration-break:clone;padding-top:0px;padding-right:0px;padding-bottom:0px;padding-left:0px;}<\/style>\n<p class=\"kt-adv-heading25094_462076-2e wp-block-kadence-advancedheading has-theme-palette-5-color has-text-color\" data-kb-block=\"kb-adv-heading25094_462076-2e\">\ud83c\udfc5 B\u00fasqueda precisa en las tablas de resultados por tiempo, dorsal, placa, nombre, distancia, etc. <\/p>\n<\/div><\/div>\n<\/div><\/div>\n\n\n<style>.kadence-column25094_4f0421-69 > .kt-inside-inner-col,.kadence-column25094_4f0421-69 > .kt-inside-inner-col:before{border-top-left-radius:0px;border-top-right-radius:0px;border-bottom-right-radius:0px;border-bottom-left-radius:0px;}.kadence-column25094_4f0421-69 > .kt-inside-inner-col{column-gap:var(--global-kb-gap-sm, 1rem);}.kadence-column25094_4f0421-69 > .kt-inside-inner-col{flex-direction:column;}.kadence-column25094_4f0421-69 > .kt-inside-inner-col > .aligncenter{width:100%;}.kadence-column25094_4f0421-69 > .kt-inside-inner-col{background-color:var(--global-palette8, #F7FAFC);}.kadence-column25094_4f0421-69 > .kt-inside-inner-col:before{opacity:0.3;}.kadence-column25094_4f0421-69{position:relative;}@media all and (max-width: 1024px){.kadence-column25094_4f0421-69 > .kt-inside-inner-col{flex-direction:column;justify-content:center;}}@media all and (max-width: 767px){.kadence-column25094_4f0421-69 > .kt-inside-inner-col{flex-direction:column;justify-content:center;}}<\/style>\n<div class=\"wp-block-kadence-column kadence-column25094_4f0421-69\"><div class=\"kt-inside-inner-col\"><style>.wp-block-kadence-image.kb-image25094_1dddf7-bf:not(.kb-specificity-added):not(.kb-extra-specificity-added){margin-bottom:0px;}.kb-image25094_1dddf7-bf:not(.kb-image-is-ratio-size) .kb-img, .kb-image25094_1dddf7-bf.kb-image-is-ratio-size{padding-bottom:0px;}.kb-image25094_1dddf7-bf .kb-image-has-overlay:after{opacity:0.3;}<\/style>\n<figure class=\"wp-block-kadence-image kb-image25094_1dddf7-bf kb-image-is-ratio-size\"><div class=\"kb-is-ratio-image kb-image-ratio-land169\"><img loading=\"lazy\" decoding=\"async\" width=\"1200\" height=\"1600\" src=\"http:\/\/timestco-com.preview-domain.com\/wp-content\/uploads\/2023\/07\/foto5-1.jpg\" alt=\"Testimonios de organizadores y participantes satisfechos, Timest Colombia\" class=\"kb-img wp-image-24701\" srcset=\"https:\/\/timestco.com\/wp-content\/uploads\/2023\/07\/foto5-1.jpg 1200w, https:\/\/timestco.com\/wp-content\/uploads\/2023\/07\/foto5-1-225x300.jpg 225w, https:\/\/timestco.com\/wp-content\/uploads\/2023\/07\/foto5-1-768x1024.jpg 768w, https:\/\/timestco.com\/wp-content\/uploads\/2023\/07\/foto5-1-1152x1536.jpg 1152w, https:\/\/timestco.com\/wp-content\/uploads\/2023\/07\/foto5-1-200x267.jpg 200w\" sizes=\"(max-width: 1200px) 100vw, 1200px\" \/><\/div><\/figure>\n\n\n<style>.kadence-column25094_63e29a-7b > .kt-inside-inner-col{padding-top:var(--global-kb-spacing-md, 2rem);padding-right:var(--global-kb-spacing-md, 2rem);padding-bottom:var(--global-kb-spacing-md, 2rem);padding-left:var(--global-kb-spacing-md, 2rem);}.kadence-column25094_63e29a-7b > .kt-inside-inner-col,.kadence-column25094_63e29a-7b > .kt-inside-inner-col:before{border-top-left-radius:0px;border-top-right-radius:0px;border-bottom-right-radius:0px;border-bottom-left-radius:0px;}.kadence-column25094_63e29a-7b > .kt-inside-inner-col{column-gap:var(--global-kb-gap-sm, 1rem);}.kadence-column25094_63e29a-7b > .kt-inside-inner-col{flex-direction:column;}.kadence-column25094_63e29a-7b > .kt-inside-inner-col > .aligncenter{width:100%;}.kadence-column25094_63e29a-7b > .kt-inside-inner-col{background-color:rgba(255, 255, 255, 0.9);}.kadence-column25094_63e29a-7b > .kt-inside-inner-col:before{opacity:0.3;}.kadence-column25094_63e29a-7b{position:relative;}@media all and (max-width: 1024px){.kadence-column25094_63e29a-7b > .kt-inside-inner-col{flex-direction:column;justify-content:center;}}@media all and (max-width: 767px){.kadence-column25094_63e29a-7b > .kt-inside-inner-col{flex-direction:column;justify-content:center;}}<\/style>\n<div class=\"wp-block-kadence-column kadence-column25094_63e29a-7b\"><div class=\"kt-inside-inner-col\"><style>.wp-block-kadence-advancedheading.kt-adv-heading25094_fddc44-10, .wp-block-kadence-advancedheading.kt-adv-heading25094_fddc44-10[data-kb-block=\"kb-adv-heading25094_fddc44-10\"]{font-size:var(--global-kb-font-size-md, 1.25rem);font-style:normal;}.wp-block-kadence-advancedheading.kt-adv-heading25094_fddc44-10 mark.kt-highlight, .wp-block-kadence-advancedheading.kt-adv-heading25094_fddc44-10[data-kb-block=\"kb-adv-heading25094_fddc44-10\"] mark.kt-highlight{font-style:normal;color:#f76a0c;-webkit-box-decoration-break:clone;box-decoration-break:clone;padding-top:0px;padding-right:0px;padding-bottom:0px;padding-left:0px;}<\/style>\n<h5 class=\"kt-adv-heading25094_fddc44-10 wp-block-kadence-advancedheading has-theme-palette-3-color has-text-color\" data-kb-block=\"kb-adv-heading25094_fddc44-10\">Testimonios de exito<\/h5>\n\n\n<style>.wp-block-kadence-advancedheading.kt-adv-heading25094_df3aca-3a, .wp-block-kadence-advancedheading.kt-adv-heading25094_df3aca-3a[data-kb-block=\"kb-adv-heading25094_df3aca-3a\"]{font-style:normal;}.wp-block-kadence-advancedheading.kt-adv-heading25094_df3aca-3a mark.kt-highlight, .wp-block-kadence-advancedheading.kt-adv-heading25094_df3aca-3a[data-kb-block=\"kb-adv-heading25094_df3aca-3a\"] mark.kt-highlight{font-style:normal;color:#f76a0c;-webkit-box-decoration-break:clone;box-decoration-break:clone;padding-top:0px;padding-right:0px;padding-bottom:0px;padding-left:0px;}<\/style>\n<p class=\"kt-adv-heading25094_df3aca-3a wp-block-kadence-advancedheading has-theme-palette-5-color has-text-color\" data-kb-block=\"kb-adv-heading25094_df3aca-3a\">\ud83d\udde3\ufe0f \u00abTimest Colombia hizo que nuestra carrera fuera incre\u00edble. La precisi\u00f3n del cronometraje y la atenci\u00f3n al detalle fueron impresionantes\u00bb. &#8211; Organizador de Evento.<\/p>\n\n\n<style>.wp-block-kadence-advancedheading.kt-adv-heading25094_a3e7ed-b3, .wp-block-kadence-advancedheading.kt-adv-heading25094_a3e7ed-b3[data-kb-block=\"kb-adv-heading25094_a3e7ed-b3\"]{font-style:normal;}.wp-block-kadence-advancedheading.kt-adv-heading25094_a3e7ed-b3 mark.kt-highlight, .wp-block-kadence-advancedheading.kt-adv-heading25094_a3e7ed-b3[data-kb-block=\"kb-adv-heading25094_a3e7ed-b3\"] mark.kt-highlight{font-style:normal;color:#f76a0c;-webkit-box-decoration-break:clone;box-decoration-break:clone;padding-top:0px;padding-right:0px;padding-bottom:0px;padding-left:0px;}<\/style>\n<p class=\"kt-adv-heading25094_a3e7ed-b3 wp-block-kadence-advancedheading has-theme-palette-5-color has-text-color\" data-kb-block=\"kb-adv-heading25094_a3e7ed-b3\">\ud83d\udde3\ufe0f \u00abComo corredor, me sent\u00ed seguro y emocionado al ver mis resultados en tiempo real. \u00a1Excelente trabajo, Timest Colombia!\u00bb &#8211; Participante Satisfecho.<\/p>\n\n\n<style>.wp-block-kadence-advancedheading.kt-adv-heading25094_040ff7-0b, .wp-block-kadence-advancedheading.kt-adv-heading25094_040ff7-0b[data-kb-block=\"kb-adv-heading25094_040ff7-0b\"]{font-style:normal;}.wp-block-kadence-advancedheading.kt-adv-heading25094_040ff7-0b mark.kt-highlight, .wp-block-kadence-advancedheading.kt-adv-heading25094_040ff7-0b[data-kb-block=\"kb-adv-heading25094_040ff7-0b\"] mark.kt-highlight{font-style:normal;color:#f76a0c;-webkit-box-decoration-break:clone;box-decoration-break:clone;padding-top:0px;padding-right:0px;padding-bottom:0px;padding-left:0px;}<\/style>\n<p class=\"kt-adv-heading25094_040ff7-0b wp-block-kadence-advancedheading has-theme-palette-5-color has-text-color\" data-kb-block=\"kb-adv-heading25094_040ff7-0b\"><\/p>\n<\/div><\/div>\n<\/div><\/div>\n\n<\/div><\/div><\/div><\/div>\n\n<\/div><\/div>\n\n\n<p><\/p>\n\n\n\n<p class=\"has-text-align-center\">\ud83c\udfc1\ud83c\udf89 Convierte tu evento deportivo en una experiencia inolvidable con nuestro servicio de cronometraje electr\u00f3nico personalizado\ud83c\udf89\ud83c\udfc1<\/p>\n\n\n\n<ul class=\"wp-block-social-links aligncenter has-icon-color has-icon-background-color is-content-justification-center is-layout-flex wp-container-core-social-links-is-layout-1 wp-block-social-links-is-layout-flex\"><li style=\"color: #ffffff; background-color: #018a68; \" class=\"wp-social-link wp-social-link-mail has-theme-palette3-background-color wp-block-social-link\"><a rel=\"noopener nofollow\" target=\"_blank\" href=\"mailto:\/\/timestco@hotmail.com\" class=\"wp-block-social-link-anchor\"><svg width=\"24\" height=\"24\" viewBox=\"0 0 24 24\" version=\"1.1\" xmlns=\"http:\/\/www.w3.org\/2000\/svg\" aria-hidden=\"true\" focusable=\"false\"><path d=\"M19,5H5c-1.1,0-2,.9-2,2v10c0,1.1.9,2,2,2h14c1.1,0,2-.9,2-2V7c0-1.1-.9-2-2-2zm.5,12c0,.3-.2.5-.5.5H5c-.3,0-.5-.2-.5-.5V9.8l7.5,5.6,7.5-5.6V17zm0-9.1L12,13.6,4.5,7.9V7c0-.3.2-.5.5-.5h14c.3,0,.5.2.5.5v.9z\"><\/path><\/svg><span class=\"wp-block-social-link-label screen-reader-text\">env\u00edanos un email<\/span><\/a><\/li>\n\n<li style=\"color: #ffffff; background-color: #018a68; \" class=\"wp-social-link wp-social-link-whatsapp has-theme-palette3-background-color wp-block-social-link\"><a rel=\"noopener nofollow\" target=\"_blank\" href=\"https:\/\/api.whatsapp.com\/send?phone=573182574996&#038;text=%F0%9F%91%8B%F0%9F%8F%86\" class=\"wp-block-social-link-anchor\"><svg width=\"24\" height=\"24\" viewBox=\"0 0 24 24\" version=\"1.1\" xmlns=\"http:\/\/www.w3.org\/2000\/svg\" aria-hidden=\"true\" focusable=\"false\"><path d=\"M 12.011719 2 C 6.5057187 2 2.0234844 6.478375 2.0214844 11.984375 C 2.0204844 13.744375 2.4814687 15.462563 3.3554688 16.976562 L 2 22 L 7.2324219 20.763672 C 8.6914219 21.559672 10.333859 21.977516 12.005859 21.978516 L 12.009766 21.978516 C 17.514766 21.978516 21.995047 17.499141 21.998047 11.994141 C 22.000047 9.3251406 20.962172 6.8157344 19.076172 4.9277344 C 17.190172 3.0407344 14.683719 2.001 12.011719 2 z M 12.009766 4 C 14.145766 4.001 16.153109 4.8337969 17.662109 6.3417969 C 19.171109 7.8517969 20.000047 9.8581875 19.998047 11.992188 C 19.996047 16.396187 16.413812 19.978516 12.007812 19.978516 C 10.674812 19.977516 9.3544062 19.642812 8.1914062 19.007812 L 7.5175781 18.640625 L 6.7734375 18.816406 L 4.8046875 19.28125 L 5.2851562 17.496094 L 5.5019531 16.695312 L 5.0878906 15.976562 C 4.3898906 14.768562 4.0204844 13.387375 4.0214844 11.984375 C 4.0234844 7.582375 7.6067656 4 12.009766 4 z M 8.4765625 7.375 C 8.3095625 7.375 8.0395469 7.4375 7.8105469 7.6875 C 7.5815469 7.9365 6.9355469 8.5395781 6.9355469 9.7675781 C 6.9355469 10.995578 7.8300781 12.182609 7.9550781 12.349609 C 8.0790781 12.515609 9.68175 15.115234 12.21875 16.115234 C 14.32675 16.946234 14.754891 16.782234 15.212891 16.740234 C 15.670891 16.699234 16.690438 16.137687 16.898438 15.554688 C 17.106437 14.971687 17.106922 14.470187 17.044922 14.367188 C 16.982922 14.263188 16.816406 14.201172 16.566406 14.076172 C 16.317406 13.951172 15.090328 13.348625 14.861328 13.265625 C 14.632328 13.182625 14.464828 13.140625 14.298828 13.390625 C 14.132828 13.640625 13.655766 14.201187 13.509766 14.367188 C 13.363766 14.534188 13.21875 14.556641 12.96875 14.431641 C 12.71875 14.305641 11.914938 14.041406 10.960938 13.191406 C 10.218937 12.530406 9.7182656 11.714844 9.5722656 11.464844 C 9.4272656 11.215844 9.5585938 11.079078 9.6835938 10.955078 C 9.7955938 10.843078 9.9316406 10.663578 10.056641 10.517578 C 10.180641 10.371578 10.223641 10.267562 10.306641 10.101562 C 10.389641 9.9355625 10.347156 9.7890625 10.285156 9.6640625 C 10.223156 9.5390625 9.737625 8.3065 9.515625 7.8125 C 9.328625 7.3975 9.131125 7.3878594 8.953125 7.3808594 C 8.808125 7.3748594 8.6425625 7.375 8.4765625 7.375 z\"><\/path><\/svg><span class=\"wp-block-social-link-label screen-reader-text\">Comun\u00edcate con nosotros<\/span><\/a><\/li>\n\n<li style=\"color: #ffffff; background-color: #018a68; \" class=\"wp-social-link wp-social-link-instagram has-theme-palette3-background-color wp-block-social-link\"><a rel=\"noopener nofollow\" target=\"_blank\" href=\"https:\/\/instagram.com\/timestco\/\" class=\"wp-block-social-link-anchor\"><svg width=\"24\" height=\"24\" viewBox=\"0 0 24 24\" version=\"1.1\" xmlns=\"http:\/\/www.w3.org\/2000\/svg\" aria-hidden=\"true\" focusable=\"false\"><path d=\"M12,4.622c2.403,0,2.688,0.009,3.637,0.052c0.877,0.04,1.354,0.187,1.671,0.31c0.42,0.163,0.72,0.358,1.035,0.673 c0.315,0.315,0.51,0.615,0.673,1.035c0.123,0.317,0.27,0.794,0.31,1.671c0.043,0.949,0.052,1.234,0.052,3.637 s-0.009,2.688-0.052,3.637c-0.04,0.877-0.187,1.354-0.31,1.671c-0.163,0.42-0.358,0.72-0.673,1.035 c-0.315,0.315-0.615,0.51-1.035,0.673c-0.317,0.123-0.794,0.27-1.671,0.31c-0.949,0.043-1.233,0.052-3.637,0.052 s-2.688-0.009-3.637-0.052c-0.877-0.04-1.354-0.187-1.671-0.31c-0.42-0.163-0.72-0.358-1.035-0.673 c-0.315-0.315-0.51-0.615-0.673-1.035c-0.123-0.317-0.27-0.794-0.31-1.671C4.631,14.688,4.622,14.403,4.622,12 s0.009-2.688,0.052-3.637c0.04-0.877,0.187-1.354,0.31-1.671c0.163-0.42,0.358-0.72,0.673-1.035 c0.315-0.315,0.615-0.51,1.035-0.673c0.317-0.123,0.794-0.27,1.671-0.31C9.312,4.631,9.597,4.622,12,4.622 M12,3 C9.556,3,9.249,3.01,8.289,3.054C7.331,3.098,6.677,3.25,6.105,3.472C5.513,3.702,5.011,4.01,4.511,4.511 c-0.5,0.5-0.808,1.002-1.038,1.594C3.25,6.677,3.098,7.331,3.054,8.289C3.01,9.249,3,9.556,3,12c0,2.444,0.01,2.751,0.054,3.711 c0.044,0.958,0.196,1.612,0.418,2.185c0.23,0.592,0.538,1.094,1.038,1.594c0.5,0.5,1.002,0.808,1.594,1.038 c0.572,0.222,1.227,0.375,2.185,0.418C9.249,20.99,9.556,21,12,21s2.751-0.01,3.711-0.054c0.958-0.044,1.612-0.196,2.185-0.418 c0.592-0.23,1.094-0.538,1.594-1.038c0.5-0.5,0.808-1.002,1.038-1.594c0.222-0.572,0.375-1.227,0.418-2.185 C20.99,14.751,21,14.444,21,12s-0.01-2.751-0.054-3.711c-0.044-0.958-0.196-1.612-0.418-2.185c-0.23-0.592-0.538-1.094-1.038-1.594 c-0.5-0.5-1.002-0.808-1.594-1.038c-0.572-0.222-1.227-0.375-2.185-0.418C14.751,3.01,14.444,3,12,3L12,3z M12,7.378 c-2.552,0-4.622,2.069-4.622,4.622S9.448,16.622,12,16.622s4.622-2.069,4.622-4.622S14.552,7.378,12,7.378z M12,15 c-1.657,0-3-1.343-3-3s1.343-3,3-3s3,1.343,3,3S13.657,15,12,15z M16.804,6.116c-0.596,0-1.08,0.484-1.08,1.08 s0.484,1.08,1.08,1.08c0.596,0,1.08-0.484,1.08-1.08S17.401,6.116,16.804,6.116z\"><\/path><\/svg><span class=\"wp-block-social-link-label screen-reader-text\">S\u00edguenos en Instagram<\/span><\/a><\/li>\n\n<li style=\"color: #ffffff; background-color: #018a68; \" class=\"wp-social-link wp-social-link-twitter has-theme-palette3-background-color wp-block-social-link\"><a rel=\"noopener nofollow\" target=\"_blank\" href=\"https:\/\/twitter.com\/timestco\/\" class=\"wp-block-social-link-anchor\"><svg width=\"24\" height=\"24\" viewBox=\"0 0 24 24\" version=\"1.1\" xmlns=\"http:\/\/www.w3.org\/2000\/svg\" aria-hidden=\"true\" focusable=\"false\"><path d=\"M22.23,5.924c-0.736,0.326-1.527,0.547-2.357,0.646c0.847-0.508,1.498-1.312,1.804-2.27 c-0.793,0.47-1.671,0.812-2.606,0.996C18.324,4.498,17.257,4,16.077,4c-2.266,0-4.103,1.837-4.103,4.103 c0,0.322,0.036,0.635,0.106,0.935C8.67,8.867,5.647,7.234,3.623,4.751C3.27,5.357,3.067,6.062,3.067,6.814 c0,1.424,0.724,2.679,1.825,3.415c-0.673-0.021-1.305-0.206-1.859-0.513c0,0.017,0,0.034,0,0.052c0,1.988,1.414,3.647,3.292,4.023 c-0.344,0.094-0.707,0.144-1.081,0.144c-0.264,0-0.521-0.026-0.772-0.074c0.522,1.63,2.038,2.816,3.833,2.85 c-1.404,1.1-3.174,1.756-5.096,1.756c-0.331,0-0.658-0.019-0.979-0.057c1.816,1.164,3.973,1.843,6.29,1.843 c7.547,0,11.675-6.252,11.675-11.675c0-0.178-0.004-0.355-0.012-0.531C20.985,7.47,21.68,6.747,22.23,5.924z\"><\/path><\/svg><span class=\"wp-block-social-link-label screen-reader-text\">S\u00edguenos en twitter<\/span><\/a><\/li><\/ul>\n\n\n\n<p class=\"has-text-align-center has-theme-palette-6-color has-text-color\">S\u00edguenos en nuestras redes sociales<\/p>\n\n\n\n<center>\n<ul class=\"copyright\">\n<li>\u00a9 2026 Timest Colombia. Todos los derechos reservados.<\/li>\n<\/ul>Website dise\u00f1ado por:\n<A HREF=\"https:\/\/catgsolutions.tech\"> CATG solutions<\/A>\n<center>\n","protected":false},"excerpt":{"rendered":"<p>\u00a1Bienvenido A TIMEST COLOMBIA! La empresa l\u00edder en servicios de cronometraje electr\u00f3nico para todo tipo de eventos deportivos en cualquier lugar del pa\u00eds. Nos enorgullece ser parte de innumerables competencias, desde eventos nacientes en su primera edici\u00f3n, hasta grandes carreras con asistencia internacional. \ud83c\udfc5Nuestra avanzada tecnolog\u00eda de cronometraje garantiza resultados precisos y confiables, brindando una&#8230;<\/p>\n","protected":false},"author":1,"featured_media":24960,"parent":0,"menu_order":0,"comment_status":"closed","ping_status":"closed","template":"","meta":{"om_disable_all_campaigns":false,"_monsterinsights_skip_tracking":false,"_monsterinsights_sitenote_active":false,"_monsterinsights_sitenote_note":"","_monsterinsights_sitenote_category":0,"_kadence_starter_templates_imported_post":true,"_kad_post_transparent":"","_kad_post_title":"hide","_kad_post_layout":"fullwidth","_kad_post_sidebar_id":"","_kad_post_content_style":"unboxed","_kad_post_vertical_padding":"hide","_kad_post_feature":"hide","_kad_post_feature_position":"","_kad_post_header":false,"_kad_post_footer":true,"_joinchat":[],"footnotes":""},"class_list":["post-25094","page","type-page","status-publish","has-post-thumbnail","hentry"],"aioseo_notices":[],"_links":{"self":[{"href":"https:\/\/timestco.com\/index.php?rest_route=\/wp\/v2\/pages\/25094"}],"collection":[{"href":"https:\/\/timestco.com\/index.php?rest_route=\/wp\/v2\/pages"}],"about":[{"href":"https:\/\/timestco.com\/index.php?rest_route=\/wp\/v2\/types\/page"}],"author":[{"embeddable":true,"href":"https:\/\/timestco.com\/index.php?rest_route=\/wp\/v2\/users\/1"}],"replies":[{"embeddable":true,"href":"https:\/\/timestco.com\/index.php?rest_route=%2Fwp%2Fv2%2Fcomments&post=25094"}],"version-history":[{"count":242,"href":"https:\/\/timestco.com\/index.php?rest_route=\/wp\/v2\/pages\/25094\/revisions"}],"predecessor-version":[{"id":27158,"href":"https:\/\/timestco.com\/index.php?rest_route=\/wp\/v2\/pages\/25094\/revisions\/27158"}],"wp:featuredmedia":[{"embeddable":true,"href":"https:\/\/timestco.com\/index.php?rest_route=\/wp\/v2\/media\/24960"}],"wp:attachment":[{"href":"https:\/\/timestco.com\/index.php?rest_route=%2Fwp%2Fv2%2Fmedia&parent=25094"}],"curies":[{"name":"wp","href":"https:\/\/api.w.org\/{rel}","templated":true}]}}